{"id":10944,"date":"2025-10-26T12:37:04","date_gmt":"2025-10-26T11:37:04","guid":{"rendered":"https:\/\/urzadzeni.com\/portfolio\/mieszkanie-z-akcentami-kolorystycznymi\/"},"modified":"2025-12-25T15:51:23","modified_gmt":"2025-12-25T14:51:23","slug":"mieszkanie-z-akcentami-kolorystycznymi","status":"publish","type":"portfolio","link":"https:\/\/urzadzeni.com\/en\/projects\/mieszkanie-z-akcentami-kolorystycznymi\/","title":{"rendered":"Apartment with colour accents"},"content":{"rendered":"\n<figure class=\"wp-block-gallery has-nested-images columns-default is-cropped wp-block-gallery-1 is-layout-flex wp-block-gallery-is-layout-flex\">\n<figure class=\"wp-block-image size-large\"><img loading=\"lazy\" decoding=\"async\" width=\"1199\" height=\"800\" data-id=\"9677\" src=\"https:\/\/urzadzeni.com\/wp-content\/uploads\/urzadzeni-realizacje-pankowski_2-1199x800.jpg\" alt=\"\" class=\"wp-image-9677\" srcset=\"https:\/\/urzadzeni.com\/wp-content\/uploads\/urzadzeni-realizacje-pankowski_2-1199x800.jpg 1199w, https:\/\/urzadzeni.com\/wp-content\/uploads\/urzadzeni-realizacje-pankowski_2-400x267.jpg 400w, https:\/\/urzadzeni.com\/wp-content\/uploads\/urzadzeni-realizacje-pankowski_2-768x512.jpg 768w, https:\/\/urzadzeni.com\/wp-content\/uploads\/urzadzeni-realizacje-pankowski_2-1536x1025.jpg 1536w, https:\/\/urzadzeni.com\/wp-content\/uploads\/urzadzeni-realizacje-pankowski_2-430x287.jpg 430w, https:\/\/urzadzeni.com\/wp-content\/uploads\/urzadzeni-realizacje-pankowski_2-700x467.jpg 700w, https:\/\/urzadzeni.com\/wp-content\/uploads\/urzadzeni-realizacje-pankowski_2-180x120.jpg 180w, https:\/\/urzadzeni.com\/wp-content\/uploads\/urzadzeni-realizacje-pankowski_2.jpg 1736w\" sizes=\"auto, (max-width: 1199px) 100vw, 1199px\" \/><\/figure>\n\n\n\n<figure class=\"wp-block-image size-large\"><img loading=\"lazy\" decoding=\"async\" width=\"1199\" height=\"800\" data-id=\"9678\" src=\"https:\/\/urzadzeni.com\/wp-content\/uploads\/urzadzeni-realizacje-pankowski_3-1199x800.jpg\" alt=\"\" class=\"wp-image-9678\" srcset=\"https:\/\/urzadzeni.com\/wp-content\/uploads\/urzadzeni-realizacje-pankowski_3-1199x800.jpg 1199w, https:\/\/urzadzeni.com\/wp-content\/uploads\/urzadzeni-realizacje-pankowski_3-400x267.jpg 400w, https:\/\/urzadzeni.com\/wp-content\/uploads\/urzadzeni-realizacje-pankowski_3-768x512.jpg 768w, https:\/\/urzadzeni.com\/wp-content\/uploads\/urzadzeni-realizacje-pankowski_3-1536x1025.jpg 1536w, https:\/\/urzadzeni.com\/wp-content\/uploads\/urzadzeni-realizacje-pankowski_3-430x287.jpg 430w, https:\/\/urzadzeni.com\/wp-content\/uploads\/urzadzeni-realizacje-pankowski_3-700x467.jpg 700w, https:\/\/urzadzeni.com\/wp-content\/uploads\/urzadzeni-realizacje-pankowski_3-180x120.jpg 180w, https:\/\/urzadzeni.com\/wp-content\/uploads\/urzadzeni-realizacje-pankowski_3.jpg 1736w\" sizes=\"auto, (max-width: 1199px) 100vw, 1199px\" \/><\/figure>\n\n\n\n<figure class=\"wp-block-image size-large\"><img loading=\"lazy\" decoding=\"async\" width=\"1199\" height=\"800\" data-id=\"9681\" src=\"https:\/\/urzadzeni.com\/wp-content\/uploads\/urzadzeni-realizacje-pankowski_6-1199x800.jpg\" alt=\"\" class=\"wp-image-9681\" srcset=\"https:\/\/urzadzeni.com\/wp-content\/uploads\/urzadzeni-realizacje-pankowski_6-1199x800.jpg 1199w, https:\/\/urzadzeni.com\/wp-content\/uploads\/urzadzeni-realizacje-pankowski_6-400x267.jpg 400w, https:\/\/urzadzeni.com\/wp-content\/uploads\/urzadzeni-realizacje-pankowski_6-768x512.jpg 768w, https:\/\/urzadzeni.com\/wp-content\/uploads\/urzadzeni-realizacje-pankowski_6-1536x1025.jpg 1536w, https:\/\/urzadzeni.com\/wp-content\/uploads\/urzadzeni-realizacje-pankowski_6-430x287.jpg 430w, https:\/\/urzadzeni.com\/wp-content\/uploads\/urzadzeni-realizacje-pankowski_6-700x467.jpg 700w, https:\/\/urzadzeni.com\/wp-content\/uploads\/urzadzeni-realizacje-pankowski_6-180x120.jpg 180w, https:\/\/urzadzeni.com\/wp-content\/uploads\/urzadzeni-realizacje-pankowski_6.jpg 1736w\" sizes=\"auto, (max-width: 1199px) 100vw, 1199px\" \/><\/figure>\n\n\n\n<figure class=\"wp-block-image size-large\"><img loading=\"lazy\" decoding=\"async\" width=\"1199\" height=\"800\" data-id=\"9679\" src=\"https:\/\/urzadzeni.com\/wp-content\/uploads\/urzadzeni-realizacje-pankowski_4-1199x800.jpg\" alt=\"\" class=\"wp-image-9679\" srcset=\"https:\/\/urzadzeni.com\/wp-content\/uploads\/urzadzeni-realizacje-pankowski_4-1199x800.jpg 1199w, https:\/\/urzadzeni.com\/wp-content\/uploads\/urzadzeni-realizacje-pankowski_4-400x267.jpg 400w, https:\/\/urzadzeni.com\/wp-content\/uploads\/urzadzeni-realizacje-pankowski_4-768x512.jpg 768w, https:\/\/urzadzeni.com\/wp-content\/uploads\/urzadzeni-realizacje-pankowski_4-1536x1025.jpg 1536w, https:\/\/urzadzeni.com\/wp-content\/uploads\/urzadzeni-realizacje-pankowski_4-430x287.jpg 430w, https:\/\/urzadzeni.com\/wp-content\/uploads\/urzadzeni-realizacje-pankowski_4-700x467.jpg 700w, https:\/\/urzadzeni.com\/wp-content\/uploads\/urzadzeni-realizacje-pankowski_4-180x120.jpg 180w, https:\/\/urzadzeni.com\/wp-content\/uploads\/urzadzeni-realizacje-pankowski_4.jpg 1736w\" sizes=\"auto, (max-width: 1199px) 100vw, 1199px\" \/><\/figure>\n\n\n\n<figure class=\"wp-block-image size-large\"><img loading=\"lazy\" decoding=\"async\" width=\"1199\" height=\"800\" data-id=\"9680\" src=\"https:\/\/urzadzeni.com\/wp-content\/uploads\/urzadzeni-realizacje-pankowski_5-1199x800.jpg\" alt=\"\" class=\"wp-image-9680\" srcset=\"https:\/\/urzadzeni.com\/wp-content\/uploads\/urzadzeni-realizacje-pankowski_5-1199x800.jpg 1199w, https:\/\/urzadzeni.com\/wp-content\/uploads\/urzadzeni-realizacje-pankowski_5-400x267.jpg 400w, https:\/\/urzadzeni.com\/wp-content\/uploads\/urzadzeni-realizacje-pankowski_5-768x512.jpg 768w, https:\/\/urzadzeni.com\/wp-content\/uploads\/urzadzeni-realizacje-pankowski_5-1536x1025.jpg 1536w, https:\/\/urzadzeni.com\/wp-content\/uploads\/urzadzeni-realizacje-pankowski_5-430x287.jpg 430w, https:\/\/urzadzeni.com\/wp-content\/uploads\/urzadzeni-realizacje-pankowski_5-700x467.jpg 700w, https:\/\/urzadzeni.com\/wp-content\/uploads\/urzadzeni-realizacje-pankowski_5-180x120.jpg 180w, https:\/\/urzadzeni.com\/wp-content\/uploads\/urzadzeni-realizacje-pankowski_5.jpg 1736w\" sizes=\"auto, (max-width: 1199px) 100vw, 1199px\" \/><\/figure>\n\n\n\n<figure class=\"wp-block-image size-large\"><img loading=\"lazy\" decoding=\"async\" width=\"1199\" height=\"800\" data-id=\"9682\" src=\"https:\/\/urzadzeni.com\/wp-content\/uploads\/urzadzeni-realizacje-pankowski_7-1199x800.jpg\" alt=\"\" class=\"wp-image-9682\" srcset=\"https:\/\/urzadzeni.com\/wp-content\/uploads\/urzadzeni-realizacje-pankowski_7-1199x800.jpg 1199w, https:\/\/urzadzeni.com\/wp-content\/uploads\/urzadzeni-realizacje-pankowski_7-400x267.jpg 400w, https:\/\/urzadzeni.com\/wp-content\/uploads\/urzadzeni-realizacje-pankowski_7-768x512.jpg 768w, https:\/\/urzadzeni.com\/wp-content\/uploads\/urzadzeni-realizacje-pankowski_7-1536x1025.jpg 1536w, https:\/\/urzadzeni.com\/wp-content\/uploads\/urzadzeni-realizacje-pankowski_7-430x287.jpg 430w, https:\/\/urzadzeni.com\/wp-content\/uploads\/urzadzeni-realizacje-pankowski_7-700x467.jpg 700w, https:\/\/urzadzeni.com\/wp-content\/uploads\/urzadzeni-realizacje-pankowski_7-180x120.jpg 180w, https:\/\/urzadzeni.com\/wp-content\/uploads\/urzadzeni-realizacje-pankowski_7.jpg 1736w\" sizes=\"auto, (max-width: 1199px) 100vw, 1199px\" \/><\/figure>\n\n\n\n<figure class=\"wp-block-image size-large\"><img loading=\"lazy\" decoding=\"async\" width=\"1199\" height=\"800\" data-id=\"9683\" src=\"https:\/\/urzadzeni.com\/wp-content\/uploads\/urzadzeni-realizacje-pankowski_8-1199x800.jpg\" alt=\"\" class=\"wp-image-9683\" srcset=\"https:\/\/urzadzeni.com\/wp-content\/uploads\/urzadzeni-realizacje-pankowski_8-1199x800.jpg 1199w, https:\/\/urzadzeni.com\/wp-content\/uploads\/urzadzeni-realizacje-pankowski_8-400x267.jpg 400w, https:\/\/urzadzeni.com\/wp-content\/uploads\/urzadzeni-realizacje-pankowski_8-768x512.jpg 768w, https:\/\/urzadzeni.com\/wp-content\/uploads\/urzadzeni-realizacje-pankowski_8-1536x1025.jpg 1536w, https:\/\/urzadzeni.com\/wp-content\/uploads\/urzadzeni-realizacje-pankowski_8-430x287.jpg 430w, https:\/\/urzadzeni.com\/wp-content\/uploads\/urzadzeni-realizacje-pankowski_8-700x467.jpg 700w, https:\/\/urzadzeni.com\/wp-content\/uploads\/urzadzeni-realizacje-pankowski_8-180x120.jpg 180w, https:\/\/urzadzeni.com\/wp-content\/uploads\/urzadzeni-realizacje-pankowski_8.jpg 1736w\" sizes=\"auto, (max-width: 1199px) 100vw, 1199px\" \/><\/figure>\n\n\n\n<figure class=\"wp-block-image size-large\"><img loading=\"lazy\" decoding=\"async\" width=\"534\" height=\"800\" data-id=\"9676\" src=\"https:\/\/urzadzeni.com\/wp-content\/uploads\/urzadzeni-realizacje-pankowski_1-534x800.jpg\" alt=\"\" class=\"wp-image-9676\" srcset=\"https:\/\/urzadzeni.com\/wp-content\/uploads\/urzadzeni-realizacje-pankowski_1-534x800.jpg 534w, https:\/\/urzadzeni.com\/wp-content\/uploads\/urzadzeni-realizacje-pankowski_1-200x300.jpg 200w, https:\/\/urzadzeni.com\/wp-content\/uploads\/urzadzeni-realizacje-pankowski_1-768x1151.jpg 768w, https:\/\/urzadzeni.com\/wp-content\/uploads\/urzadzeni-realizacje-pankowski_1-1025x1536.jpg 1025w, https:\/\/urzadzeni.com\/wp-content\/uploads\/urzadzeni-realizacje-pankowski_1-430x645.jpg 430w, https:\/\/urzadzeni.com\/wp-content\/uploads\/urzadzeni-realizacje-pankowski_1-700x1049.jpg 700w, https:\/\/urzadzeni.com\/wp-content\/uploads\/urzadzeni-realizacje-pankowski_1-180x270.jpg 180w, https:\/\/urzadzeni.com\/wp-content\/uploads\/urzadzeni-realizacje-pankowski_1.jpg 1158w\" sizes=\"auto, (max-width: 534px) 100vw, 534px\" \/><\/figure>\n\n\n\n<figure class=\"wp-block-image size-large\"><img loading=\"lazy\" decoding=\"async\" width=\"534\" height=\"800\" data-id=\"9685\" src=\"https:\/\/urzadzeni.com\/wp-content\/uploads\/urzadzeni-realizacje-pankowski_10-534x800.jpg\" alt=\"\" class=\"wp-image-9685\" srcset=\"https:\/\/urzadzeni.com\/wp-content\/uploads\/urzadzeni-realizacje-pankowski_10-534x800.jpg 534w, https:\/\/urzadzeni.com\/wp-content\/uploads\/urzadzeni-realizacje-pankowski_10-200x300.jpg 200w, https:\/\/urzadzeni.com\/wp-content\/uploads\/urzadzeni-realizacje-pankowski_10-768x1151.jpg 768w, https:\/\/urzadzeni.com\/wp-content\/uploads\/urzadzeni-realizacje-pankowski_10-1025x1536.jpg 1025w, https:\/\/urzadzeni.com\/wp-content\/uploads\/urzadzeni-realizacje-pankowski_10-430x645.jpg 430w, https:\/\/urzadzeni.com\/wp-content\/uploads\/urzadzeni-realizacje-pankowski_10-700x1049.jpg 700w, https:\/\/urzadzeni.com\/wp-content\/uploads\/urzadzeni-realizacje-pankowski_10-180x270.jpg 180w, https:\/\/urzadzeni.com\/wp-content\/uploads\/urzadzeni-realizacje-pankowski_10.jpg 1158w\" sizes=\"auto, (max-width: 534px) 100vw, 534px\" \/><\/figure>\n\n\n\n<figure class=\"wp-block-image size-large\"><img loading=\"lazy\" decoding=\"async\" width=\"534\" height=\"800\" data-id=\"9684\" src=\"https:\/\/urzadzeni.com\/wp-content\/uploads\/urzadzeni-realizacje-pankowski_9-534x800.jpg\" alt=\"\" class=\"wp-image-9684\" srcset=\"https:\/\/urzadzeni.com\/wp-content\/uploads\/urzadzeni-realizacje-pankowski_9-534x800.jpg 534w, https:\/\/urzadzeni.com\/wp-content\/uploads\/urzadzeni-realizacje-pankowski_9-200x300.jpg 200w, https:\/\/urzadzeni.com\/wp-content\/uploads\/urzadzeni-realizacje-pankowski_9-768x1151.jpg 768w, https:\/\/urzadzeni.com\/wp-content\/uploads\/urzadzeni-realizacje-pankowski_9-1025x1536.jpg 1025w, https:\/\/urzadzeni.com\/wp-content\/uploads\/urzadzeni-realizacje-pankowski_9-430x645.jpg 430w, https:\/\/urzadzeni.com\/wp-content\/uploads\/urzadzeni-realizacje-pankowski_9-700x1049.jpg 700w, https:\/\/urzadzeni.com\/wp-content\/uploads\/urzadzeni-realizacje-pankowski_9-180x270.jpg 180w, https:\/\/urzadzeni.com\/wp-content\/uploads\/urzadzeni-realizacje-pankowski_9.jpg 1158w\" sizes=\"auto, (max-width: 534px) 100vw, 534px\" \/><\/figure>\n\n\n\n<figure class=\"wp-block-image size-large\"><img loading=\"lazy\" decoding=\"async\" width=\"1199\" height=\"800\" data-id=\"9686\" src=\"https:\/\/urzadzeni.com\/wp-content\/uploads\/urzadzeni-realizacje-pankowski_11-1199x800.jpg\" alt=\"\" class=\"wp-image-9686\" srcset=\"https:\/\/urzadzeni.com\/wp-content\/uploads\/urzadzeni-realizacje-pankowski_11-1199x800.jpg 1199w, https:\/\/urzadzeni.com\/wp-content\/uploads\/urzadzeni-realizacje-pankowski_11-400x267.jpg 400w, https:\/\/urzadzeni.com\/wp-content\/uploads\/urzadzeni-realizacje-pankowski_11-768x512.jpg 768w, https:\/\/urzadzeni.com\/wp-content\/uploads\/urzadzeni-realizacje-pankowski_11-1536x1025.jpg 1536w, https:\/\/urzadzeni.com\/wp-content\/uploads\/urzadzeni-realizacje-pankowski_11-430x287.jpg 430w, https:\/\/urzadzeni.com\/wp-content\/uploads\/urzadzeni-realizacje-pankowski_11-700x467.jpg 700w, https:\/\/urzadzeni.com\/wp-content\/uploads\/urzadzeni-realizacje-pankowski_11-180x120.jpg 180w, https:\/\/urzadzeni.com\/wp-content\/uploads\/urzadzeni-realizacje-pankowski_11.jpg 1736w\" sizes=\"auto, (max-width: 1199px) 100vw, 1199px\" \/><\/figure>\n\n\n\n<figure class=\"wp-block-image size-large\"><img loading=\"lazy\" decoding=\"async\" width=\"1199\" height=\"800\" data-id=\"9687\" src=\"https:\/\/urzadzeni.com\/wp-content\/uploads\/urzadzeni-realizacje-pankowski_12-1199x800.jpg\" alt=\"\" class=\"wp-image-9687\" srcset=\"https:\/\/urzadzeni.com\/wp-content\/uploads\/urzadzeni-realizacje-pankowski_12-1199x800.jpg 1199w, https:\/\/urzadzeni.com\/wp-content\/uploads\/urzadzeni-realizacje-pankowski_12-400x267.jpg 400w, https:\/\/urzadzeni.com\/wp-content\/uploads\/urzadzeni-realizacje-pankowski_12-768x512.jpg 768w, https:\/\/urzadzeni.com\/wp-content\/uploads\/urzadzeni-realizacje-pankowski_12-1536x1025.jpg 1536w, https:\/\/urzadzeni.com\/wp-content\/uploads\/urzadzeni-realizacje-pankowski_12-430x287.jpg 430w, https:\/\/urzadzeni.com\/wp-content\/uploads\/urzadzeni-realizacje-pankowski_12-700x467.jpg 700w, https:\/\/urzadzeni.com\/wp-content\/uploads\/urzadzeni-realizacje-pankowski_12-180x120.jpg 180w, https:\/\/urzadzeni.com\/wp-content\/uploads\/urzadzeni-realizacje-pankowski_12.jpg 1736w\" sizes=\"auto, (max-width: 1199px) 100vw, 1199px\" \/><\/figure>\n\n\n\n<figure class=\"wp-block-image size-large\"><img loading=\"lazy\" decoding=\"async\" width=\"534\" height=\"800\" data-id=\"9688\" src=\"https:\/\/urzadzeni.com\/wp-content\/uploads\/urzadzeni-realizacje-pankowski_13-534x800.jpg\" alt=\"\" class=\"wp-image-9688\" srcset=\"https:\/\/urzadzeni.com\/wp-content\/uploads\/urzadzeni-realizacje-pankowski_13-534x800.jpg 534w, https:\/\/urzadzeni.com\/wp-content\/uploads\/urzadzeni-realizacje-pankowski_13-200x300.jpg 200w, https:\/\/urzadzeni.com\/wp-content\/uploads\/urzadzeni-realizacje-pankowski_13-768x1151.jpg 768w, https:\/\/urzadzeni.com\/wp-content\/uploads\/urzadzeni-realizacje-pankowski_13-1025x1536.jpg 1025w, https:\/\/urzadzeni.com\/wp-content\/uploads\/urzadzeni-realizacje-pankowski_13-430x645.jpg 430w, https:\/\/urzadzeni.com\/wp-content\/uploads\/urzadzeni-realizacje-pankowski_13-700x1049.jpg 700w, https:\/\/urzadzeni.com\/wp-content\/uploads\/urzadzeni-realizacje-pankowski_13-180x270.jpg 180w, https:\/\/urzadzeni.com\/wp-content\/uploads\/urzadzeni-realizacje-pankowski_13.jpg 1158w\" sizes=\"auto, (max-width: 534px) 100vw, 534px\" \/><\/figure>\n\n\n\n<figure class=\"wp-block-image size-large\"><img loading=\"lazy\" decoding=\"async\" width=\"534\" height=\"800\" data-id=\"9689\" src=\"https:\/\/urzadzeni.com\/wp-content\/uploads\/urzadzeni-realizacje-pankowski_14-534x800.jpg\" alt=\"\" class=\"wp-image-9689\" srcset=\"https:\/\/urzadzeni.com\/wp-content\/uploads\/urzadzeni-realizacje-pankowski_14-534x800.jpg 534w, https:\/\/urzadzeni.com\/wp-content\/uploads\/urzadzeni-realizacje-pankowski_14-200x300.jpg 200w, https:\/\/urzadzeni.com\/wp-content\/uploads\/urzadzeni-realizacje-pankowski_14-768x1151.jpg 768w, https:\/\/urzadzeni.com\/wp-content\/uploads\/urzadzeni-realizacje-pankowski_14-1025x1536.jpg 1025w, https:\/\/urzadzeni.com\/wp-content\/uploads\/urzadzeni-realizacje-pankowski_14-430x645.jpg 430w, https:\/\/urzadzeni.com\/wp-content\/uploads\/urzadzeni-realizacje-pankowski_14-700x1049.jpg 700w, https:\/\/urzadzeni.com\/wp-content\/uploads\/urzadzeni-realizacje-pankowski_14-180x270.jpg 180w, https:\/\/urzadzeni.com\/wp-content\/uploads\/urzadzeni-realizacje-pankowski_14.jpg 1158w\" sizes=\"auto, (max-width: 534px) 100vw, 534px\" \/><\/figure>\n<\/figure>\n\n\n\n<p><\/p>\n","protected":false},"excerpt":{"rendered":"","protected":false},"featured_media":10946,"menu_order":0,"comment_status":"closed","ping_status":"closed","template":"","project-cat":[49],"class_list":["post-10944","portfolio","type-portfolio","status-publish","has-post-thumbnail","hentry","project-cat-houses-flats"],"yoast_head":"<!-- This site is optimized with the Yoast SEO plugin v26.6 - https:\/\/yoast.com\/wordpress\/plugins\/seo\/ -->\n<title>Apartment with colour accents - Wyko\u0144czenie Dom\u00f3w i Ka\u017cdego Wn\u0119trza w Poznaniu | Urz\u0105dzeni<\/title>\n<meta name=\"description\" content=\"A modern interior with bold colours \u2013 a project completed in Pozna\u0144. See how we add energy to spaces.\" \/>\n<meta name=\"robots\" content=\"index, follow, max-snippet:-1, max-image-preview:large, max-video-preview:-1\" \/>\n<link rel=\"canonical\" href=\"https:\/\/urzadzeni.com\/projects\/mieszkanie-z-akcentami-kolorystycznymi\/\" \/>\n<meta property=\"og:locale\" content=\"en_US\" \/>\n<meta property=\"og:type\" content=\"article\" \/>\n<meta property=\"og:title\" content=\"Apartment with colour accents - Wyko\u0144czenie Dom\u00f3w i Ka\u017cdego Wn\u0119trza w Poznaniu | Urz\u0105dzeni\" \/>\n<meta property=\"og:description\" content=\"A modern interior with bold colours \u2013 a project completed in Pozna\u0144. See how we add energy to spaces.\" \/>\n<meta property=\"og:url\" content=\"https:\/\/urzadzeni.com\/projects\/mieszkanie-z-akcentami-kolorystycznymi\/\" \/>\n<meta property=\"og:site_name\" content=\"Wyko\u0144czenie Dom\u00f3w i Ka\u017cdego Wn\u0119trza w Poznaniu | Urz\u0105dzeni\" \/>\n<meta property=\"article:modified_time\" content=\"2025-12-25T14:51:23+00:00\" \/>\n<meta property=\"og:image\" content=\"https:\/\/urzadzeni.com\/wp-content\/uploads\/urzadzeni-realizacje-domy-mieszkania-pankowski-thumbnail.jpg\" \/>\n\t<meta property=\"og:image:width\" content=\"1209\" \/>\n\t<meta property=\"og:image:height\" content=\"886\" \/>\n\t<meta property=\"og:image:type\" content=\"image\/jpeg\" \/>\n<meta name=\"twitter:card\" content=\"summary_large_image\" \/>\n<script type=\"application\/ld+json\" class=\"yoast-schema-graph\">{\"@context\":\"https:\/\/schema.org\",\"@graph\":[{\"@type\":\"WebPage\",\"@id\":\"https:\/\/urzadzeni.com\/projects\/mieszkanie-z-akcentami-kolorystycznymi\/\",\"url\":\"https:\/\/urzadzeni.com\/projects\/mieszkanie-z-akcentami-kolorystycznymi\/\",\"name\":\"Apartment with colour accents - Wyko\u0144czenie Dom\u00f3w i Ka\u017cdego Wn\u0119trza w Poznaniu | Urz\u0105dzeni\",\"isPartOf\":{\"@id\":\"https:\/\/urzadzeni.com\/#website\"},\"primaryImageOfPage\":{\"@id\":\"https:\/\/urzadzeni.com\/projects\/mieszkanie-z-akcentami-kolorystycznymi\/#primaryimage\"},\"image\":{\"@id\":\"https:\/\/urzadzeni.com\/projects\/mieszkanie-z-akcentami-kolorystycznymi\/#primaryimage\"},\"thumbnailUrl\":\"https:\/\/urzadzeni.com\/wp-content\/uploads\/urzadzeni-realizacje-domy-mieszkania-pankowski-thumbnail.jpg\",\"datePublished\":\"2025-10-26T11:37:04+00:00\",\"dateModified\":\"2025-12-25T14:51:23+00:00\",\"description\":\"A modern interior with bold colours \u2013 a project completed in Pozna\u0144. See how we add energy to spaces.\",\"breadcrumb\":{\"@id\":\"https:\/\/urzadzeni.com\/projects\/mieszkanie-z-akcentami-kolorystycznymi\/#breadcrumb\"},\"inLanguage\":\"en-US\",\"potentialAction\":[{\"@type\":\"ReadAction\",\"target\":[\"https:\/\/urzadzeni.com\/projects\/mieszkanie-z-akcentami-kolorystycznymi\/\"]}]},{\"@type\":\"ImageObject\",\"inLanguage\":\"en-US\",\"@id\":\"https:\/\/urzadzeni.com\/projects\/mieszkanie-z-akcentami-kolorystycznymi\/#primaryimage\",\"url\":\"https:\/\/urzadzeni.com\/wp-content\/uploads\/urzadzeni-realizacje-domy-mieszkania-pankowski-thumbnail.jpg\",\"contentUrl\":\"https:\/\/urzadzeni.com\/wp-content\/uploads\/urzadzeni-realizacje-domy-mieszkania-pankowski-thumbnail.jpg\",\"width\":1209,\"height\":886},{\"@type\":\"BreadcrumbList\",\"@id\":\"https:\/\/urzadzeni.com\/projects\/mieszkanie-z-akcentami-kolorystycznymi\/#breadcrumb\",\"itemListElement\":[{\"@type\":\"ListItem\",\"position\":1,\"name\":\"Strona g\u0142\u00f3wna\",\"item\":\"https:\/\/urzadzeni.com\/\"},{\"@type\":\"ListItem\",\"position\":2,\"name\":\"Portfolio\",\"item\":\"https:\/\/urzadzeni.com\/realizacje-was\/\"},{\"@type\":\"ListItem\",\"position\":3,\"name\":\"Apartment with colour accents\"}]},{\"@type\":\"WebSite\",\"@id\":\"https:\/\/urzadzeni.com\/#website\",\"url\":\"https:\/\/urzadzeni.com\/\",\"name\":\"Wyko\u0144czenie Dom\u00f3w i Ka\u017cdego Wn\u0119trza w Poznaniu | Urz\u0105dzeni\",\"description\":\"Urz\u0105dzeni\",\"potentialAction\":[{\"@type\":\"SearchAction\",\"target\":{\"@type\":\"EntryPoint\",\"urlTemplate\":\"https:\/\/urzadzeni.com\/?s={search_term_string}\"},\"query-input\":{\"@type\":\"PropertyValueSpecification\",\"valueRequired\":true,\"valueName\":\"search_term_string\"}}],\"inLanguage\":\"en-US\"}]}<\/script>\n<!-- \/ Yoast SEO plugin. -->","yoast_head_json":{"title":"Apartment with colour accents - Wyko\u0144czenie Dom\u00f3w i Ka\u017cdego Wn\u0119trza w Poznaniu | Urz\u0105dzeni","description":"A modern interior with bold colours \u2013 a project completed in Pozna\u0144. See how we add energy to spaces.","robots":{"index":"index","follow":"follow","max-snippet":"max-snippet:-1","max-image-preview":"max-image-preview:large","max-video-preview":"max-video-preview:-1"},"canonical":"https:\/\/urzadzeni.com\/projects\/mieszkanie-z-akcentami-kolorystycznymi\/","og_locale":"en_US","og_type":"article","og_title":"Apartment with colour accents - Wyko\u0144czenie Dom\u00f3w i Ka\u017cdego Wn\u0119trza w Poznaniu | Urz\u0105dzeni","og_description":"A modern interior with bold colours \u2013 a project completed in Pozna\u0144. See how we add energy to spaces.","og_url":"https:\/\/urzadzeni.com\/projects\/mieszkanie-z-akcentami-kolorystycznymi\/","og_site_name":"Wyko\u0144czenie Dom\u00f3w i Ka\u017cdego Wn\u0119trza w Poznaniu | Urz\u0105dzeni","article_modified_time":"2025-12-25T14:51:23+00:00","og_image":[{"width":1209,"height":886,"url":"https:\/\/urzadzeni.com\/wp-content\/uploads\/urzadzeni-realizacje-domy-mieszkania-pankowski-thumbnail.jpg","type":"image\/jpeg"}],"twitter_card":"summary_large_image","schema":{"@context":"https:\/\/schema.org","@graph":[{"@type":"WebPage","@id":"https:\/\/urzadzeni.com\/projects\/mieszkanie-z-akcentami-kolorystycznymi\/","url":"https:\/\/urzadzeni.com\/projects\/mieszkanie-z-akcentami-kolorystycznymi\/","name":"Apartment with colour accents - Wyko\u0144czenie Dom\u00f3w i Ka\u017cdego Wn\u0119trza w Poznaniu | Urz\u0105dzeni","isPartOf":{"@id":"https:\/\/urzadzeni.com\/#website"},"primaryImageOfPage":{"@id":"https:\/\/urzadzeni.com\/projects\/mieszkanie-z-akcentami-kolorystycznymi\/#primaryimage"},"image":{"@id":"https:\/\/urzadzeni.com\/projects\/mieszkanie-z-akcentami-kolorystycznymi\/#primaryimage"},"thumbnailUrl":"https:\/\/urzadzeni.com\/wp-content\/uploads\/urzadzeni-realizacje-domy-mieszkania-pankowski-thumbnail.jpg","datePublished":"2025-10-26T11:37:04+00:00","dateModified":"2025-12-25T14:51:23+00:00","description":"A modern interior with bold colours \u2013 a project completed in Pozna\u0144. See how we add energy to spaces.","breadcrumb":{"@id":"https:\/\/urzadzeni.com\/projects\/mieszkanie-z-akcentami-kolorystycznymi\/#breadcrumb"},"inLanguage":"en-US","potentialAction":[{"@type":"ReadAction","target":["https:\/\/urzadzeni.com\/projects\/mieszkanie-z-akcentami-kolorystycznymi\/"]}]},{"@type":"ImageObject","inLanguage":"en-US","@id":"https:\/\/urzadzeni.com\/projects\/mieszkanie-z-akcentami-kolorystycznymi\/#primaryimage","url":"https:\/\/urzadzeni.com\/wp-content\/uploads\/urzadzeni-realizacje-domy-mieszkania-pankowski-thumbnail.jpg","contentUrl":"https:\/\/urzadzeni.com\/wp-content\/uploads\/urzadzeni-realizacje-domy-mieszkania-pankowski-thumbnail.jpg","width":1209,"height":886},{"@type":"BreadcrumbList","@id":"https:\/\/urzadzeni.com\/projects\/mieszkanie-z-akcentami-kolorystycznymi\/#breadcrumb","itemListElement":[{"@type":"ListItem","position":1,"name":"Strona g\u0142\u00f3wna","item":"https:\/\/urzadzeni.com\/"},{"@type":"ListItem","position":2,"name":"Portfolio","item":"https:\/\/urzadzeni.com\/realizacje-was\/"},{"@type":"ListItem","position":3,"name":"Apartment with colour accents"}]},{"@type":"WebSite","@id":"https:\/\/urzadzeni.com\/#website","url":"https:\/\/urzadzeni.com\/","name":"Wyko\u0144czenie Dom\u00f3w i Ka\u017cdego Wn\u0119trza w Poznaniu | Urz\u0105dzeni","description":"Urz\u0105dzeni","potentialAction":[{"@type":"SearchAction","target":{"@type":"EntryPoint","urlTemplate":"https:\/\/urzadzeni.com\/?s={search_term_string}"},"query-input":{"@type":"PropertyValueSpecification","valueRequired":true,"valueName":"search_term_string"}}],"inLanguage":"en-US"}]}},"_links":{"self":[{"href":"https:\/\/urzadzeni.com\/en\/wp-json\/wp\/v2\/portfolio\/10944","targetHints":{"allow":["GET"]}}],"collection":[{"href":"https:\/\/urzadzeni.com\/en\/wp-json\/wp\/v2\/portfolio"}],"about":[{"href":"https:\/\/urzadzeni.com\/en\/wp-json\/wp\/v2\/types\/portfolio"}],"replies":[{"embeddable":true,"href":"https:\/\/urzadzeni.com\/en\/wp-json\/wp\/v2\/comments?post=10944"}],"version-history":[{"count":1,"href":"https:\/\/urzadzeni.com\/en\/wp-json\/wp\/v2\/portfolio\/10944\/revisions"}],"predecessor-version":[{"id":10960,"href":"https:\/\/urzadzeni.com\/en\/wp-json\/wp\/v2\/portfolio\/10944\/revisions\/10960"}],"wp:featuredmedia":[{"embeddable":true,"href":"https:\/\/urzadzeni.com\/en\/wp-json\/wp\/v2\/media\/10946"}],"wp:attachment":[{"href":"https:\/\/urzadzeni.com\/en\/wp-json\/wp\/v2\/media?parent=10944"}],"wp:term":[{"taxonomy":"project-cat","embeddable":true,"href":"https:\/\/urzadzeni.com\/en\/wp-json\/wp\/v2\/project-cat?post=10944"}],"curies":[{"name":"wp","href":"https:\/\/api.w.org\/{rel}","templated":true}]}}