{"id":10904,"date":"2025-10-26T12:45:23","date_gmt":"2025-10-26T11:45:23","guid":{"rendered":"https:\/\/urzadzeni.com\/portfolio\/wnetrze-premium-harmonia-kontrastow\/"},"modified":"2025-12-25T15:47:30","modified_gmt":"2025-12-25T14:47:30","slug":"wnetrze-premium-harmonia-kontrastow","status":"publish","type":"portfolio","link":"https:\/\/urzadzeni.com\/en\/projects\/wnetrze-premium-harmonia-kontrastow\/","title":{"rendered":"Premium interior \u2013 harmony of contrasts"},"content":{"rendered":"\n<figure class=\"wp-block-gallery has-nested-images columns-default is-cropped wp-block-gallery-1 is-layout-flex wp-block-gallery-is-layout-flex\">\n<figure class=\"wp-block-image size-large\"><img loading=\"lazy\" decoding=\"async\" width=\"1263\" height=\"800\" data-id=\"9723\" src=\"https:\/\/urzadzeni.com\/wp-content\/uploads\/urzadzeni-realizacje-jankowski_przemyslaw_4-1263x800.jpg\" alt=\"\" class=\"wp-image-9723\" srcset=\"https:\/\/urzadzeni.com\/wp-content\/uploads\/urzadzeni-realizacje-jankowski_przemyslaw_4-1263x800.jpg 1263w, https:\/\/urzadzeni.com\/wp-content\/uploads\/urzadzeni-realizacje-jankowski_przemyslaw_4-400x253.jpg 400w, https:\/\/urzadzeni.com\/wp-content\/uploads\/urzadzeni-realizacje-jankowski_przemyslaw_4-768x486.jpg 768w, https:\/\/urzadzeni.com\/wp-content\/uploads\/urzadzeni-realizacje-jankowski_przemyslaw_4-430x272.jpg 430w, https:\/\/urzadzeni.com\/wp-content\/uploads\/urzadzeni-realizacje-jankowski_przemyslaw_4-700x443.jpg 700w, https:\/\/urzadzeni.com\/wp-content\/uploads\/urzadzeni-realizacje-jankowski_przemyslaw_4-180x114.jpg 180w, https:\/\/urzadzeni.com\/wp-content\/uploads\/urzadzeni-realizacje-jankowski_przemyslaw_4.jpg 1410w\" sizes=\"auto, (max-width: 1263px) 100vw, 1263px\" \/><\/figure>\n\n\n\n<figure class=\"wp-block-image size-large\"><img loading=\"lazy\" decoding=\"async\" width=\"538\" height=\"800\" data-id=\"9724\" src=\"https:\/\/urzadzeni.com\/wp-content\/uploads\/urzadzeni-realizacje-jankowski_przemyslaw_5-538x800.jpg\" alt=\"\" class=\"wp-image-9724\" srcset=\"https:\/\/urzadzeni.com\/wp-content\/uploads\/urzadzeni-realizacje-jankowski_przemyslaw_5-538x800.jpg 538w, https:\/\/urzadzeni.com\/wp-content\/uploads\/urzadzeni-realizacje-jankowski_przemyslaw_5-202x300.jpg 202w, https:\/\/urzadzeni.com\/wp-content\/uploads\/urzadzeni-realizacje-jankowski_przemyslaw_5-768x1141.jpg 768w, https:\/\/urzadzeni.com\/wp-content\/uploads\/urzadzeni-realizacje-jankowski_przemyslaw_5-430x639.jpg 430w, https:\/\/urzadzeni.com\/wp-content\/uploads\/urzadzeni-realizacje-jankowski_przemyslaw_5-700x1040.jpg 700w, https:\/\/urzadzeni.com\/wp-content\/uploads\/urzadzeni-realizacje-jankowski_przemyslaw_5-180x267.jpg 180w, https:\/\/urzadzeni.com\/wp-content\/uploads\/urzadzeni-realizacje-jankowski_przemyslaw_5.jpg 949w\" sizes=\"auto, (max-width: 538px) 100vw, 538px\" \/><\/figure>\n\n\n\n<figure class=\"wp-block-image size-large\"><img loading=\"lazy\" decoding=\"async\" width=\"533\" height=\"800\" data-id=\"9720\" src=\"https:\/\/urzadzeni.com\/wp-content\/uploads\/urzadzeni-realizacje-jankowski_przemyslaw_1-533x800.jpg\" alt=\"\" class=\"wp-image-9720\" srcset=\"https:\/\/urzadzeni.com\/wp-content\/uploads\/urzadzeni-realizacje-jankowski_przemyslaw_1-533x800.jpg 533w, https:\/\/urzadzeni.com\/wp-content\/uploads\/urzadzeni-realizacje-jankowski_przemyslaw_1-200x300.jpg 200w, https:\/\/urzadzeni.com\/wp-content\/uploads\/urzadzeni-realizacje-jankowski_przemyslaw_1-768x1152.jpg 768w, https:\/\/urzadzeni.com\/wp-content\/uploads\/urzadzeni-realizacje-jankowski_przemyslaw_1-430x645.jpg 430w, https:\/\/urzadzeni.com\/wp-content\/uploads\/urzadzeni-realizacje-jankowski_przemyslaw_1-700x1050.jpg 700w, https:\/\/urzadzeni.com\/wp-content\/uploads\/urzadzeni-realizacje-jankowski_przemyslaw_1-180x270.jpg 180w, https:\/\/urzadzeni.com\/wp-content\/uploads\/urzadzeni-realizacje-jankowski_przemyslaw_1.jpg 940w\" sizes=\"auto, (max-width: 533px) 100vw, 533px\" \/><\/figure>\n\n\n\n<figure class=\"wp-block-image size-large\"><img loading=\"lazy\" decoding=\"async\" width=\"551\" height=\"800\" data-id=\"9722\" src=\"https:\/\/urzadzeni.com\/wp-content\/uploads\/urzadzeni-realizacje-jankowski_przemyslaw_3-551x800.jpg\" alt=\"\" class=\"wp-image-9722\" srcset=\"https:\/\/urzadzeni.com\/wp-content\/uploads\/urzadzeni-realizacje-jankowski_przemyslaw_3-551x800.jpg 551w, https:\/\/urzadzeni.com\/wp-content\/uploads\/urzadzeni-realizacje-jankowski_przemyslaw_3-207x300.jpg 207w, https:\/\/urzadzeni.com\/wp-content\/uploads\/urzadzeni-realizacje-jankowski_przemyslaw_3-768x1115.jpg 768w, https:\/\/urzadzeni.com\/wp-content\/uploads\/urzadzeni-realizacje-jankowski_przemyslaw_3-430x624.jpg 430w, https:\/\/urzadzeni.com\/wp-content\/uploads\/urzadzeni-realizacje-jankowski_przemyslaw_3-700x1016.jpg 700w, https:\/\/urzadzeni.com\/wp-content\/uploads\/urzadzeni-realizacje-jankowski_przemyslaw_3-180x261.jpg 180w, https:\/\/urzadzeni.com\/wp-content\/uploads\/urzadzeni-realizacje-jankowski_przemyslaw_3.jpg 971w\" sizes=\"auto, (max-width: 551px) 100vw, 551px\" \/><\/figure>\n\n\n\n<figure class=\"wp-block-image size-large\"><img loading=\"lazy\" decoding=\"async\" width=\"535\" height=\"800\" data-id=\"9721\" src=\"https:\/\/urzadzeni.com\/wp-content\/uploads\/urzadzeni-realizacje-jankowski_przemyslaw_2-535x800.jpg\" alt=\"\" class=\"wp-image-9721\" srcset=\"https:\/\/urzadzeni.com\/wp-content\/uploads\/urzadzeni-realizacje-jankowski_przemyslaw_2-535x800.jpg 535w, https:\/\/urzadzeni.com\/wp-content\/uploads\/urzadzeni-realizacje-jankowski_przemyslaw_2-201x300.jpg 201w, https:\/\/urzadzeni.com\/wp-content\/uploads\/urzadzeni-realizacje-jankowski_przemyslaw_2-768x1148.jpg 768w, https:\/\/urzadzeni.com\/wp-content\/uploads\/urzadzeni-realizacje-jankowski_przemyslaw_2-430x643.jpg 430w, https:\/\/urzadzeni.com\/wp-content\/uploads\/urzadzeni-realizacje-jankowski_przemyslaw_2-700x1047.jpg 700w, https:\/\/urzadzeni.com\/wp-content\/uploads\/urzadzeni-realizacje-jankowski_przemyslaw_2-180x269.jpg 180w, https:\/\/urzadzeni.com\/wp-content\/uploads\/urzadzeni-realizacje-jankowski_przemyslaw_2.jpg 943w\" sizes=\"auto, (max-width: 535px) 100vw, 535px\" \/><\/figure>\n\n\n\n<figure class=\"wp-block-image size-large\"><img loading=\"lazy\" decoding=\"async\" width=\"1245\" height=\"800\" data-id=\"9725\" src=\"https:\/\/urzadzeni.com\/wp-content\/uploads\/urzadzeni-realizacje-jankowski_przemyslaw_6-1245x800.jpg\" alt=\"\" class=\"wp-image-9725\" srcset=\"https:\/\/urzadzeni.com\/wp-content\/uploads\/urzadzeni-realizacje-jankowski_przemyslaw_6-1245x800.jpg 1245w, https:\/\/urzadzeni.com\/wp-content\/uploads\/urzadzeni-realizacje-jankowski_przemyslaw_6-400x257.jpg 400w, https:\/\/urzadzeni.com\/wp-content\/uploads\/urzadzeni-realizacje-jankowski_przemyslaw_6-768x493.jpg 768w, https:\/\/urzadzeni.com\/wp-content\/uploads\/urzadzeni-realizacje-jankowski_przemyslaw_6-430x276.jpg 430w, https:\/\/urzadzeni.com\/wp-content\/uploads\/urzadzeni-realizacje-jankowski_przemyslaw_6-700x450.jpg 700w, https:\/\/urzadzeni.com\/wp-content\/uploads\/urzadzeni-realizacje-jankowski_przemyslaw_6-180x116.jpg 180w, https:\/\/urzadzeni.com\/wp-content\/uploads\/urzadzeni-realizacje-jankowski_przemyslaw_6.jpg 1410w\" sizes=\"auto, (max-width: 1245px) 100vw, 1245px\" \/><\/figure>\n\n\n\n<figure class=\"wp-block-image size-large\"><img loading=\"lazy\" decoding=\"async\" width=\"533\" height=\"800\" data-id=\"9727\" src=\"https:\/\/urzadzeni.com\/wp-content\/uploads\/urzadzeni-realizacje-jankowski_przemyslaw_8-533x800.jpg\" alt=\"\" class=\"wp-image-9727\" srcset=\"https:\/\/urzadzeni.com\/wp-content\/uploads\/urzadzeni-realizacje-jankowski_przemyslaw_8-533x800.jpg 533w, https:\/\/urzadzeni.com\/wp-content\/uploads\/urzadzeni-realizacje-jankowski_przemyslaw_8-200x300.jpg 200w, https:\/\/urzadzeni.com\/wp-content\/uploads\/urzadzeni-realizacje-jankowski_przemyslaw_8-768x1152.jpg 768w, https:\/\/urzadzeni.com\/wp-content\/uploads\/urzadzeni-realizacje-jankowski_przemyslaw_8-430x645.jpg 430w, https:\/\/urzadzeni.com\/wp-content\/uploads\/urzadzeni-realizacje-jankowski_przemyslaw_8-700x1050.jpg 700w, https:\/\/urzadzeni.com\/wp-content\/uploads\/urzadzeni-realizacje-jankowski_przemyslaw_8-180x270.jpg 180w, https:\/\/urzadzeni.com\/wp-content\/uploads\/urzadzeni-realizacje-jankowski_przemyslaw_8.jpg 940w\" sizes=\"auto, (max-width: 533px) 100vw, 533px\" \/><\/figure>\n\n\n\n<figure class=\"wp-block-image size-large\"><img loading=\"lazy\" decoding=\"async\" width=\"1251\" height=\"800\" data-id=\"9729\" src=\"https:\/\/urzadzeni.com\/wp-content\/uploads\/urzadzeni-realizacje-jankowski_przemyslaw_10-1251x800.jpg\" alt=\"\" class=\"wp-image-9729\" srcset=\"https:\/\/urzadzeni.com\/wp-content\/uploads\/urzadzeni-realizacje-jankowski_przemyslaw_10-1251x800.jpg 1251w, https:\/\/urzadzeni.com\/wp-content\/uploads\/urzadzeni-realizacje-jankowski_przemyslaw_10-400x256.jpg 400w, https:\/\/urzadzeni.com\/wp-content\/uploads\/urzadzeni-realizacje-jankowski_przemyslaw_10-768x491.jpg 768w, https:\/\/urzadzeni.com\/wp-content\/uploads\/urzadzeni-realizacje-jankowski_przemyslaw_10-430x275.jpg 430w, https:\/\/urzadzeni.com\/wp-content\/uploads\/urzadzeni-realizacje-jankowski_przemyslaw_10-700x448.jpg 700w, https:\/\/urzadzeni.com\/wp-content\/uploads\/urzadzeni-realizacje-jankowski_przemyslaw_10-180x115.jpg 180w, https:\/\/urzadzeni.com\/wp-content\/uploads\/urzadzeni-realizacje-jankowski_przemyslaw_10.jpg 1410w\" sizes=\"auto, (max-width: 1251px) 100vw, 1251px\" \/><\/figure>\n\n\n\n<figure class=\"wp-block-image size-large\"><img loading=\"lazy\" decoding=\"async\" width=\"529\" height=\"800\" data-id=\"9728\" src=\"https:\/\/urzadzeni.com\/wp-content\/uploads\/urzadzeni-realizacje-jankowski_przemyslaw_9-529x800.jpg\" alt=\"\" class=\"wp-image-9728\" srcset=\"https:\/\/urzadzeni.com\/wp-content\/uploads\/urzadzeni-realizacje-jankowski_przemyslaw_9-529x800.jpg 529w, https:\/\/urzadzeni.com\/wp-content\/uploads\/urzadzeni-realizacje-jankowski_przemyslaw_9-198x300.jpg 198w, https:\/\/urzadzeni.com\/wp-content\/uploads\/urzadzeni-realizacje-jankowski_przemyslaw_9-768x1162.jpg 768w, https:\/\/urzadzeni.com\/wp-content\/uploads\/urzadzeni-realizacje-jankowski_przemyslaw_9-430x651.jpg 430w, https:\/\/urzadzeni.com\/wp-content\/uploads\/urzadzeni-realizacje-jankowski_przemyslaw_9-700x1059.jpg 700w, https:\/\/urzadzeni.com\/wp-content\/uploads\/urzadzeni-realizacje-jankowski_przemyslaw_9-180x272.jpg 180w, https:\/\/urzadzeni.com\/wp-content\/uploads\/urzadzeni-realizacje-jankowski_przemyslaw_9.jpg 932w\" sizes=\"auto, (max-width: 529px) 100vw, 529px\" \/><\/figure>\n\n\n\n<figure class=\"wp-block-image size-large\"><img loading=\"lazy\" decoding=\"async\" width=\"550\" height=\"800\" data-id=\"9726\" src=\"https:\/\/urzadzeni.com\/wp-content\/uploads\/urzadzeni-realizacje-jankowski_przemyslaw_7-550x800.jpg\" alt=\"\" class=\"wp-image-9726\" srcset=\"https:\/\/urzadzeni.com\/wp-content\/uploads\/urzadzeni-realizacje-jankowski_przemyslaw_7-550x800.jpg 550w, https:\/\/urzadzeni.com\/wp-content\/uploads\/urzadzeni-realizacje-jankowski_przemyslaw_7-206x300.jpg 206w, https:\/\/urzadzeni.com\/wp-content\/uploads\/urzadzeni-realizacje-jankowski_przemyslaw_7-768x1118.jpg 768w, https:\/\/urzadzeni.com\/wp-content\/uploads\/urzadzeni-realizacje-jankowski_przemyslaw_7-430x626.jpg 430w, https:\/\/urzadzeni.com\/wp-content\/uploads\/urzadzeni-realizacje-jankowski_przemyslaw_7-700x1019.jpg 700w, https:\/\/urzadzeni.com\/wp-content\/uploads\/urzadzeni-realizacje-jankowski_przemyslaw_7-180x262.jpg 180w, https:\/\/urzadzeni.com\/wp-content\/uploads\/urzadzeni-realizacje-jankowski_przemyslaw_7.jpg 969w\" sizes=\"auto, (max-width: 550px) 100vw, 550px\" \/><\/figure>\n<\/figure>\n","protected":false},"excerpt":{"rendered":"","protected":false},"featured_media":10906,"menu_order":0,"comment_status":"closed","ping_status":"closed","template":"","project-cat":[49],"class_list":["post-10904","portfolio","type-portfolio","status-publish","has-post-thumbnail","hentry","project-cat-houses-flats"],"yoast_head":"<!-- This site is optimized with the Yoast SEO plugin v26.6 - https:\/\/yoast.com\/wordpress\/plugins\/seo\/ -->\n<title>Premium interior \u2013 harmony of contrasts - Wyko\u0144czenie Dom\u00f3w i Ka\u017cdego Wn\u0119trza w Poznaniu | Urz\u0105dzeni<\/title>\n<meta name=\"description\" content=\"Beautiful interiors in harmony with contrasts \u2013 a project completed in Pozna\u0144. Be inspired by elegance and book your consultation.\" \/>\n<meta name=\"robots\" content=\"index, follow, max-snippet:-1, max-image-preview:large, max-video-preview:-1\" \/>\n<link rel=\"canonical\" href=\"https:\/\/urzadzeni.com\/projects\/wnetrze-premium-harmonia-kontrastow\/\" \/>\n<meta property=\"og:locale\" content=\"en_US\" \/>\n<meta property=\"og:type\" content=\"article\" \/>\n<meta property=\"og:title\" content=\"Premium interior \u2013 harmony of contrasts - Wyko\u0144czenie Dom\u00f3w i Ka\u017cdego Wn\u0119trza w Poznaniu | Urz\u0105dzeni\" \/>\n<meta property=\"og:description\" content=\"Beautiful interiors in harmony with contrasts \u2013 a project completed in Pozna\u0144. Be inspired by elegance and book your consultation.\" \/>\n<meta property=\"og:url\" content=\"https:\/\/urzadzeni.com\/projects\/wnetrze-premium-harmonia-kontrastow\/\" \/>\n<meta property=\"og:site_name\" content=\"Wyko\u0144czenie Dom\u00f3w i Ka\u017cdego Wn\u0119trza w Poznaniu | Urz\u0105dzeni\" \/>\n<meta property=\"article:modified_time\" content=\"2025-12-25T14:47:30+00:00\" \/>\n<meta property=\"og:image\" content=\"https:\/\/urzadzeni.com\/wp-content\/uploads\/urzadzeni-realizacje-domy-mieszkania-jankowski-thumbnail-1.jpg\" \/>\n\t<meta property=\"og:image:width\" content=\"1209\" \/>\n\t<meta property=\"og:image:height\" content=\"886\" \/>\n\t<meta property=\"og:image:type\" content=\"image\/jpeg\" \/>\n<meta name=\"twitter:card\" content=\"summary_large_image\" \/>\n<script type=\"application\/ld+json\" class=\"yoast-schema-graph\">{\"@context\":\"https:\/\/schema.org\",\"@graph\":[{\"@type\":\"WebPage\",\"@id\":\"https:\/\/urzadzeni.com\/projects\/wnetrze-premium-harmonia-kontrastow\/\",\"url\":\"https:\/\/urzadzeni.com\/projects\/wnetrze-premium-harmonia-kontrastow\/\",\"name\":\"Premium interior \u2013 harmony of contrasts - Wyko\u0144czenie Dom\u00f3w i Ka\u017cdego Wn\u0119trza w Poznaniu | Urz\u0105dzeni\",\"isPartOf\":{\"@id\":\"https:\/\/urzadzeni.com\/#website\"},\"primaryImageOfPage\":{\"@id\":\"https:\/\/urzadzeni.com\/projects\/wnetrze-premium-harmonia-kontrastow\/#primaryimage\"},\"image\":{\"@id\":\"https:\/\/urzadzeni.com\/projects\/wnetrze-premium-harmonia-kontrastow\/#primaryimage\"},\"thumbnailUrl\":\"https:\/\/urzadzeni.com\/wp-content\/uploads\/urzadzeni-realizacje-domy-mieszkania-jankowski-thumbnail-1.jpg\",\"datePublished\":\"2025-10-26T11:45:23+00:00\",\"dateModified\":\"2025-12-25T14:47:30+00:00\",\"description\":\"Beautiful interiors in harmony with contrasts \u2013 a project completed in Pozna\u0144. Be inspired by elegance and book your consultation.\",\"breadcrumb\":{\"@id\":\"https:\/\/urzadzeni.com\/projects\/wnetrze-premium-harmonia-kontrastow\/#breadcrumb\"},\"inLanguage\":\"en-US\",\"potentialAction\":[{\"@type\":\"ReadAction\",\"target\":[\"https:\/\/urzadzeni.com\/projects\/wnetrze-premium-harmonia-kontrastow\/\"]}]},{\"@type\":\"ImageObject\",\"inLanguage\":\"en-US\",\"@id\":\"https:\/\/urzadzeni.com\/projects\/wnetrze-premium-harmonia-kontrastow\/#primaryimage\",\"url\":\"https:\/\/urzadzeni.com\/wp-content\/uploads\/urzadzeni-realizacje-domy-mieszkania-jankowski-thumbnail-1.jpg\",\"contentUrl\":\"https:\/\/urzadzeni.com\/wp-content\/uploads\/urzadzeni-realizacje-domy-mieszkania-jankowski-thumbnail-1.jpg\",\"width\":1209,\"height\":886},{\"@type\":\"BreadcrumbList\",\"@id\":\"https:\/\/urzadzeni.com\/projects\/wnetrze-premium-harmonia-kontrastow\/#breadcrumb\",\"itemListElement\":[{\"@type\":\"ListItem\",\"position\":1,\"name\":\"Strona g\u0142\u00f3wna\",\"item\":\"https:\/\/urzadzeni.com\/\"},{\"@type\":\"ListItem\",\"position\":2,\"name\":\"Portfolio\",\"item\":\"https:\/\/urzadzeni.com\/realizacje-was\/\"},{\"@type\":\"ListItem\",\"position\":3,\"name\":\"Premium interior \u2013 harmony of contrasts\"}]},{\"@type\":\"WebSite\",\"@id\":\"https:\/\/urzadzeni.com\/#website\",\"url\":\"https:\/\/urzadzeni.com\/\",\"name\":\"Wyko\u0144czenie Dom\u00f3w i Ka\u017cdego Wn\u0119trza w Poznaniu | Urz\u0105dzeni\",\"description\":\"Urz\u0105dzeni\",\"potentialAction\":[{\"@type\":\"SearchAction\",\"target\":{\"@type\":\"EntryPoint\",\"urlTemplate\":\"https:\/\/urzadzeni.com\/?s={search_term_string}\"},\"query-input\":{\"@type\":\"PropertyValueSpecification\",\"valueRequired\":true,\"valueName\":\"search_term_string\"}}],\"inLanguage\":\"en-US\"}]}<\/script>\n<!-- \/ Yoast SEO plugin. -->","yoast_head_json":{"title":"Premium interior \u2013 harmony of contrasts - Wyko\u0144czenie Dom\u00f3w i Ka\u017cdego Wn\u0119trza w Poznaniu | Urz\u0105dzeni","description":"Beautiful interiors in harmony with contrasts \u2013 a project completed in Pozna\u0144. Be inspired by elegance and book your consultation.","robots":{"index":"index","follow":"follow","max-snippet":"max-snippet:-1","max-image-preview":"max-image-preview:large","max-video-preview":"max-video-preview:-1"},"canonical":"https:\/\/urzadzeni.com\/projects\/wnetrze-premium-harmonia-kontrastow\/","og_locale":"en_US","og_type":"article","og_title":"Premium interior \u2013 harmony of contrasts - Wyko\u0144czenie Dom\u00f3w i Ka\u017cdego Wn\u0119trza w Poznaniu | Urz\u0105dzeni","og_description":"Beautiful interiors in harmony with contrasts \u2013 a project completed in Pozna\u0144. Be inspired by elegance and book your consultation.","og_url":"https:\/\/urzadzeni.com\/projects\/wnetrze-premium-harmonia-kontrastow\/","og_site_name":"Wyko\u0144czenie Dom\u00f3w i Ka\u017cdego Wn\u0119trza w Poznaniu | Urz\u0105dzeni","article_modified_time":"2025-12-25T14:47:30+00:00","og_image":[{"width":1209,"height":886,"url":"https:\/\/urzadzeni.com\/wp-content\/uploads\/urzadzeni-realizacje-domy-mieszkania-jankowski-thumbnail-1.jpg","type":"image\/jpeg"}],"twitter_card":"summary_large_image","schema":{"@context":"https:\/\/schema.org","@graph":[{"@type":"WebPage","@id":"https:\/\/urzadzeni.com\/projects\/wnetrze-premium-harmonia-kontrastow\/","url":"https:\/\/urzadzeni.com\/projects\/wnetrze-premium-harmonia-kontrastow\/","name":"Premium interior \u2013 harmony of contrasts - Wyko\u0144czenie Dom\u00f3w i Ka\u017cdego Wn\u0119trza w Poznaniu | Urz\u0105dzeni","isPartOf":{"@id":"https:\/\/urzadzeni.com\/#website"},"primaryImageOfPage":{"@id":"https:\/\/urzadzeni.com\/projects\/wnetrze-premium-harmonia-kontrastow\/#primaryimage"},"image":{"@id":"https:\/\/urzadzeni.com\/projects\/wnetrze-premium-harmonia-kontrastow\/#primaryimage"},"thumbnailUrl":"https:\/\/urzadzeni.com\/wp-content\/uploads\/urzadzeni-realizacje-domy-mieszkania-jankowski-thumbnail-1.jpg","datePublished":"2025-10-26T11:45:23+00:00","dateModified":"2025-12-25T14:47:30+00:00","description":"Beautiful interiors in harmony with contrasts \u2013 a project completed in Pozna\u0144. Be inspired by elegance and book your consultation.","breadcrumb":{"@id":"https:\/\/urzadzeni.com\/projects\/wnetrze-premium-harmonia-kontrastow\/#breadcrumb"},"inLanguage":"en-US","potentialAction":[{"@type":"ReadAction","target":["https:\/\/urzadzeni.com\/projects\/wnetrze-premium-harmonia-kontrastow\/"]}]},{"@type":"ImageObject","inLanguage":"en-US","@id":"https:\/\/urzadzeni.com\/projects\/wnetrze-premium-harmonia-kontrastow\/#primaryimage","url":"https:\/\/urzadzeni.com\/wp-content\/uploads\/urzadzeni-realizacje-domy-mieszkania-jankowski-thumbnail-1.jpg","contentUrl":"https:\/\/urzadzeni.com\/wp-content\/uploads\/urzadzeni-realizacje-domy-mieszkania-jankowski-thumbnail-1.jpg","width":1209,"height":886},{"@type":"BreadcrumbList","@id":"https:\/\/urzadzeni.com\/projects\/wnetrze-premium-harmonia-kontrastow\/#breadcrumb","itemListElement":[{"@type":"ListItem","position":1,"name":"Strona g\u0142\u00f3wna","item":"https:\/\/urzadzeni.com\/"},{"@type":"ListItem","position":2,"name":"Portfolio","item":"https:\/\/urzadzeni.com\/realizacje-was\/"},{"@type":"ListItem","position":3,"name":"Premium interior \u2013 harmony of contrasts"}]},{"@type":"WebSite","@id":"https:\/\/urzadzeni.com\/#website","url":"https:\/\/urzadzeni.com\/","name":"Wyko\u0144czenie Dom\u00f3w i Ka\u017cdego Wn\u0119trza w Poznaniu | Urz\u0105dzeni","description":"Urz\u0105dzeni","potentialAction":[{"@type":"SearchAction","target":{"@type":"EntryPoint","urlTemplate":"https:\/\/urzadzeni.com\/?s={search_term_string}"},"query-input":{"@type":"PropertyValueSpecification","valueRequired":true,"valueName":"search_term_string"}}],"inLanguage":"en-US"}]}},"_links":{"self":[{"href":"https:\/\/urzadzeni.com\/en\/wp-json\/wp\/v2\/portfolio\/10904","targetHints":{"allow":["GET"]}}],"collection":[{"href":"https:\/\/urzadzeni.com\/en\/wp-json\/wp\/v2\/portfolio"}],"about":[{"href":"https:\/\/urzadzeni.com\/en\/wp-json\/wp\/v2\/types\/portfolio"}],"replies":[{"embeddable":true,"href":"https:\/\/urzadzeni.com\/en\/wp-json\/wp\/v2\/comments?post=10904"}],"version-history":[{"count":1,"href":"https:\/\/urzadzeni.com\/en\/wp-json\/wp\/v2\/portfolio\/10904\/revisions"}],"predecessor-version":[{"id":10916,"href":"https:\/\/urzadzeni.com\/en\/wp-json\/wp\/v2\/portfolio\/10904\/revisions\/10916"}],"wp:featuredmedia":[{"embeddable":true,"href":"https:\/\/urzadzeni.com\/en\/wp-json\/wp\/v2\/media\/10906"}],"wp:attachment":[{"href":"https:\/\/urzadzeni.com\/en\/wp-json\/wp\/v2\/media?parent=10904"}],"wp:term":[{"taxonomy":"project-cat","embeddable":true,"href":"https:\/\/urzadzeni.com\/en\/wp-json\/wp\/v2\/project-cat?post=10904"}],"curies":[{"name":"wp","href":"https:\/\/api.w.org\/{rel}","templated":true}]}}