{"id":10867,"date":"2025-10-26T12:53:32","date_gmt":"2025-10-26T11:53:32","guid":{"rendered":"https:\/\/urzadzeni.com\/portfolio\/harmonia-bezu-i-ciemnego-drewna\/"},"modified":"2025-12-25T15:37:56","modified_gmt":"2025-12-25T14:37:56","slug":"harmonia-bezu-i-ciemnego-drewna","status":"publish","type":"portfolio","link":"https:\/\/urzadzeni.com\/en\/projects\/harmonia-bezu-i-ciemnego-drewna\/","title":{"rendered":"The harmony of beige and dark wood"},"content":{"rendered":"\n<figure class=\"wp-block-gallery has-nested-images columns-default is-cropped wp-block-gallery-1 is-layout-flex wp-block-gallery-is-layout-flex\">\n<figure class=\"wp-block-image size-large\"><img loading=\"lazy\" decoding=\"async\" width=\"1203\" height=\"800\" data-id=\"9766\" src=\"https:\/\/urzadzeni.com\/wp-content\/uploads\/urzadzeni-realizacje-jankowski_16-1-1203x800.jpg\" alt=\"\" class=\"wp-image-9766\" srcset=\"https:\/\/urzadzeni.com\/wp-content\/uploads\/urzadzeni-realizacje-jankowski_16-1-1203x800.jpg 1203w, https:\/\/urzadzeni.com\/wp-content\/uploads\/urzadzeni-realizacje-jankowski_16-1-400x266.jpg 400w, https:\/\/urzadzeni.com\/wp-content\/uploads\/urzadzeni-realizacje-jankowski_16-1-768x511.jpg 768w, https:\/\/urzadzeni.com\/wp-content\/uploads\/urzadzeni-realizacje-jankowski_16-1-1536x1021.jpg 1536w, https:\/\/urzadzeni.com\/wp-content\/uploads\/urzadzeni-realizacje-jankowski_16-1-430x286.jpg 430w, https:\/\/urzadzeni.com\/wp-content\/uploads\/urzadzeni-realizacje-jankowski_16-1-700x465.jpg 700w, https:\/\/urzadzeni.com\/wp-content\/uploads\/urzadzeni-realizacje-jankowski_16-1-180x120.jpg 180w, https:\/\/urzadzeni.com\/wp-content\/uploads\/urzadzeni-realizacje-jankowski_16-1.jpg 1898w\" sizes=\"auto, (max-width: 1203px) 100vw, 1203px\" \/><\/figure>\n\n\n\n<figure class=\"wp-block-image size-large\"><img loading=\"lazy\" decoding=\"async\" width=\"1202\" height=\"800\" data-id=\"9760\" src=\"https:\/\/urzadzeni.com\/wp-content\/uploads\/urzadzeni-realizacje-jankowski_10-1-1202x800.jpg\" alt=\"\" class=\"wp-image-9760\" srcset=\"https:\/\/urzadzeni.com\/wp-content\/uploads\/urzadzeni-realizacje-jankowski_10-1-1202x800.jpg 1202w, https:\/\/urzadzeni.com\/wp-content\/uploads\/urzadzeni-realizacje-jankowski_10-1-400x266.jpg 400w, https:\/\/urzadzeni.com\/wp-content\/uploads\/urzadzeni-realizacje-jankowski_10-1-768x511.jpg 768w, https:\/\/urzadzeni.com\/wp-content\/uploads\/urzadzeni-realizacje-jankowski_10-1-1536x1022.jpg 1536w, https:\/\/urzadzeni.com\/wp-content\/uploads\/urzadzeni-realizacje-jankowski_10-1-430x286.jpg 430w, https:\/\/urzadzeni.com\/wp-content\/uploads\/urzadzeni-realizacje-jankowski_10-1-700x466.jpg 700w, https:\/\/urzadzeni.com\/wp-content\/uploads\/urzadzeni-realizacje-jankowski_10-1-180x120.jpg 180w, https:\/\/urzadzeni.com\/wp-content\/uploads\/urzadzeni-realizacje-jankowski_10-1.jpg 1914w\" sizes=\"auto, (max-width: 1202px) 100vw, 1202px\" \/><\/figure>\n\n\n\n<figure class=\"wp-block-image size-large\"><img loading=\"lazy\" decoding=\"async\" width=\"1203\" height=\"800\" data-id=\"9762\" src=\"https:\/\/urzadzeni.com\/wp-content\/uploads\/urzadzeni-realizacje-jankowski_12-1-1203x800.jpg\" alt=\"\" class=\"wp-image-9762\" srcset=\"https:\/\/urzadzeni.com\/wp-content\/uploads\/urzadzeni-realizacje-jankowski_12-1-1203x800.jpg 1203w, https:\/\/urzadzeni.com\/wp-content\/uploads\/urzadzeni-realizacje-jankowski_12-1-400x266.jpg 400w, https:\/\/urzadzeni.com\/wp-content\/uploads\/urzadzeni-realizacje-jankowski_12-1-768x511.jpg 768w, https:\/\/urzadzeni.com\/wp-content\/uploads\/urzadzeni-realizacje-jankowski_12-1-1536x1022.jpg 1536w, https:\/\/urzadzeni.com\/wp-content\/uploads\/urzadzeni-realizacje-jankowski_12-1-430x286.jpg 430w, https:\/\/urzadzeni.com\/wp-content\/uploads\/urzadzeni-realizacje-jankowski_12-1-700x466.jpg 700w, https:\/\/urzadzeni.com\/wp-content\/uploads\/urzadzeni-realizacje-jankowski_12-1-180x120.jpg 180w, https:\/\/urzadzeni.com\/wp-content\/uploads\/urzadzeni-realizacje-jankowski_12-1.jpg 1897w\" sizes=\"auto, (max-width: 1203px) 100vw, 1203px\" \/><\/figure>\n\n\n\n<figure class=\"wp-block-image size-large\"><img loading=\"lazy\" decoding=\"async\" width=\"533\" height=\"800\" data-id=\"9761\" src=\"https:\/\/urzadzeni.com\/wp-content\/uploads\/urzadzeni-realizacje-jankowski_11-1-533x800.jpg\" alt=\"\" class=\"wp-image-9761\" srcset=\"https:\/\/urzadzeni.com\/wp-content\/uploads\/urzadzeni-realizacje-jankowski_11-1-533x800.jpg 533w, https:\/\/urzadzeni.com\/wp-content\/uploads\/urzadzeni-realizacje-jankowski_11-1-200x300.jpg 200w, https:\/\/urzadzeni.com\/wp-content\/uploads\/urzadzeni-realizacje-jankowski_11-1-768x1154.jpg 768w, https:\/\/urzadzeni.com\/wp-content\/uploads\/urzadzeni-realizacje-jankowski_11-1-1022x1536.jpg 1022w, https:\/\/urzadzeni.com\/wp-content\/uploads\/urzadzeni-realizacje-jankowski_11-1-430x646.jpg 430w, https:\/\/urzadzeni.com\/wp-content\/uploads\/urzadzeni-realizacje-jankowski_11-1-700x1052.jpg 700w, https:\/\/urzadzeni.com\/wp-content\/uploads\/urzadzeni-realizacje-jankowski_11-1-180x270.jpg 180w, https:\/\/urzadzeni.com\/wp-content\/uploads\/urzadzeni-realizacje-jankowski_11-1.jpg 1288w\" sizes=\"auto, (max-width: 533px) 100vw, 533px\" \/><\/figure>\n\n\n\n<figure class=\"wp-block-image size-large\"><img loading=\"lazy\" decoding=\"async\" width=\"1202\" height=\"800\" data-id=\"9763\" src=\"https:\/\/urzadzeni.com\/wp-content\/uploads\/urzadzeni-realizacje-jankowski_13-1-1202x800.jpg\" alt=\"\" class=\"wp-image-9763\" srcset=\"https:\/\/urzadzeni.com\/wp-content\/uploads\/urzadzeni-realizacje-jankowski_13-1-1202x800.jpg 1202w, https:\/\/urzadzeni.com\/wp-content\/uploads\/urzadzeni-realizacje-jankowski_13-1-400x266.jpg 400w, https:\/\/urzadzeni.com\/wp-content\/uploads\/urzadzeni-realizacje-jankowski_13-1-768x511.jpg 768w, https:\/\/urzadzeni.com\/wp-content\/uploads\/urzadzeni-realizacje-jankowski_13-1-1536x1022.jpg 1536w, https:\/\/urzadzeni.com\/wp-content\/uploads\/urzadzeni-realizacje-jankowski_13-1-430x286.jpg 430w, https:\/\/urzadzeni.com\/wp-content\/uploads\/urzadzeni-realizacje-jankowski_13-1-700x466.jpg 700w, https:\/\/urzadzeni.com\/wp-content\/uploads\/urzadzeni-realizacje-jankowski_13-1-180x120.jpg 180w, https:\/\/urzadzeni.com\/wp-content\/uploads\/urzadzeni-realizacje-jankowski_13-1.jpg 1919w\" sizes=\"auto, (max-width: 1202px) 100vw, 1202px\" \/><\/figure>\n\n\n\n<figure class=\"wp-block-image size-large\"><img loading=\"lazy\" decoding=\"async\" width=\"1203\" height=\"800\" data-id=\"9764\" src=\"https:\/\/urzadzeni.com\/wp-content\/uploads\/urzadzeni-realizacje-jankowski_14-1-1203x800.jpg\" alt=\"\" class=\"wp-image-9764\" srcset=\"https:\/\/urzadzeni.com\/wp-content\/uploads\/urzadzeni-realizacje-jankowski_14-1-1203x800.jpg 1203w, https:\/\/urzadzeni.com\/wp-content\/uploads\/urzadzeni-realizacje-jankowski_14-1-400x266.jpg 400w, https:\/\/urzadzeni.com\/wp-content\/uploads\/urzadzeni-realizacje-jankowski_14-1-768x511.jpg 768w, https:\/\/urzadzeni.com\/wp-content\/uploads\/urzadzeni-realizacje-jankowski_14-1-1536x1022.jpg 1536w, https:\/\/urzadzeni.com\/wp-content\/uploads\/urzadzeni-realizacje-jankowski_14-1-430x286.jpg 430w, https:\/\/urzadzeni.com\/wp-content\/uploads\/urzadzeni-realizacje-jankowski_14-1-700x466.jpg 700w, https:\/\/urzadzeni.com\/wp-content\/uploads\/urzadzeni-realizacje-jankowski_14-1-180x120.jpg 180w, https:\/\/urzadzeni.com\/wp-content\/uploads\/urzadzeni-realizacje-jankowski_14-1.jpg 1816w\" sizes=\"auto, (max-width: 1203px) 100vw, 1203px\" \/><\/figure>\n\n\n\n<figure class=\"wp-block-image size-large\"><img loading=\"lazy\" decoding=\"async\" width=\"1202\" height=\"800\" data-id=\"9759\" src=\"https:\/\/urzadzeni.com\/wp-content\/uploads\/urzadzeni-realizacje-jankowski_9-1-1202x800.jpg\" alt=\"\" class=\"wp-image-9759\" srcset=\"https:\/\/urzadzeni.com\/wp-content\/uploads\/urzadzeni-realizacje-jankowski_9-1-1202x800.jpg 1202w, https:\/\/urzadzeni.com\/wp-content\/uploads\/urzadzeni-realizacje-jankowski_9-1-400x266.jpg 400w, https:\/\/urzadzeni.com\/wp-content\/uploads\/urzadzeni-realizacje-jankowski_9-1-768x511.jpg 768w, https:\/\/urzadzeni.com\/wp-content\/uploads\/urzadzeni-realizacje-jankowski_9-1-1536x1022.jpg 1536w, https:\/\/urzadzeni.com\/wp-content\/uploads\/urzadzeni-realizacje-jankowski_9-1-430x286.jpg 430w, https:\/\/urzadzeni.com\/wp-content\/uploads\/urzadzeni-realizacje-jankowski_9-1-700x466.jpg 700w, https:\/\/urzadzeni.com\/wp-content\/uploads\/urzadzeni-realizacje-jankowski_9-1-180x120.jpg 180w, https:\/\/urzadzeni.com\/wp-content\/uploads\/urzadzeni-realizacje-jankowski_9-1.jpg 1826w\" sizes=\"auto, (max-width: 1202px) 100vw, 1202px\" \/><\/figure>\n\n\n\n<figure class=\"wp-block-image size-large\"><img loading=\"lazy\" decoding=\"async\" width=\"1202\" height=\"800\" data-id=\"9758\" src=\"https:\/\/urzadzeni.com\/wp-content\/uploads\/urzadzeni-realizacje-jankowski_8-1-1202x800.jpg\" alt=\"\" class=\"wp-image-9758\" srcset=\"https:\/\/urzadzeni.com\/wp-content\/uploads\/urzadzeni-realizacje-jankowski_8-1-1202x800.jpg 1202w, https:\/\/urzadzeni.com\/wp-content\/uploads\/urzadzeni-realizacje-jankowski_8-1-400x266.jpg 400w, https:\/\/urzadzeni.com\/wp-content\/uploads\/urzadzeni-realizacje-jankowski_8-1-768x511.jpg 768w, https:\/\/urzadzeni.com\/wp-content\/uploads\/urzadzeni-realizacje-jankowski_8-1-1536x1022.jpg 1536w, https:\/\/urzadzeni.com\/wp-content\/uploads\/urzadzeni-realizacje-jankowski_8-1-430x286.jpg 430w, https:\/\/urzadzeni.com\/wp-content\/uploads\/urzadzeni-realizacje-jankowski_8-1-700x466.jpg 700w, https:\/\/urzadzeni.com\/wp-content\/uploads\/urzadzeni-realizacje-jankowski_8-1-180x120.jpg 180w, https:\/\/urzadzeni.com\/wp-content\/uploads\/urzadzeni-realizacje-jankowski_8-1.jpg 1904w\" sizes=\"auto, (max-width: 1202px) 100vw, 1202px\" \/><\/figure>\n\n\n\n<figure class=\"wp-block-image size-large\"><img loading=\"lazy\" decoding=\"async\" width=\"532\" height=\"800\" data-id=\"9751\" src=\"https:\/\/urzadzeni.com\/wp-content\/uploads\/urzadzeni-realizacje-jankowski_1-1-532x800.jpg\" alt=\"\" class=\"wp-image-9751\" srcset=\"https:\/\/urzadzeni.com\/wp-content\/uploads\/urzadzeni-realizacje-jankowski_1-1-532x800.jpg 532w, https:\/\/urzadzeni.com\/wp-content\/uploads\/urzadzeni-realizacje-jankowski_1-1-199x300.jpg 199w, https:\/\/urzadzeni.com\/wp-content\/uploads\/urzadzeni-realizacje-jankowski_1-1-768x1155.jpg 768w, https:\/\/urzadzeni.com\/wp-content\/uploads\/urzadzeni-realizacje-jankowski_1-1-1021x1536.jpg 1021w, https:\/\/urzadzeni.com\/wp-content\/uploads\/urzadzeni-realizacje-jankowski_1-1-430x647.jpg 430w, https:\/\/urzadzeni.com\/wp-content\/uploads\/urzadzeni-realizacje-jankowski_1-1-700x1053.jpg 700w, https:\/\/urzadzeni.com\/wp-content\/uploads\/urzadzeni-realizacje-jankowski_1-1-180x271.jpg 180w, https:\/\/urzadzeni.com\/wp-content\/uploads\/urzadzeni-realizacje-jankowski_1-1.jpg 1278w\" sizes=\"auto, (max-width: 532px) 100vw, 532px\" \/><\/figure>\n\n\n\n<figure class=\"wp-block-image size-large\"><img loading=\"lazy\" decoding=\"async\" width=\"532\" height=\"800\" data-id=\"9752\" src=\"https:\/\/urzadzeni.com\/wp-content\/uploads\/urzadzeni-realizacje-jankowski_2-1-532x800.jpg\" alt=\"\" class=\"wp-image-9752\" srcset=\"https:\/\/urzadzeni.com\/wp-content\/uploads\/urzadzeni-realizacje-jankowski_2-1-532x800.jpg 532w, https:\/\/urzadzeni.com\/wp-content\/uploads\/urzadzeni-realizacje-jankowski_2-1-200x300.jpg 200w, https:\/\/urzadzeni.com\/wp-content\/uploads\/urzadzeni-realizacje-jankowski_2-1-768x1154.jpg 768w, https:\/\/urzadzeni.com\/wp-content\/uploads\/urzadzeni-realizacje-jankowski_2-1-1022x1536.jpg 1022w, https:\/\/urzadzeni.com\/wp-content\/uploads\/urzadzeni-realizacje-jankowski_2-1-430x646.jpg 430w, https:\/\/urzadzeni.com\/wp-content\/uploads\/urzadzeni-realizacje-jankowski_2-1-700x1052.jpg 700w, https:\/\/urzadzeni.com\/wp-content\/uploads\/urzadzeni-realizacje-jankowski_2-1-180x271.jpg 180w, https:\/\/urzadzeni.com\/wp-content\/uploads\/urzadzeni-realizacje-jankowski_2-1.jpg 1229w\" sizes=\"auto, (max-width: 532px) 100vw, 532px\" \/><\/figure>\n\n\n\n<figure class=\"wp-block-image size-large\"><img loading=\"lazy\" decoding=\"async\" width=\"532\" height=\"800\" data-id=\"9753\" src=\"https:\/\/urzadzeni.com\/wp-content\/uploads\/urzadzeni-realizacje-jankowski_3-1-532x800.jpg\" alt=\"\" class=\"wp-image-9753\" srcset=\"https:\/\/urzadzeni.com\/wp-content\/uploads\/urzadzeni-realizacje-jankowski_3-1-532x800.jpg 532w, https:\/\/urzadzeni.com\/wp-content\/uploads\/urzadzeni-realizacje-jankowski_3-1-200x300.jpg 200w, https:\/\/urzadzeni.com\/wp-content\/uploads\/urzadzeni-realizacje-jankowski_3-1-768x1154.jpg 768w, https:\/\/urzadzeni.com\/wp-content\/uploads\/urzadzeni-realizacje-jankowski_3-1-1022x1536.jpg 1022w, https:\/\/urzadzeni.com\/wp-content\/uploads\/urzadzeni-realizacje-jankowski_3-1-430x646.jpg 430w, https:\/\/urzadzeni.com\/wp-content\/uploads\/urzadzeni-realizacje-jankowski_3-1-700x1052.jpg 700w, https:\/\/urzadzeni.com\/wp-content\/uploads\/urzadzeni-realizacje-jankowski_3-1-180x270.jpg 180w, https:\/\/urzadzeni.com\/wp-content\/uploads\/urzadzeni-realizacje-jankowski_3-1.jpg 1230w\" sizes=\"auto, (max-width: 532px) 100vw, 532px\" \/><\/figure>\n\n\n\n<figure class=\"wp-block-image size-large\"><img loading=\"lazy\" decoding=\"async\" width=\"532\" height=\"800\" data-id=\"9754\" src=\"https:\/\/urzadzeni.com\/wp-content\/uploads\/urzadzeni-realizacje-jankowski_4-1-532x800.jpg\" alt=\"\" class=\"wp-image-9754\" srcset=\"https:\/\/urzadzeni.com\/wp-content\/uploads\/urzadzeni-realizacje-jankowski_4-1-532x800.jpg 532w, https:\/\/urzadzeni.com\/wp-content\/uploads\/urzadzeni-realizacje-jankowski_4-1-200x300.jpg 200w, https:\/\/urzadzeni.com\/wp-content\/uploads\/urzadzeni-realizacje-jankowski_4-1-768x1154.jpg 768w, https:\/\/urzadzeni.com\/wp-content\/uploads\/urzadzeni-realizacje-jankowski_4-1-1022x1536.jpg 1022w, https:\/\/urzadzeni.com\/wp-content\/uploads\/urzadzeni-realizacje-jankowski_4-1-430x646.jpg 430w, https:\/\/urzadzeni.com\/wp-content\/uploads\/urzadzeni-realizacje-jankowski_4-1-700x1052.jpg 700w, https:\/\/urzadzeni.com\/wp-content\/uploads\/urzadzeni-realizacje-jankowski_4-1-180x270.jpg 180w, https:\/\/urzadzeni.com\/wp-content\/uploads\/urzadzeni-realizacje-jankowski_4-1.jpg 1226w\" sizes=\"auto, (max-width: 532px) 100vw, 532px\" \/><\/figure>\n\n\n\n<figure class=\"wp-block-image size-large\"><img loading=\"lazy\" decoding=\"async\" width=\"535\" height=\"800\" data-id=\"9755\" src=\"https:\/\/urzadzeni.com\/wp-content\/uploads\/urzadzeni-realizacje-jankowski_5-1-535x800.jpg\" alt=\"\" class=\"wp-image-9755\" srcset=\"https:\/\/urzadzeni.com\/wp-content\/uploads\/urzadzeni-realizacje-jankowski_5-1-535x800.jpg 535w, https:\/\/urzadzeni.com\/wp-content\/uploads\/urzadzeni-realizacje-jankowski_5-1-201x300.jpg 201w, https:\/\/urzadzeni.com\/wp-content\/uploads\/urzadzeni-realizacje-jankowski_5-1-768x1147.jpg 768w, https:\/\/urzadzeni.com\/wp-content\/uploads\/urzadzeni-realizacje-jankowski_5-1-1028x1536.jpg 1028w, https:\/\/urzadzeni.com\/wp-content\/uploads\/urzadzeni-realizacje-jankowski_5-1-430x642.jpg 430w, https:\/\/urzadzeni.com\/wp-content\/uploads\/urzadzeni-realizacje-jankowski_5-1-700x1046.jpg 700w, https:\/\/urzadzeni.com\/wp-content\/uploads\/urzadzeni-realizacje-jankowski_5-1-180x269.jpg 180w, https:\/\/urzadzeni.com\/wp-content\/uploads\/urzadzeni-realizacje-jankowski_5-1.jpg 1251w\" sizes=\"auto, (max-width: 535px) 100vw, 535px\" \/><\/figure>\n\n\n\n<figure class=\"wp-block-image size-large\"><img loading=\"lazy\" decoding=\"async\" width=\"532\" height=\"800\" data-id=\"9756\" src=\"https:\/\/urzadzeni.com\/wp-content\/uploads\/urzadzeni-realizacje-jankowski_6-1-532x800.jpg\" alt=\"\" class=\"wp-image-9756\" srcset=\"https:\/\/urzadzeni.com\/wp-content\/uploads\/urzadzeni-realizacje-jankowski_6-1-532x800.jpg 532w, https:\/\/urzadzeni.com\/wp-content\/uploads\/urzadzeni-realizacje-jankowski_6-1-200x300.jpg 200w, https:\/\/urzadzeni.com\/wp-content\/uploads\/urzadzeni-realizacje-jankowski_6-1-768x1154.jpg 768w, https:\/\/urzadzeni.com\/wp-content\/uploads\/urzadzeni-realizacje-jankowski_6-1-1022x1536.jpg 1022w, https:\/\/urzadzeni.com\/wp-content\/uploads\/urzadzeni-realizacje-jankowski_6-1-430x646.jpg 430w, https:\/\/urzadzeni.com\/wp-content\/uploads\/urzadzeni-realizacje-jankowski_6-1-700x1052.jpg 700w, https:\/\/urzadzeni.com\/wp-content\/uploads\/urzadzeni-realizacje-jankowski_6-1-180x270.jpg 180w, https:\/\/urzadzeni.com\/wp-content\/uploads\/urzadzeni-realizacje-jankowski_6-1.jpg 1124w\" sizes=\"auto, (max-width: 532px) 100vw, 532px\" \/><\/figure>\n\n\n\n<figure class=\"wp-block-image size-large\"><img loading=\"lazy\" decoding=\"async\" width=\"532\" height=\"800\" data-id=\"9757\" src=\"https:\/\/urzadzeni.com\/wp-content\/uploads\/urzadzeni-realizacje-jankowski_7-1-532x800.jpg\" alt=\"\" class=\"wp-image-9757\" srcset=\"https:\/\/urzadzeni.com\/wp-content\/uploads\/urzadzeni-realizacje-jankowski_7-1-532x800.jpg 532w, https:\/\/urzadzeni.com\/wp-content\/uploads\/urzadzeni-realizacje-jankowski_7-1-200x300.jpg 200w, https:\/\/urzadzeni.com\/wp-content\/uploads\/urzadzeni-realizacje-jankowski_7-1-768x1154.jpg 768w, https:\/\/urzadzeni.com\/wp-content\/uploads\/urzadzeni-realizacje-jankowski_7-1-1022x1536.jpg 1022w, https:\/\/urzadzeni.com\/wp-content\/uploads\/urzadzeni-realizacje-jankowski_7-1-430x646.jpg 430w, https:\/\/urzadzeni.com\/wp-content\/uploads\/urzadzeni-realizacje-jankowski_7-1-700x1052.jpg 700w, https:\/\/urzadzeni.com\/wp-content\/uploads\/urzadzeni-realizacje-jankowski_7-1-180x270.jpg 180w, https:\/\/urzadzeni.com\/wp-content\/uploads\/urzadzeni-realizacje-jankowski_7-1.jpg 1273w\" sizes=\"auto, (max-width: 532px) 100vw, 532px\" \/><\/figure>\n\n\n\n<figure class=\"wp-block-image size-large\"><img loading=\"lazy\" decoding=\"async\" width=\"1202\" height=\"800\" data-id=\"9765\" src=\"https:\/\/urzadzeni.com\/wp-content\/uploads\/urzadzeni-realizacje-jankowski_15-1-1202x800.jpg\" alt=\"\" class=\"wp-image-9765\" srcset=\"https:\/\/urzadzeni.com\/wp-content\/uploads\/urzadzeni-realizacje-jankowski_15-1-1202x800.jpg 1202w, https:\/\/urzadzeni.com\/wp-content\/uploads\/urzadzeni-realizacje-jankowski_15-1-400x266.jpg 400w, https:\/\/urzadzeni.com\/wp-content\/uploads\/urzadzeni-realizacje-jankowski_15-1-768x511.jpg 768w, https:\/\/urzadzeni.com\/wp-content\/uploads\/urzadzeni-realizacje-jankowski_15-1-1536x1022.jpg 1536w, https:\/\/urzadzeni.com\/wp-content\/uploads\/urzadzeni-realizacje-jankowski_15-1-430x286.jpg 430w, https:\/\/urzadzeni.com\/wp-content\/uploads\/urzadzeni-realizacje-jankowski_15-1-700x466.jpg 700w, https:\/\/urzadzeni.com\/wp-content\/uploads\/urzadzeni-realizacje-jankowski_15-1-180x120.jpg 180w, https:\/\/urzadzeni.com\/wp-content\/uploads\/urzadzeni-realizacje-jankowski_15-1.jpg 1856w\" sizes=\"auto, (max-width: 1202px) 100vw, 1202px\" \/><\/figure>\n<\/figure>\n","protected":false},"excerpt":{"rendered":"","protected":false},"featured_media":10869,"menu_order":0,"comment_status":"closed","ping_status":"closed","template":"","project-cat":[49],"class_list":["post-10867","portfolio","type-portfolio","status-publish","has-post-thumbnail","hentry","project-cat-houses-flats"],"yoast_head":"<!-- This site is optimized with the Yoast SEO plugin v26.6 - https:\/\/yoast.com\/wordpress\/plugins\/seo\/ -->\n<title>The harmony of beige and dark wood - Wyko\u0144czenie Dom\u00f3w i Ka\u017cdego Wn\u0119trza w Poznaniu | Urz\u0105dzeni<\/title>\n<meta name=\"description\" content=\"A unique harmony of beige and dark wood \u2013 a project in Pozna\u0144. Be inspired by the warm, elegant interior design.\" \/>\n<meta name=\"robots\" content=\"index, follow, max-snippet:-1, max-image-preview:large, max-video-preview:-1\" \/>\n<link rel=\"canonical\" href=\"https:\/\/urzadzeni.com\/projects\/harmonia-bezu-i-ciemnego-drewna\/\" \/>\n<meta property=\"og:locale\" content=\"en_US\" \/>\n<meta property=\"og:type\" content=\"article\" \/>\n<meta property=\"og:title\" content=\"The harmony of beige and dark wood - Wyko\u0144czenie Dom\u00f3w i Ka\u017cdego Wn\u0119trza w Poznaniu | Urz\u0105dzeni\" \/>\n<meta property=\"og:description\" content=\"A unique harmony of beige and dark wood \u2013 a project in Pozna\u0144. Be inspired by the warm, elegant interior design.\" \/>\n<meta property=\"og:url\" content=\"https:\/\/urzadzeni.com\/projects\/harmonia-bezu-i-ciemnego-drewna\/\" \/>\n<meta property=\"og:site_name\" content=\"Wyko\u0144czenie Dom\u00f3w i Ka\u017cdego Wn\u0119trza w Poznaniu | Urz\u0105dzeni\" \/>\n<meta property=\"article:modified_time\" content=\"2025-12-25T14:37:56+00:00\" \/>\n<meta property=\"og:image\" content=\"https:\/\/urzadzeni.com\/wp-content\/uploads\/urzadzeni-realizacje-domy-mieszkania-jankowski-2-thumbnail.jpg\" \/>\n\t<meta property=\"og:image:width\" content=\"1209\" \/>\n\t<meta property=\"og:image:height\" content=\"886\" \/>\n\t<meta property=\"og:image:type\" content=\"image\/jpeg\" \/>\n<meta name=\"twitter:card\" content=\"summary_large_image\" \/>\n<script type=\"application\/ld+json\" class=\"yoast-schema-graph\">{\"@context\":\"https:\/\/schema.org\",\"@graph\":[{\"@type\":\"WebPage\",\"@id\":\"https:\/\/urzadzeni.com\/projects\/harmonia-bezu-i-ciemnego-drewna\/\",\"url\":\"https:\/\/urzadzeni.com\/projects\/harmonia-bezu-i-ciemnego-drewna\/\",\"name\":\"The harmony of beige and dark wood - Wyko\u0144czenie Dom\u00f3w i Ka\u017cdego Wn\u0119trza w Poznaniu | Urz\u0105dzeni\",\"isPartOf\":{\"@id\":\"https:\/\/urzadzeni.com\/#website\"},\"primaryImageOfPage\":{\"@id\":\"https:\/\/urzadzeni.com\/projects\/harmonia-bezu-i-ciemnego-drewna\/#primaryimage\"},\"image\":{\"@id\":\"https:\/\/urzadzeni.com\/projects\/harmonia-bezu-i-ciemnego-drewna\/#primaryimage\"},\"thumbnailUrl\":\"https:\/\/urzadzeni.com\/wp-content\/uploads\/urzadzeni-realizacje-domy-mieszkania-jankowski-2-thumbnail.jpg\",\"datePublished\":\"2025-10-26T11:53:32+00:00\",\"dateModified\":\"2025-12-25T14:37:56+00:00\",\"description\":\"A unique harmony of beige and dark wood \u2013 a project in Pozna\u0144. Be inspired by the warm, elegant interior design.\",\"breadcrumb\":{\"@id\":\"https:\/\/urzadzeni.com\/projects\/harmonia-bezu-i-ciemnego-drewna\/#breadcrumb\"},\"inLanguage\":\"en-US\",\"potentialAction\":[{\"@type\":\"ReadAction\",\"target\":[\"https:\/\/urzadzeni.com\/projects\/harmonia-bezu-i-ciemnego-drewna\/\"]}]},{\"@type\":\"ImageObject\",\"inLanguage\":\"en-US\",\"@id\":\"https:\/\/urzadzeni.com\/projects\/harmonia-bezu-i-ciemnego-drewna\/#primaryimage\",\"url\":\"https:\/\/urzadzeni.com\/wp-content\/uploads\/urzadzeni-realizacje-domy-mieszkania-jankowski-2-thumbnail.jpg\",\"contentUrl\":\"https:\/\/urzadzeni.com\/wp-content\/uploads\/urzadzeni-realizacje-domy-mieszkania-jankowski-2-thumbnail.jpg\",\"width\":1209,\"height\":886},{\"@type\":\"BreadcrumbList\",\"@id\":\"https:\/\/urzadzeni.com\/projects\/harmonia-bezu-i-ciemnego-drewna\/#breadcrumb\",\"itemListElement\":[{\"@type\":\"ListItem\",\"position\":1,\"name\":\"Strona g\u0142\u00f3wna\",\"item\":\"https:\/\/urzadzeni.com\/\"},{\"@type\":\"ListItem\",\"position\":2,\"name\":\"Portfolio\",\"item\":\"https:\/\/urzadzeni.com\/realizacje-was\/\"},{\"@type\":\"ListItem\",\"position\":3,\"name\":\"The harmony of beige and dark wood\"}]},{\"@type\":\"WebSite\",\"@id\":\"https:\/\/urzadzeni.com\/#website\",\"url\":\"https:\/\/urzadzeni.com\/\",\"name\":\"Wyko\u0144czenie Dom\u00f3w i Ka\u017cdego Wn\u0119trza w Poznaniu | Urz\u0105dzeni\",\"description\":\"Urz\u0105dzeni\",\"potentialAction\":[{\"@type\":\"SearchAction\",\"target\":{\"@type\":\"EntryPoint\",\"urlTemplate\":\"https:\/\/urzadzeni.com\/?s={search_term_string}\"},\"query-input\":{\"@type\":\"PropertyValueSpecification\",\"valueRequired\":true,\"valueName\":\"search_term_string\"}}],\"inLanguage\":\"en-US\"}]}<\/script>\n<!-- \/ Yoast SEO plugin. -->","yoast_head_json":{"title":"The harmony of beige and dark wood - Wyko\u0144czenie Dom\u00f3w i Ka\u017cdego Wn\u0119trza w Poznaniu | Urz\u0105dzeni","description":"A unique harmony of beige and dark wood \u2013 a project in Pozna\u0144. Be inspired by the warm, elegant interior design.","robots":{"index":"index","follow":"follow","max-snippet":"max-snippet:-1","max-image-preview":"max-image-preview:large","max-video-preview":"max-video-preview:-1"},"canonical":"https:\/\/urzadzeni.com\/projects\/harmonia-bezu-i-ciemnego-drewna\/","og_locale":"en_US","og_type":"article","og_title":"The harmony of beige and dark wood - Wyko\u0144czenie Dom\u00f3w i Ka\u017cdego Wn\u0119trza w Poznaniu | Urz\u0105dzeni","og_description":"A unique harmony of beige and dark wood \u2013 a project in Pozna\u0144. Be inspired by the warm, elegant interior design.","og_url":"https:\/\/urzadzeni.com\/projects\/harmonia-bezu-i-ciemnego-drewna\/","og_site_name":"Wyko\u0144czenie Dom\u00f3w i Ka\u017cdego Wn\u0119trza w Poznaniu | Urz\u0105dzeni","article_modified_time":"2025-12-25T14:37:56+00:00","og_image":[{"width":1209,"height":886,"url":"https:\/\/urzadzeni.com\/wp-content\/uploads\/urzadzeni-realizacje-domy-mieszkania-jankowski-2-thumbnail.jpg","type":"image\/jpeg"}],"twitter_card":"summary_large_image","schema":{"@context":"https:\/\/schema.org","@graph":[{"@type":"WebPage","@id":"https:\/\/urzadzeni.com\/projects\/harmonia-bezu-i-ciemnego-drewna\/","url":"https:\/\/urzadzeni.com\/projects\/harmonia-bezu-i-ciemnego-drewna\/","name":"The harmony of beige and dark wood - Wyko\u0144czenie Dom\u00f3w i Ka\u017cdego Wn\u0119trza w Poznaniu | Urz\u0105dzeni","isPartOf":{"@id":"https:\/\/urzadzeni.com\/#website"},"primaryImageOfPage":{"@id":"https:\/\/urzadzeni.com\/projects\/harmonia-bezu-i-ciemnego-drewna\/#primaryimage"},"image":{"@id":"https:\/\/urzadzeni.com\/projects\/harmonia-bezu-i-ciemnego-drewna\/#primaryimage"},"thumbnailUrl":"https:\/\/urzadzeni.com\/wp-content\/uploads\/urzadzeni-realizacje-domy-mieszkania-jankowski-2-thumbnail.jpg","datePublished":"2025-10-26T11:53:32+00:00","dateModified":"2025-12-25T14:37:56+00:00","description":"A unique harmony of beige and dark wood \u2013 a project in Pozna\u0144. Be inspired by the warm, elegant interior design.","breadcrumb":{"@id":"https:\/\/urzadzeni.com\/projects\/harmonia-bezu-i-ciemnego-drewna\/#breadcrumb"},"inLanguage":"en-US","potentialAction":[{"@type":"ReadAction","target":["https:\/\/urzadzeni.com\/projects\/harmonia-bezu-i-ciemnego-drewna\/"]}]},{"@type":"ImageObject","inLanguage":"en-US","@id":"https:\/\/urzadzeni.com\/projects\/harmonia-bezu-i-ciemnego-drewna\/#primaryimage","url":"https:\/\/urzadzeni.com\/wp-content\/uploads\/urzadzeni-realizacje-domy-mieszkania-jankowski-2-thumbnail.jpg","contentUrl":"https:\/\/urzadzeni.com\/wp-content\/uploads\/urzadzeni-realizacje-domy-mieszkania-jankowski-2-thumbnail.jpg","width":1209,"height":886},{"@type":"BreadcrumbList","@id":"https:\/\/urzadzeni.com\/projects\/harmonia-bezu-i-ciemnego-drewna\/#breadcrumb","itemListElement":[{"@type":"ListItem","position":1,"name":"Strona g\u0142\u00f3wna","item":"https:\/\/urzadzeni.com\/"},{"@type":"ListItem","position":2,"name":"Portfolio","item":"https:\/\/urzadzeni.com\/realizacje-was\/"},{"@type":"ListItem","position":3,"name":"The harmony of beige and dark wood"}]},{"@type":"WebSite","@id":"https:\/\/urzadzeni.com\/#website","url":"https:\/\/urzadzeni.com\/","name":"Wyko\u0144czenie Dom\u00f3w i Ka\u017cdego Wn\u0119trza w Poznaniu | Urz\u0105dzeni","description":"Urz\u0105dzeni","potentialAction":[{"@type":"SearchAction","target":{"@type":"EntryPoint","urlTemplate":"https:\/\/urzadzeni.com\/?s={search_term_string}"},"query-input":{"@type":"PropertyValueSpecification","valueRequired":true,"valueName":"search_term_string"}}],"inLanguage":"en-US"}]}},"_links":{"self":[{"href":"https:\/\/urzadzeni.com\/en\/wp-json\/wp\/v2\/portfolio\/10867","targetHints":{"allow":["GET"]}}],"collection":[{"href":"https:\/\/urzadzeni.com\/en\/wp-json\/wp\/v2\/portfolio"}],"about":[{"href":"https:\/\/urzadzeni.com\/en\/wp-json\/wp\/v2\/types\/portfolio"}],"replies":[{"embeddable":true,"href":"https:\/\/urzadzeni.com\/en\/wp-json\/wp\/v2\/comments?post=10867"}],"version-history":[{"count":1,"href":"https:\/\/urzadzeni.com\/en\/wp-json\/wp\/v2\/portfolio\/10867\/revisions"}],"predecessor-version":[{"id":10885,"href":"https:\/\/urzadzeni.com\/en\/wp-json\/wp\/v2\/portfolio\/10867\/revisions\/10885"}],"wp:featuredmedia":[{"embeddable":true,"href":"https:\/\/urzadzeni.com\/en\/wp-json\/wp\/v2\/media\/10869"}],"wp:attachment":[{"href":"https:\/\/urzadzeni.com\/en\/wp-json\/wp\/v2\/media?parent=10867"}],"wp:term":[{"taxonomy":"project-cat","embeddable":true,"href":"https:\/\/urzadzeni.com\/en\/wp-json\/wp\/v2\/project-cat?post=10867"}],"curies":[{"name":"wp","href":"https:\/\/api.w.org\/{rel}","templated":true}]}}