{"id":10816,"date":"2025-10-26T12:56:07","date_gmt":"2025-10-26T11:56:07","guid":{"rendered":"https:\/\/urzadzeni.com\/portfolio\/jasne-wnetrza-i-cieple-drewno\/"},"modified":"2025-10-26T12:56:07","modified_gmt":"2025-10-26T11:56:07","slug":"jasne-wnetrza-i-cieple-drewno","status":"publish","type":"portfolio","link":"https:\/\/urzadzeni.com\/en\/projects\/jasne-wnetrza-i-cieple-drewno\/","title":{"rendered":"Jasne wn\u0119trza i ciep\u0142e drewno"},"content":{"rendered":"\n<figure class=\"wp-block-image size-large\"><img loading=\"lazy\" decoding=\"async\" width=\"1199\" height=\"800\" src=\"https:\/\/urzadzeni.com\/wp-content\/uploads\/urzadzeni-realizacje-frackowiak_1-1199x800.jpg\" alt=\"\" class=\"wp-image-9771\" srcset=\"https:\/\/urzadzeni.com\/wp-content\/uploads\/urzadzeni-realizacje-frackowiak_1-1199x800.jpg 1199w, https:\/\/urzadzeni.com\/wp-content\/uploads\/urzadzeni-realizacje-frackowiak_1-400x267.jpg 400w, https:\/\/urzadzeni.com\/wp-content\/uploads\/urzadzeni-realizacje-frackowiak_1-768x512.jpg 768w, https:\/\/urzadzeni.com\/wp-content\/uploads\/urzadzeni-realizacje-frackowiak_1-1536x1025.jpg 1536w, https:\/\/urzadzeni.com\/wp-content\/uploads\/urzadzeni-realizacje-frackowiak_1-430x287.jpg 430w, https:\/\/urzadzeni.com\/wp-content\/uploads\/urzadzeni-realizacje-frackowiak_1-700x467.jpg 700w, https:\/\/urzadzeni.com\/wp-content\/uploads\/urzadzeni-realizacje-frackowiak_1-180x120.jpg 180w, https:\/\/urzadzeni.com\/wp-content\/uploads\/urzadzeni-realizacje-frackowiak_1.jpg 1736w\" sizes=\"auto, (max-width: 1199px) 100vw, 1199px\" \/><\/figure>\n\n\n\n<figure class=\"wp-block-gallery has-nested-images columns-default is-cropped wp-block-gallery-1 is-layout-flex wp-block-gallery-is-layout-flex\">\n<figure class=\"wp-block-image size-large\"><img loading=\"lazy\" decoding=\"async\" width=\"1199\" height=\"800\" data-id=\"9772\" src=\"https:\/\/urzadzeni.com\/wp-content\/uploads\/urzadzeni-realizacje-frackowiak_2-1199x800.jpg\" alt=\"\" class=\"wp-image-9772\" srcset=\"https:\/\/urzadzeni.com\/wp-content\/uploads\/urzadzeni-realizacje-frackowiak_2-1199x800.jpg 1199w, https:\/\/urzadzeni.com\/wp-content\/uploads\/urzadzeni-realizacje-frackowiak_2-400x267.jpg 400w, https:\/\/urzadzeni.com\/wp-content\/uploads\/urzadzeni-realizacje-frackowiak_2-768x512.jpg 768w, https:\/\/urzadzeni.com\/wp-content\/uploads\/urzadzeni-realizacje-frackowiak_2-1536x1025.jpg 1536w, https:\/\/urzadzeni.com\/wp-content\/uploads\/urzadzeni-realizacje-frackowiak_2-430x287.jpg 430w, https:\/\/urzadzeni.com\/wp-content\/uploads\/urzadzeni-realizacje-frackowiak_2-700x467.jpg 700w, https:\/\/urzadzeni.com\/wp-content\/uploads\/urzadzeni-realizacje-frackowiak_2-180x120.jpg 180w, https:\/\/urzadzeni.com\/wp-content\/uploads\/urzadzeni-realizacje-frackowiak_2.jpg 1736w\" sizes=\"auto, (max-width: 1199px) 100vw, 1199px\" \/><\/figure>\n\n\n\n<figure class=\"wp-block-image size-large\"><img loading=\"lazy\" decoding=\"async\" width=\"534\" height=\"800\" data-id=\"9777\" src=\"https:\/\/urzadzeni.com\/wp-content\/uploads\/urzadzeni-realizacje-frackowiak_7-534x800.jpg\" alt=\"\" class=\"wp-image-9777\" srcset=\"https:\/\/urzadzeni.com\/wp-content\/uploads\/urzadzeni-realizacje-frackowiak_7-534x800.jpg 534w, https:\/\/urzadzeni.com\/wp-content\/uploads\/urzadzeni-realizacje-frackowiak_7-200x300.jpg 200w, https:\/\/urzadzeni.com\/wp-content\/uploads\/urzadzeni-realizacje-frackowiak_7-768x1151.jpg 768w, https:\/\/urzadzeni.com\/wp-content\/uploads\/urzadzeni-realizacje-frackowiak_7-1025x1536.jpg 1025w, https:\/\/urzadzeni.com\/wp-content\/uploads\/urzadzeni-realizacje-frackowiak_7-430x645.jpg 430w, https:\/\/urzadzeni.com\/wp-content\/uploads\/urzadzeni-realizacje-frackowiak_7-700x1049.jpg 700w, https:\/\/urzadzeni.com\/wp-content\/uploads\/urzadzeni-realizacje-frackowiak_7-180x270.jpg 180w, https:\/\/urzadzeni.com\/wp-content\/uploads\/urzadzeni-realizacje-frackowiak_7.jpg 1158w\" sizes=\"auto, (max-width: 534px) 100vw, 534px\" \/><\/figure>\n\n\n\n<figure class=\"wp-block-image size-large\"><img loading=\"lazy\" decoding=\"async\" width=\"534\" height=\"800\" data-id=\"9773\" src=\"https:\/\/urzadzeni.com\/wp-content\/uploads\/urzadzeni-realizacje-frackowiak_3-534x800.jpg\" alt=\"\" class=\"wp-image-9773\" srcset=\"https:\/\/urzadzeni.com\/wp-content\/uploads\/urzadzeni-realizacje-frackowiak_3-534x800.jpg 534w, https:\/\/urzadzeni.com\/wp-content\/uploads\/urzadzeni-realizacje-frackowiak_3-200x300.jpg 200w, https:\/\/urzadzeni.com\/wp-content\/uploads\/urzadzeni-realizacje-frackowiak_3-768x1151.jpg 768w, https:\/\/urzadzeni.com\/wp-content\/uploads\/urzadzeni-realizacje-frackowiak_3-1025x1536.jpg 1025w, https:\/\/urzadzeni.com\/wp-content\/uploads\/urzadzeni-realizacje-frackowiak_3-430x645.jpg 430w, https:\/\/urzadzeni.com\/wp-content\/uploads\/urzadzeni-realizacje-frackowiak_3-700x1049.jpg 700w, https:\/\/urzadzeni.com\/wp-content\/uploads\/urzadzeni-realizacje-frackowiak_3-180x270.jpg 180w, https:\/\/urzadzeni.com\/wp-content\/uploads\/urzadzeni-realizacje-frackowiak_3.jpg 1158w\" sizes=\"auto, (max-width: 534px) 100vw, 534px\" \/><\/figure>\n\n\n\n<figure class=\"wp-block-image size-large\"><img loading=\"lazy\" decoding=\"async\" width=\"534\" height=\"800\" data-id=\"9774\" src=\"https:\/\/urzadzeni.com\/wp-content\/uploads\/urzadzeni-realizacje-frackowiak_4-534x800.jpg\" alt=\"\" class=\"wp-image-9774\" srcset=\"https:\/\/urzadzeni.com\/wp-content\/uploads\/urzadzeni-realizacje-frackowiak_4-534x800.jpg 534w, https:\/\/urzadzeni.com\/wp-content\/uploads\/urzadzeni-realizacje-frackowiak_4-200x300.jpg 200w, https:\/\/urzadzeni.com\/wp-content\/uploads\/urzadzeni-realizacje-frackowiak_4-768x1151.jpg 768w, https:\/\/urzadzeni.com\/wp-content\/uploads\/urzadzeni-realizacje-frackowiak_4-1025x1536.jpg 1025w, https:\/\/urzadzeni.com\/wp-content\/uploads\/urzadzeni-realizacje-frackowiak_4-430x645.jpg 430w, https:\/\/urzadzeni.com\/wp-content\/uploads\/urzadzeni-realizacje-frackowiak_4-700x1049.jpg 700w, https:\/\/urzadzeni.com\/wp-content\/uploads\/urzadzeni-realizacje-frackowiak_4-180x270.jpg 180w, https:\/\/urzadzeni.com\/wp-content\/uploads\/urzadzeni-realizacje-frackowiak_4.jpg 1158w\" sizes=\"auto, (max-width: 534px) 100vw, 534px\" \/><\/figure>\n\n\n\n<figure class=\"wp-block-image size-large\"><img loading=\"lazy\" decoding=\"async\" width=\"1199\" height=\"800\" data-id=\"9775\" src=\"https:\/\/urzadzeni.com\/wp-content\/uploads\/urzadzeni-realizacje-frackowiak_5-1199x800.jpg\" alt=\"\" class=\"wp-image-9775\" srcset=\"https:\/\/urzadzeni.com\/wp-content\/uploads\/urzadzeni-realizacje-frackowiak_5-1199x800.jpg 1199w, https:\/\/urzadzeni.com\/wp-content\/uploads\/urzadzeni-realizacje-frackowiak_5-400x267.jpg 400w, https:\/\/urzadzeni.com\/wp-content\/uploads\/urzadzeni-realizacje-frackowiak_5-768x512.jpg 768w, https:\/\/urzadzeni.com\/wp-content\/uploads\/urzadzeni-realizacje-frackowiak_5-1536x1025.jpg 1536w, https:\/\/urzadzeni.com\/wp-content\/uploads\/urzadzeni-realizacje-frackowiak_5-430x287.jpg 430w, https:\/\/urzadzeni.com\/wp-content\/uploads\/urzadzeni-realizacje-frackowiak_5-700x467.jpg 700w, https:\/\/urzadzeni.com\/wp-content\/uploads\/urzadzeni-realizacje-frackowiak_5-180x120.jpg 180w, https:\/\/urzadzeni.com\/wp-content\/uploads\/urzadzeni-realizacje-frackowiak_5.jpg 1736w\" sizes=\"auto, (max-width: 1199px) 100vw, 1199px\" \/><\/figure>\n\n\n\n<figure class=\"wp-block-image size-large\"><img loading=\"lazy\" decoding=\"async\" width=\"1199\" height=\"800\" data-id=\"9776\" src=\"https:\/\/urzadzeni.com\/wp-content\/uploads\/urzadzeni-realizacje-frackowiak_6-1199x800.jpg\" alt=\"\" class=\"wp-image-9776\" srcset=\"https:\/\/urzadzeni.com\/wp-content\/uploads\/urzadzeni-realizacje-frackowiak_6-1199x800.jpg 1199w, https:\/\/urzadzeni.com\/wp-content\/uploads\/urzadzeni-realizacje-frackowiak_6-400x267.jpg 400w, https:\/\/urzadzeni.com\/wp-content\/uploads\/urzadzeni-realizacje-frackowiak_6-768x512.jpg 768w, https:\/\/urzadzeni.com\/wp-content\/uploads\/urzadzeni-realizacje-frackowiak_6-1536x1025.jpg 1536w, https:\/\/urzadzeni.com\/wp-content\/uploads\/urzadzeni-realizacje-frackowiak_6-430x287.jpg 430w, https:\/\/urzadzeni.com\/wp-content\/uploads\/urzadzeni-realizacje-frackowiak_6-700x467.jpg 700w, https:\/\/urzadzeni.com\/wp-content\/uploads\/urzadzeni-realizacje-frackowiak_6-180x120.jpg 180w, https:\/\/urzadzeni.com\/wp-content\/uploads\/urzadzeni-realizacje-frackowiak_6.jpg 1736w\" sizes=\"auto, (max-width: 1199px) 100vw, 1199px\" \/><\/figure>\n\n\n\n<figure class=\"wp-block-image size-large\"><img loading=\"lazy\" decoding=\"async\" width=\"1199\" height=\"800\" data-id=\"9778\" src=\"https:\/\/urzadzeni.com\/wp-content\/uploads\/urzadzeni-realizacje-frackowiak_8-1199x800.jpg\" alt=\"\" class=\"wp-image-9778\" srcset=\"https:\/\/urzadzeni.com\/wp-content\/uploads\/urzadzeni-realizacje-frackowiak_8-1199x800.jpg 1199w, https:\/\/urzadzeni.com\/wp-content\/uploads\/urzadzeni-realizacje-frackowiak_8-400x267.jpg 400w, https:\/\/urzadzeni.com\/wp-content\/uploads\/urzadzeni-realizacje-frackowiak_8-768x512.jpg 768w, https:\/\/urzadzeni.com\/wp-content\/uploads\/urzadzeni-realizacje-frackowiak_8-1536x1025.jpg 1536w, https:\/\/urzadzeni.com\/wp-content\/uploads\/urzadzeni-realizacje-frackowiak_8-430x287.jpg 430w, https:\/\/urzadzeni.com\/wp-content\/uploads\/urzadzeni-realizacje-frackowiak_8-700x467.jpg 700w, https:\/\/urzadzeni.com\/wp-content\/uploads\/urzadzeni-realizacje-frackowiak_8-180x120.jpg 180w, https:\/\/urzadzeni.com\/wp-content\/uploads\/urzadzeni-realizacje-frackowiak_8.jpg 1736w\" sizes=\"auto, (max-width: 1199px) 100vw, 1199px\" \/><\/figure>\n\n\n\n<figure class=\"wp-block-image size-large\"><img loading=\"lazy\" decoding=\"async\" width=\"534\" height=\"800\" data-id=\"9779\" src=\"https:\/\/urzadzeni.com\/wp-content\/uploads\/urzadzeni-realizacje-frackowiak_9-534x800.jpg\" alt=\"\" class=\"wp-image-9779\" srcset=\"https:\/\/urzadzeni.com\/wp-content\/uploads\/urzadzeni-realizacje-frackowiak_9-534x800.jpg 534w, https:\/\/urzadzeni.com\/wp-content\/uploads\/urzadzeni-realizacje-frackowiak_9-200x300.jpg 200w, https:\/\/urzadzeni.com\/wp-content\/uploads\/urzadzeni-realizacje-frackowiak_9-768x1151.jpg 768w, https:\/\/urzadzeni.com\/wp-content\/uploads\/urzadzeni-realizacje-frackowiak_9-1025x1536.jpg 1025w, https:\/\/urzadzeni.com\/wp-content\/uploads\/urzadzeni-realizacje-frackowiak_9-430x645.jpg 430w, https:\/\/urzadzeni.com\/wp-content\/uploads\/urzadzeni-realizacje-frackowiak_9-700x1049.jpg 700w, https:\/\/urzadzeni.com\/wp-content\/uploads\/urzadzeni-realizacje-frackowiak_9-180x270.jpg 180w, https:\/\/urzadzeni.com\/wp-content\/uploads\/urzadzeni-realizacje-frackowiak_9.jpg 1158w\" sizes=\"auto, (max-width: 534px) 100vw, 534px\" \/><\/figure>\n\n\n\n<figure class=\"wp-block-image size-large\"><img loading=\"lazy\" decoding=\"async\" width=\"534\" height=\"800\" data-id=\"9780\" src=\"https:\/\/urzadzeni.com\/wp-content\/uploads\/urzadzeni-realizacje-frackowiak_10-534x800.jpg\" alt=\"\" class=\"wp-image-9780\" srcset=\"https:\/\/urzadzeni.com\/wp-content\/uploads\/urzadzeni-realizacje-frackowiak_10-534x800.jpg 534w, https:\/\/urzadzeni.com\/wp-content\/uploads\/urzadzeni-realizacje-frackowiak_10-200x300.jpg 200w, https:\/\/urzadzeni.com\/wp-content\/uploads\/urzadzeni-realizacje-frackowiak_10-768x1151.jpg 768w, https:\/\/urzadzeni.com\/wp-content\/uploads\/urzadzeni-realizacje-frackowiak_10-1025x1536.jpg 1025w, https:\/\/urzadzeni.com\/wp-content\/uploads\/urzadzeni-realizacje-frackowiak_10-430x645.jpg 430w, https:\/\/urzadzeni.com\/wp-content\/uploads\/urzadzeni-realizacje-frackowiak_10-700x1049.jpg 700w, https:\/\/urzadzeni.com\/wp-content\/uploads\/urzadzeni-realizacje-frackowiak_10-180x270.jpg 180w, https:\/\/urzadzeni.com\/wp-content\/uploads\/urzadzeni-realizacje-frackowiak_10.jpg 1158w\" sizes=\"auto, (max-width: 534px) 100vw, 534px\" \/><\/figure>\n\n\n\n<figure class=\"wp-block-image size-large\"><img loading=\"lazy\" decoding=\"async\" width=\"534\" height=\"800\" data-id=\"9781\" src=\"https:\/\/urzadzeni.com\/wp-content\/uploads\/urzadzeni-realizacje-frackowiak_11-534x800.jpg\" alt=\"\" class=\"wp-image-9781\" srcset=\"https:\/\/urzadzeni.com\/wp-content\/uploads\/urzadzeni-realizacje-frackowiak_11-534x800.jpg 534w, https:\/\/urzadzeni.com\/wp-content\/uploads\/urzadzeni-realizacje-frackowiak_11-200x300.jpg 200w, https:\/\/urzadzeni.com\/wp-content\/uploads\/urzadzeni-realizacje-frackowiak_11-768x1151.jpg 768w, https:\/\/urzadzeni.com\/wp-content\/uploads\/urzadzeni-realizacje-frackowiak_11-1025x1536.jpg 1025w, https:\/\/urzadzeni.com\/wp-content\/uploads\/urzadzeni-realizacje-frackowiak_11-430x645.jpg 430w, https:\/\/urzadzeni.com\/wp-content\/uploads\/urzadzeni-realizacje-frackowiak_11-700x1049.jpg 700w, https:\/\/urzadzeni.com\/wp-content\/uploads\/urzadzeni-realizacje-frackowiak_11-180x270.jpg 180w, https:\/\/urzadzeni.com\/wp-content\/uploads\/urzadzeni-realizacje-frackowiak_11.jpg 1158w\" sizes=\"auto, (max-width: 534px) 100vw, 534px\" \/><\/figure>\n\n\n\n<figure class=\"wp-block-image size-large\"><img loading=\"lazy\" decoding=\"async\" width=\"1199\" height=\"800\" data-id=\"9782\" src=\"https:\/\/urzadzeni.com\/wp-content\/uploads\/urzadzeni-realizacje-frackowiak_12-1199x800.jpg\" alt=\"\" class=\"wp-image-9782\" srcset=\"https:\/\/urzadzeni.com\/wp-content\/uploads\/urzadzeni-realizacje-frackowiak_12-1199x800.jpg 1199w, https:\/\/urzadzeni.com\/wp-content\/uploads\/urzadzeni-realizacje-frackowiak_12-400x267.jpg 400w, https:\/\/urzadzeni.com\/wp-content\/uploads\/urzadzeni-realizacje-frackowiak_12-768x512.jpg 768w, https:\/\/urzadzeni.com\/wp-content\/uploads\/urzadzeni-realizacje-frackowiak_12-1536x1025.jpg 1536w, https:\/\/urzadzeni.com\/wp-content\/uploads\/urzadzeni-realizacje-frackowiak_12-430x287.jpg 430w, https:\/\/urzadzeni.com\/wp-content\/uploads\/urzadzeni-realizacje-frackowiak_12-700x467.jpg 700w, https:\/\/urzadzeni.com\/wp-content\/uploads\/urzadzeni-realizacje-frackowiak_12-180x120.jpg 180w, https:\/\/urzadzeni.com\/wp-content\/uploads\/urzadzeni-realizacje-frackowiak_12.jpg 1736w\" sizes=\"auto, (max-width: 1199px) 100vw, 1199px\" \/><\/figure>\n\n\n\n<figure class=\"wp-block-image size-large\"><img loading=\"lazy\" decoding=\"async\" width=\"534\" height=\"800\" data-id=\"9783\" src=\"https:\/\/urzadzeni.com\/wp-content\/uploads\/urzadzeni-realizacje-frackowiak_13-534x800.jpg\" alt=\"\" class=\"wp-image-9783\" srcset=\"https:\/\/urzadzeni.com\/wp-content\/uploads\/urzadzeni-realizacje-frackowiak_13-534x800.jpg 534w, https:\/\/urzadzeni.com\/wp-content\/uploads\/urzadzeni-realizacje-frackowiak_13-200x300.jpg 200w, https:\/\/urzadzeni.com\/wp-content\/uploads\/urzadzeni-realizacje-frackowiak_13-768x1151.jpg 768w, https:\/\/urzadzeni.com\/wp-content\/uploads\/urzadzeni-realizacje-frackowiak_13-1025x1536.jpg 1025w, https:\/\/urzadzeni.com\/wp-content\/uploads\/urzadzeni-realizacje-frackowiak_13-430x645.jpg 430w, https:\/\/urzadzeni.com\/wp-content\/uploads\/urzadzeni-realizacje-frackowiak_13-700x1049.jpg 700w, https:\/\/urzadzeni.com\/wp-content\/uploads\/urzadzeni-realizacje-frackowiak_13-180x270.jpg 180w, https:\/\/urzadzeni.com\/wp-content\/uploads\/urzadzeni-realizacje-frackowiak_13.jpg 1158w\" sizes=\"auto, (max-width: 534px) 100vw, 534px\" \/><\/figure>\n\n\n\n<figure class=\"wp-block-image size-large\"><img loading=\"lazy\" decoding=\"async\" width=\"534\" height=\"800\" data-id=\"9784\" src=\"https:\/\/urzadzeni.com\/wp-content\/uploads\/urzadzeni-realizacje-frackowiak_14-534x800.jpg\" alt=\"\" class=\"wp-image-9784\" srcset=\"https:\/\/urzadzeni.com\/wp-content\/uploads\/urzadzeni-realizacje-frackowiak_14-534x800.jpg 534w, https:\/\/urzadzeni.com\/wp-content\/uploads\/urzadzeni-realizacje-frackowiak_14-200x300.jpg 200w, https:\/\/urzadzeni.com\/wp-content\/uploads\/urzadzeni-realizacje-frackowiak_14-768x1151.jpg 768w, https:\/\/urzadzeni.com\/wp-content\/uploads\/urzadzeni-realizacje-frackowiak_14-1025x1536.jpg 1025w, https:\/\/urzadzeni.com\/wp-content\/uploads\/urzadzeni-realizacje-frackowiak_14-430x645.jpg 430w, https:\/\/urzadzeni.com\/wp-content\/uploads\/urzadzeni-realizacje-frackowiak_14-700x1049.jpg 700w, https:\/\/urzadzeni.com\/wp-content\/uploads\/urzadzeni-realizacje-frackowiak_14-180x270.jpg 180w, https:\/\/urzadzeni.com\/wp-content\/uploads\/urzadzeni-realizacje-frackowiak_14.jpg 1158w\" sizes=\"auto, (max-width: 534px) 100vw, 534px\" \/><\/figure>\n\n\n\n<figure class=\"wp-block-image size-large\"><img loading=\"lazy\" decoding=\"async\" width=\"534\" height=\"800\" data-id=\"9785\" src=\"https:\/\/urzadzeni.com\/wp-content\/uploads\/urzadzeni-realizacje-frackowiak_15-534x800.jpg\" alt=\"\" class=\"wp-image-9785\" srcset=\"https:\/\/urzadzeni.com\/wp-content\/uploads\/urzadzeni-realizacje-frackowiak_15-534x800.jpg 534w, https:\/\/urzadzeni.com\/wp-content\/uploads\/urzadzeni-realizacje-frackowiak_15-200x300.jpg 200w, https:\/\/urzadzeni.com\/wp-content\/uploads\/urzadzeni-realizacje-frackowiak_15-768x1151.jpg 768w, https:\/\/urzadzeni.com\/wp-content\/uploads\/urzadzeni-realizacje-frackowiak_15-1025x1536.jpg 1025w, https:\/\/urzadzeni.com\/wp-content\/uploads\/urzadzeni-realizacje-frackowiak_15-430x645.jpg 430w, https:\/\/urzadzeni.com\/wp-content\/uploads\/urzadzeni-realizacje-frackowiak_15-700x1049.jpg 700w, https:\/\/urzadzeni.com\/wp-content\/uploads\/urzadzeni-realizacje-frackowiak_15-180x270.jpg 180w, https:\/\/urzadzeni.com\/wp-content\/uploads\/urzadzeni-realizacje-frackowiak_15.jpg 1158w\" sizes=\"auto, (max-width: 534px) 100vw, 534px\" \/><\/figure>\n\n\n\n<figure class=\"wp-block-image size-large\"><img loading=\"lazy\" decoding=\"async\" width=\"1199\" height=\"800\" data-id=\"9786\" src=\"https:\/\/urzadzeni.com\/wp-content\/uploads\/urzadzeni-realizacje-frackowiak_16-1199x800.jpg\" alt=\"\" class=\"wp-image-9786\" srcset=\"https:\/\/urzadzeni.com\/wp-content\/uploads\/urzadzeni-realizacje-frackowiak_16-1199x800.jpg 1199w, https:\/\/urzadzeni.com\/wp-content\/uploads\/urzadzeni-realizacje-frackowiak_16-400x267.jpg 400w, https:\/\/urzadzeni.com\/wp-content\/uploads\/urzadzeni-realizacje-frackowiak_16-768x512.jpg 768w, https:\/\/urzadzeni.com\/wp-content\/uploads\/urzadzeni-realizacje-frackowiak_16-1536x1025.jpg 1536w, https:\/\/urzadzeni.com\/wp-content\/uploads\/urzadzeni-realizacje-frackowiak_16-430x287.jpg 430w, https:\/\/urzadzeni.com\/wp-content\/uploads\/urzadzeni-realizacje-frackowiak_16-700x467.jpg 700w, https:\/\/urzadzeni.com\/wp-content\/uploads\/urzadzeni-realizacje-frackowiak_16-180x120.jpg 180w, https:\/\/urzadzeni.com\/wp-content\/uploads\/urzadzeni-realizacje-frackowiak_16.jpg 1736w\" sizes=\"auto, (max-width: 1199px) 100vw, 1199px\" \/><\/figure>\n\n\n\n<figure class=\"wp-block-image size-large\"><img loading=\"lazy\" decoding=\"async\" width=\"534\" height=\"800\" data-id=\"9787\" src=\"https:\/\/urzadzeni.com\/wp-content\/uploads\/urzadzeni-realizacje-frackowiak_17-534x800.jpg\" alt=\"\" class=\"wp-image-9787\" srcset=\"https:\/\/urzadzeni.com\/wp-content\/uploads\/urzadzeni-realizacje-frackowiak_17-534x800.jpg 534w, https:\/\/urzadzeni.com\/wp-content\/uploads\/urzadzeni-realizacje-frackowiak_17-200x300.jpg 200w, https:\/\/urzadzeni.com\/wp-content\/uploads\/urzadzeni-realizacje-frackowiak_17-768x1151.jpg 768w, https:\/\/urzadzeni.com\/wp-content\/uploads\/urzadzeni-realizacje-frackowiak_17-1025x1536.jpg 1025w, https:\/\/urzadzeni.com\/wp-content\/uploads\/urzadzeni-realizacje-frackowiak_17-430x645.jpg 430w, https:\/\/urzadzeni.com\/wp-content\/uploads\/urzadzeni-realizacje-frackowiak_17-700x1049.jpg 700w, https:\/\/urzadzeni.com\/wp-content\/uploads\/urzadzeni-realizacje-frackowiak_17-180x270.jpg 180w, https:\/\/urzadzeni.com\/wp-content\/uploads\/urzadzeni-realizacje-frackowiak_17.jpg 1158w\" sizes=\"auto, (max-width: 534px) 100vw, 534px\" \/><\/figure>\n\n\n\n<figure class=\"wp-block-image size-large\"><img loading=\"lazy\" decoding=\"async\" width=\"1199\" height=\"800\" data-id=\"9788\" src=\"https:\/\/urzadzeni.com\/wp-content\/uploads\/urzadzeni-realizacje-frackowiak_18-1199x800.jpg\" alt=\"\" class=\"wp-image-9788\" srcset=\"https:\/\/urzadzeni.com\/wp-content\/uploads\/urzadzeni-realizacje-frackowiak_18-1199x800.jpg 1199w, https:\/\/urzadzeni.com\/wp-content\/uploads\/urzadzeni-realizacje-frackowiak_18-400x267.jpg 400w, https:\/\/urzadzeni.com\/wp-content\/uploads\/urzadzeni-realizacje-frackowiak_18-768x512.jpg 768w, https:\/\/urzadzeni.com\/wp-content\/uploads\/urzadzeni-realizacje-frackowiak_18-1536x1025.jpg 1536w, https:\/\/urzadzeni.com\/wp-content\/uploads\/urzadzeni-realizacje-frackowiak_18-430x287.jpg 430w, https:\/\/urzadzeni.com\/wp-content\/uploads\/urzadzeni-realizacje-frackowiak_18-700x467.jpg 700w, https:\/\/urzadzeni.com\/wp-content\/uploads\/urzadzeni-realizacje-frackowiak_18-180x120.jpg 180w, https:\/\/urzadzeni.com\/wp-content\/uploads\/urzadzeni-realizacje-frackowiak_18.jpg 1736w\" sizes=\"auto, (max-width: 1199px) 100vw, 1199px\" \/><\/figure>\n<\/figure>\n","protected":false},"excerpt":{"rendered":"","protected":false},"featured_media":10818,"menu_order":0,"comment_status":"closed","ping_status":"closed","template":"","project-cat":[49],"class_list":["post-10816","portfolio","type-portfolio","status-publish","has-post-thumbnail","hentry","project-cat-houses-flats"],"yoast_head":"<!-- This site is optimized with the Yoast SEO plugin v26.6 - https:\/\/yoast.com\/wordpress\/plugins\/seo\/ -->\n<title>Jasne wn\u0119trza i ciep\u0142e drewno - Wyko\u0144czenie Dom\u00f3w i Ka\u017cdego Wn\u0119trza w Poznaniu | Urz\u0105dzeni<\/title>\n<meta name=\"robots\" content=\"index, follow, max-snippet:-1, max-image-preview:large, max-video-preview:-1\" \/>\n<link rel=\"canonical\" href=\"https:\/\/urzadzeni.com\/en\/projects\/jasne-wnetrza-i-cieple-drewno\/\" \/>\n<meta property=\"og:locale\" content=\"en_US\" \/>\n<meta property=\"og:type\" content=\"article\" \/>\n<meta property=\"og:title\" content=\"Jasne wn\u0119trza i ciep\u0142e drewno - Wyko\u0144czenie Dom\u00f3w i Ka\u017cdego Wn\u0119trza w Poznaniu | Urz\u0105dzeni\" \/>\n<meta property=\"og:url\" content=\"https:\/\/urzadzeni.com\/en\/projects\/jasne-wnetrza-i-cieple-drewno\/\" \/>\n<meta property=\"og:site_name\" content=\"Wyko\u0144czenie Dom\u00f3w i Ka\u017cdego Wn\u0119trza w Poznaniu | Urz\u0105dzeni\" \/>\n<meta property=\"og:image\" content=\"https:\/\/urzadzeni.com\/wp-content\/uploads\/urzadzeni-realizacje-frackowiak_1.jpg\" \/>\n\t<meta property=\"og:image:width\" content=\"1736\" \/>\n\t<meta property=\"og:image:height\" content=\"1158\" \/>\n\t<meta property=\"og:image:type\" content=\"image\/jpeg\" \/>\n<meta name=\"twitter:card\" content=\"summary_large_image\" \/>\n<script type=\"application\/ld+json\" class=\"yoast-schema-graph\">{\"@context\":\"https:\/\/schema.org\",\"@graph\":[{\"@type\":\"WebPage\",\"@id\":\"https:\/\/urzadzeni.com\/en\/projects\/jasne-wnetrza-i-cieple-drewno\/\",\"url\":\"https:\/\/urzadzeni.com\/en\/projects\/jasne-wnetrza-i-cieple-drewno\/\",\"name\":\"Jasne wn\u0119trza i ciep\u0142e drewno - Wyko\u0144czenie Dom\u00f3w i Ka\u017cdego Wn\u0119trza w Poznaniu | Urz\u0105dzeni\",\"isPartOf\":{\"@id\":\"https:\/\/urzadzeni.com\/#website\"},\"primaryImageOfPage\":{\"@id\":\"https:\/\/urzadzeni.com\/en\/projects\/jasne-wnetrza-i-cieple-drewno\/#primaryimage\"},\"image\":{\"@id\":\"https:\/\/urzadzeni.com\/en\/projects\/jasne-wnetrza-i-cieple-drewno\/#primaryimage\"},\"thumbnailUrl\":\"https:\/\/urzadzeni.com\/wp-content\/uploads\/urzadzeni-realizacje-domy-mieszkania-frackowiak-thumbnail.jpg\",\"datePublished\":\"2025-10-26T11:56:07+00:00\",\"breadcrumb\":{\"@id\":\"https:\/\/urzadzeni.com\/en\/projects\/jasne-wnetrza-i-cieple-drewno\/#breadcrumb\"},\"inLanguage\":\"en-US\",\"potentialAction\":[{\"@type\":\"ReadAction\",\"target\":[\"https:\/\/urzadzeni.com\/en\/projects\/jasne-wnetrza-i-cieple-drewno\/\"]}]},{\"@type\":\"ImageObject\",\"inLanguage\":\"en-US\",\"@id\":\"https:\/\/urzadzeni.com\/en\/projects\/jasne-wnetrza-i-cieple-drewno\/#primaryimage\",\"url\":\"https:\/\/urzadzeni.com\/wp-content\/uploads\/urzadzeni-realizacje-domy-mieszkania-frackowiak-thumbnail.jpg\",\"contentUrl\":\"https:\/\/urzadzeni.com\/wp-content\/uploads\/urzadzeni-realizacje-domy-mieszkania-frackowiak-thumbnail.jpg\",\"width\":1209,\"height\":886},{\"@type\":\"BreadcrumbList\",\"@id\":\"https:\/\/urzadzeni.com\/en\/projects\/jasne-wnetrza-i-cieple-drewno\/#breadcrumb\",\"itemListElement\":[{\"@type\":\"ListItem\",\"position\":1,\"name\":\"Strona g\u0142\u00f3wna\",\"item\":\"https:\/\/urzadzeni.com\/\"},{\"@type\":\"ListItem\",\"position\":2,\"name\":\"Portfolio\",\"item\":\"https:\/\/urzadzeni.com\/realizacje-was\/\"},{\"@type\":\"ListItem\",\"position\":3,\"name\":\"Jasne wn\u0119trza i ciep\u0142e drewno\"}]},{\"@type\":\"WebSite\",\"@id\":\"https:\/\/urzadzeni.com\/#website\",\"url\":\"https:\/\/urzadzeni.com\/\",\"name\":\"Wyko\u0144czenie Dom\u00f3w i Ka\u017cdego Wn\u0119trza w Poznaniu | Urz\u0105dzeni\",\"description\":\"Urz\u0105dzeni\",\"potentialAction\":[{\"@type\":\"SearchAction\",\"target\":{\"@type\":\"EntryPoint\",\"urlTemplate\":\"https:\/\/urzadzeni.com\/?s={search_term_string}\"},\"query-input\":{\"@type\":\"PropertyValueSpecification\",\"valueRequired\":true,\"valueName\":\"search_term_string\"}}],\"inLanguage\":\"en-US\"}]}<\/script>\n<!-- \/ Yoast SEO plugin. -->","yoast_head_json":{"title":"Jasne wn\u0119trza i ciep\u0142e drewno - Wyko\u0144czenie Dom\u00f3w i Ka\u017cdego Wn\u0119trza w Poznaniu | Urz\u0105dzeni","robots":{"index":"index","follow":"follow","max-snippet":"max-snippet:-1","max-image-preview":"max-image-preview:large","max-video-preview":"max-video-preview:-1"},"canonical":"https:\/\/urzadzeni.com\/en\/projects\/jasne-wnetrza-i-cieple-drewno\/","og_locale":"en_US","og_type":"article","og_title":"Jasne wn\u0119trza i ciep\u0142e drewno - Wyko\u0144czenie Dom\u00f3w i Ka\u017cdego Wn\u0119trza w Poznaniu | Urz\u0105dzeni","og_url":"https:\/\/urzadzeni.com\/en\/projects\/jasne-wnetrza-i-cieple-drewno\/","og_site_name":"Wyko\u0144czenie Dom\u00f3w i Ka\u017cdego Wn\u0119trza w Poznaniu | Urz\u0105dzeni","og_image":[{"width":1736,"height":1158,"url":"https:\/\/urzadzeni.com\/wp-content\/uploads\/urzadzeni-realizacje-frackowiak_1.jpg","type":"image\/jpeg"}],"twitter_card":"summary_large_image","schema":{"@context":"https:\/\/schema.org","@graph":[{"@type":"WebPage","@id":"https:\/\/urzadzeni.com\/en\/projects\/jasne-wnetrza-i-cieple-drewno\/","url":"https:\/\/urzadzeni.com\/en\/projects\/jasne-wnetrza-i-cieple-drewno\/","name":"Jasne wn\u0119trza i ciep\u0142e drewno - Wyko\u0144czenie Dom\u00f3w i Ka\u017cdego Wn\u0119trza w Poznaniu | Urz\u0105dzeni","isPartOf":{"@id":"https:\/\/urzadzeni.com\/#website"},"primaryImageOfPage":{"@id":"https:\/\/urzadzeni.com\/en\/projects\/jasne-wnetrza-i-cieple-drewno\/#primaryimage"},"image":{"@id":"https:\/\/urzadzeni.com\/en\/projects\/jasne-wnetrza-i-cieple-drewno\/#primaryimage"},"thumbnailUrl":"https:\/\/urzadzeni.com\/wp-content\/uploads\/urzadzeni-realizacje-domy-mieszkania-frackowiak-thumbnail.jpg","datePublished":"2025-10-26T11:56:07+00:00","breadcrumb":{"@id":"https:\/\/urzadzeni.com\/en\/projects\/jasne-wnetrza-i-cieple-drewno\/#breadcrumb"},"inLanguage":"en-US","potentialAction":[{"@type":"ReadAction","target":["https:\/\/urzadzeni.com\/en\/projects\/jasne-wnetrza-i-cieple-drewno\/"]}]},{"@type":"ImageObject","inLanguage":"en-US","@id":"https:\/\/urzadzeni.com\/en\/projects\/jasne-wnetrza-i-cieple-drewno\/#primaryimage","url":"https:\/\/urzadzeni.com\/wp-content\/uploads\/urzadzeni-realizacje-domy-mieszkania-frackowiak-thumbnail.jpg","contentUrl":"https:\/\/urzadzeni.com\/wp-content\/uploads\/urzadzeni-realizacje-domy-mieszkania-frackowiak-thumbnail.jpg","width":1209,"height":886},{"@type":"BreadcrumbList","@id":"https:\/\/urzadzeni.com\/en\/projects\/jasne-wnetrza-i-cieple-drewno\/#breadcrumb","itemListElement":[{"@type":"ListItem","position":1,"name":"Strona g\u0142\u00f3wna","item":"https:\/\/urzadzeni.com\/"},{"@type":"ListItem","position":2,"name":"Portfolio","item":"https:\/\/urzadzeni.com\/realizacje-was\/"},{"@type":"ListItem","position":3,"name":"Jasne wn\u0119trza i ciep\u0142e drewno"}]},{"@type":"WebSite","@id":"https:\/\/urzadzeni.com\/#website","url":"https:\/\/urzadzeni.com\/","name":"Wyko\u0144czenie Dom\u00f3w i Ka\u017cdego Wn\u0119trza w Poznaniu | Urz\u0105dzeni","description":"Urz\u0105dzeni","potentialAction":[{"@type":"SearchAction","target":{"@type":"EntryPoint","urlTemplate":"https:\/\/urzadzeni.com\/?s={search_term_string}"},"query-input":{"@type":"PropertyValueSpecification","valueRequired":true,"valueName":"search_term_string"}}],"inLanguage":"en-US"}]}},"_links":{"self":[{"href":"https:\/\/urzadzeni.com\/en\/wp-json\/wp\/v2\/portfolio\/10816","targetHints":{"allow":["GET"]}}],"collection":[{"href":"https:\/\/urzadzeni.com\/en\/wp-json\/wp\/v2\/portfolio"}],"about":[{"href":"https:\/\/urzadzeni.com\/en\/wp-json\/wp\/v2\/types\/portfolio"}],"replies":[{"embeddable":true,"href":"https:\/\/urzadzeni.com\/en\/wp-json\/wp\/v2\/comments?post=10816"}],"version-history":[{"count":0,"href":"https:\/\/urzadzeni.com\/en\/wp-json\/wp\/v2\/portfolio\/10816\/revisions"}],"wp:featuredmedia":[{"embeddable":true,"href":"https:\/\/urzadzeni.com\/en\/wp-json\/wp\/v2\/media\/10818"}],"wp:attachment":[{"href":"https:\/\/urzadzeni.com\/en\/wp-json\/wp\/v2\/media?parent=10816"}],"wp:term":[{"taxonomy":"project-cat","embeddable":true,"href":"https:\/\/urzadzeni.com\/en\/wp-json\/wp\/v2\/project-cat?post=10816"}],"curies":[{"name":"wp","href":"https:\/\/api.w.org\/{rel}","templated":true}]}}