{"id":10813,"date":"2025-10-27T19:28:04","date_gmt":"2025-10-27T18:28:04","guid":{"rendered":"https:\/\/urzadzeni.com\/portfolio\/eleganckie-wnetrze-z-drewnianym-akcentem\/"},"modified":"2025-12-25T15:34:12","modified_gmt":"2025-12-25T14:34:12","slug":"elegant-interior-with-wooden-accent","status":"publish","type":"portfolio","link":"https:\/\/urzadzeni.com\/en\/projects\/elegant-interior-with-wooden-accent\/","title":{"rendered":"Elegant interior with wooden accents"},"content":{"rendered":"\n<figure class=\"wp-block-gallery has-nested-images columns-default is-cropped wp-block-gallery-1 is-layout-flex wp-block-gallery-is-layout-flex\"><\/figure>\n\n\n\n<figure class=\"wp-block-gallery has-nested-images columns-default is-cropped wp-block-gallery-2 is-layout-flex wp-block-gallery-is-layout-flex\">\n<figure class=\"wp-block-image size-large\"><img loading=\"lazy\" decoding=\"async\" width=\"538\" height=\"800\" data-id=\"9863\" src=\"https:\/\/urzadzeni.com\/wp-content\/uploads\/urzadzeni_realizacje_uba_1-538x800.jpg\" alt=\"\" class=\"wp-image-9863\" srcset=\"https:\/\/urzadzeni.com\/wp-content\/uploads\/urzadzeni_realizacje_uba_1-538x800.jpg 538w, https:\/\/urzadzeni.com\/wp-content\/uploads\/urzadzeni_realizacje_uba_1-202x300.jpg 202w, https:\/\/urzadzeni.com\/wp-content\/uploads\/urzadzeni_realizacje_uba_1-768x1142.jpg 768w, https:\/\/urzadzeni.com\/wp-content\/uploads\/urzadzeni_realizacje_uba_1-1033x1536.jpg 1033w, https:\/\/urzadzeni.com\/wp-content\/uploads\/urzadzeni_realizacje_uba_1-430x639.jpg 430w, https:\/\/urzadzeni.com\/wp-content\/uploads\/urzadzeni_realizacje_uba_1-700x1040.jpg 700w, https:\/\/urzadzeni.com\/wp-content\/uploads\/urzadzeni_realizacje_uba_1-180x268.jpg 180w, https:\/\/urzadzeni.com\/wp-content\/uploads\/urzadzeni_realizacje_uba_1.jpg 1211w\" sizes=\"auto, (max-width: 538px) 100vw, 538px\" \/><\/figure>\n\n\n\n<figure class=\"wp-block-image size-large\"><img loading=\"lazy\" decoding=\"async\" width=\"1202\" height=\"800\" data-id=\"9866\" src=\"https:\/\/urzadzeni.com\/wp-content\/uploads\/urzadzeni_realizacje_uba_2-1202x800.jpg\" alt=\"\" class=\"wp-image-9866\" srcset=\"https:\/\/urzadzeni.com\/wp-content\/uploads\/urzadzeni_realizacje_uba_2-1202x800.jpg 1202w, https:\/\/urzadzeni.com\/wp-content\/uploads\/urzadzeni_realizacje_uba_2-400x266.jpg 400w, https:\/\/urzadzeni.com\/wp-content\/uploads\/urzadzeni_realizacje_uba_2-768x511.jpg 768w, https:\/\/urzadzeni.com\/wp-content\/uploads\/urzadzeni_realizacje_uba_2-1536x1022.jpg 1536w, https:\/\/urzadzeni.com\/wp-content\/uploads\/urzadzeni_realizacje_uba_2-430x286.jpg 430w, https:\/\/urzadzeni.com\/wp-content\/uploads\/urzadzeni_realizacje_uba_2-700x466.jpg 700w, https:\/\/urzadzeni.com\/wp-content\/uploads\/urzadzeni_realizacje_uba_2-180x120.jpg 180w, https:\/\/urzadzeni.com\/wp-content\/uploads\/urzadzeni_realizacje_uba_2.jpg 1800w\" sizes=\"auto, (max-width: 1202px) 100vw, 1202px\" \/><\/figure>\n\n\n\n<figure class=\"wp-block-image size-large\"><img loading=\"lazy\" decoding=\"async\" width=\"1222\" height=\"800\" data-id=\"9877\" src=\"https:\/\/urzadzeni.com\/wp-content\/uploads\/urzadzeni_realizacje_uba_3-1222x800.jpg\" alt=\"\" class=\"wp-image-9877\" srcset=\"https:\/\/urzadzeni.com\/wp-content\/uploads\/urzadzeni_realizacje_uba_3-1222x800.jpg 1222w, https:\/\/urzadzeni.com\/wp-content\/uploads\/urzadzeni_realizacje_uba_3-400x262.jpg 400w, https:\/\/urzadzeni.com\/wp-content\/uploads\/urzadzeni_realizacje_uba_3-768x503.jpg 768w, https:\/\/urzadzeni.com\/wp-content\/uploads\/urzadzeni_realizacje_uba_3-1536x1005.jpg 1536w, https:\/\/urzadzeni.com\/wp-content\/uploads\/urzadzeni_realizacje_uba_3-430x281.jpg 430w, https:\/\/urzadzeni.com\/wp-content\/uploads\/urzadzeni_realizacje_uba_3-700x458.jpg 700w, https:\/\/urzadzeni.com\/wp-content\/uploads\/urzadzeni_realizacje_uba_3-180x118.jpg 180w, https:\/\/urzadzeni.com\/wp-content\/uploads\/urzadzeni_realizacje_uba_3.jpg 1800w\" sizes=\"auto, (max-width: 1222px) 100vw, 1222px\" \/><\/figure>\n\n\n\n<figure class=\"wp-block-image size-large\"><img loading=\"lazy\" decoding=\"async\" width=\"536\" height=\"800\" data-id=\"9865\" src=\"https:\/\/urzadzeni.com\/wp-content\/uploads\/urzadzeni_realizacje_uba_4-536x800.jpg\" alt=\"\" class=\"wp-image-9865\" srcset=\"https:\/\/urzadzeni.com\/wp-content\/uploads\/urzadzeni_realizacje_uba_4-536x800.jpg 536w, https:\/\/urzadzeni.com\/wp-content\/uploads\/urzadzeni_realizacje_uba_4-201x300.jpg 201w, https:\/\/urzadzeni.com\/wp-content\/uploads\/urzadzeni_realizacje_uba_4-768x1147.jpg 768w, https:\/\/urzadzeni.com\/wp-content\/uploads\/urzadzeni_realizacje_uba_4-1028x1536.jpg 1028w, https:\/\/urzadzeni.com\/wp-content\/uploads\/urzadzeni_realizacje_uba_4-430x642.jpg 430w, https:\/\/urzadzeni.com\/wp-content\/uploads\/urzadzeni_realizacje_uba_4-700x1046.jpg 700w, https:\/\/urzadzeni.com\/wp-content\/uploads\/urzadzeni_realizacje_uba_4-180x269.jpg 180w, https:\/\/urzadzeni.com\/wp-content\/uploads\/urzadzeni_realizacje_uba_4.jpg 1205w\" sizes=\"auto, (max-width: 536px) 100vw, 536px\" \/><\/figure>\n\n\n\n<figure class=\"wp-block-image size-large\"><img loading=\"lazy\" decoding=\"async\" width=\"534\" height=\"800\" data-id=\"9876\" src=\"https:\/\/urzadzeni.com\/wp-content\/uploads\/urzadzeni_realizacje_uba_5-534x800.jpg\" alt=\"\" class=\"wp-image-9876\" srcset=\"https:\/\/urzadzeni.com\/wp-content\/uploads\/urzadzeni_realizacje_uba_5-534x800.jpg 534w, https:\/\/urzadzeni.com\/wp-content\/uploads\/urzadzeni_realizacje_uba_5-200x300.jpg 200w, https:\/\/urzadzeni.com\/wp-content\/uploads\/urzadzeni_realizacje_uba_5-768x1150.jpg 768w, https:\/\/urzadzeni.com\/wp-content\/uploads\/urzadzeni_realizacje_uba_5-1026x1536.jpg 1026w, https:\/\/urzadzeni.com\/wp-content\/uploads\/urzadzeni_realizacje_uba_5-430x644.jpg 430w, https:\/\/urzadzeni.com\/wp-content\/uploads\/urzadzeni_realizacje_uba_5-700x1048.jpg 700w, https:\/\/urzadzeni.com\/wp-content\/uploads\/urzadzeni_realizacje_uba_5-180x270.jpg 180w, https:\/\/urzadzeni.com\/wp-content\/uploads\/urzadzeni_realizacje_uba_5.jpg 1202w\" sizes=\"auto, (max-width: 534px) 100vw, 534px\" \/><\/figure>\n\n\n\n<figure class=\"wp-block-image size-large\"><img loading=\"lazy\" decoding=\"async\" width=\"542\" height=\"800\" data-id=\"9875\" src=\"https:\/\/urzadzeni.com\/wp-content\/uploads\/urzadzeni_realizacje_uba_6-542x800.jpg\" alt=\"\" class=\"wp-image-9875\" srcset=\"https:\/\/urzadzeni.com\/wp-content\/uploads\/urzadzeni_realizacje_uba_6-542x800.jpg 542w, https:\/\/urzadzeni.com\/wp-content\/uploads\/urzadzeni_realizacje_uba_6-203x300.jpg 203w, https:\/\/urzadzeni.com\/wp-content\/uploads\/urzadzeni_realizacje_uba_6-768x1134.jpg 768w, https:\/\/urzadzeni.com\/wp-content\/uploads\/urzadzeni_realizacje_uba_6-1040x1536.jpg 1040w, https:\/\/urzadzeni.com\/wp-content\/uploads\/urzadzeni_realizacje_uba_6-430x635.jpg 430w, https:\/\/urzadzeni.com\/wp-content\/uploads\/urzadzeni_realizacje_uba_6-700x1034.jpg 700w, https:\/\/urzadzeni.com\/wp-content\/uploads\/urzadzeni_realizacje_uba_6-180x266.jpg 180w, https:\/\/urzadzeni.com\/wp-content\/uploads\/urzadzeni_realizacje_uba_6.jpg 1219w\" sizes=\"auto, (max-width: 542px) 100vw, 542px\" \/><\/figure>\n\n\n\n<figure class=\"wp-block-image size-large\"><img loading=\"lazy\" decoding=\"async\" width=\"552\" height=\"800\" data-id=\"9871\" src=\"https:\/\/urzadzeni.com\/wp-content\/uploads\/urzadzeni_realizacje_uba_7-552x800.jpg\" alt=\"\" class=\"wp-image-9871\" srcset=\"https:\/\/urzadzeni.com\/wp-content\/uploads\/urzadzeni_realizacje_uba_7-552x800.jpg 552w, https:\/\/urzadzeni.com\/wp-content\/uploads\/urzadzeni_realizacje_uba_7-207x300.jpg 207w, https:\/\/urzadzeni.com\/wp-content\/uploads\/urzadzeni_realizacje_uba_7-768x1112.jpg 768w, https:\/\/urzadzeni.com\/wp-content\/uploads\/urzadzeni_realizacje_uba_7-1061x1536.jpg 1061w, https:\/\/urzadzeni.com\/wp-content\/uploads\/urzadzeni_realizacje_uba_7-430x623.jpg 430w, https:\/\/urzadzeni.com\/wp-content\/uploads\/urzadzeni_realizacje_uba_7-700x1014.jpg 700w, https:\/\/urzadzeni.com\/wp-content\/uploads\/urzadzeni_realizacje_uba_7-180x261.jpg 180w, https:\/\/urzadzeni.com\/wp-content\/uploads\/urzadzeni_realizacje_uba_7.jpg 1243w\" sizes=\"auto, (max-width: 552px) 100vw, 552px\" \/><\/figure>\n\n\n\n<figure class=\"wp-block-image size-large\"><img loading=\"lazy\" decoding=\"async\" width=\"545\" height=\"800\" data-id=\"9864\" src=\"https:\/\/urzadzeni.com\/wp-content\/uploads\/urzadzeni_realizacje_uba_8-545x800.jpg\" alt=\"\" class=\"wp-image-9864\" srcset=\"https:\/\/urzadzeni.com\/wp-content\/uploads\/urzadzeni_realizacje_uba_8-545x800.jpg 545w, https:\/\/urzadzeni.com\/wp-content\/uploads\/urzadzeni_realizacje_uba_8-204x300.jpg 204w, https:\/\/urzadzeni.com\/wp-content\/uploads\/urzadzeni_realizacje_uba_8-768x1128.jpg 768w, https:\/\/urzadzeni.com\/wp-content\/uploads\/urzadzeni_realizacje_uba_8-1046x1536.jpg 1046w, https:\/\/urzadzeni.com\/wp-content\/uploads\/urzadzeni_realizacje_uba_8-430x631.jpg 430w, https:\/\/urzadzeni.com\/wp-content\/uploads\/urzadzeni_realizacje_uba_8-700x1028.jpg 700w, https:\/\/urzadzeni.com\/wp-content\/uploads\/urzadzeni_realizacje_uba_8-180x264.jpg 180w, https:\/\/urzadzeni.com\/wp-content\/uploads\/urzadzeni_realizacje_uba_8.jpg 1226w\" sizes=\"auto, (max-width: 545px) 100vw, 545px\" \/><\/figure>\n\n\n\n<figure class=\"wp-block-image size-large\"><img loading=\"lazy\" decoding=\"async\" width=\"555\" height=\"800\" data-id=\"9872\" src=\"https:\/\/urzadzeni.com\/wp-content\/uploads\/urzadzeni_realizacje_uba_9-555x800.jpg\" alt=\"\" class=\"wp-image-9872\" srcset=\"https:\/\/urzadzeni.com\/wp-content\/uploads\/urzadzeni_realizacje_uba_9-555x800.jpg 555w, https:\/\/urzadzeni.com\/wp-content\/uploads\/urzadzeni_realizacje_uba_9-208x300.jpg 208w, https:\/\/urzadzeni.com\/wp-content\/uploads\/urzadzeni_realizacje_uba_9-768x1108.jpg 768w, https:\/\/urzadzeni.com\/wp-content\/uploads\/urzadzeni_realizacje_uba_9-1065x1536.jpg 1065w, https:\/\/urzadzeni.com\/wp-content\/uploads\/urzadzeni_realizacje_uba_9-430x620.jpg 430w, https:\/\/urzadzeni.com\/wp-content\/uploads\/urzadzeni_realizacje_uba_9-700x1010.jpg 700w, https:\/\/urzadzeni.com\/wp-content\/uploads\/urzadzeni_realizacje_uba_9-180x260.jpg 180w, https:\/\/urzadzeni.com\/wp-content\/uploads\/urzadzeni_realizacje_uba_9.jpg 1248w\" sizes=\"auto, (max-width: 555px) 100vw, 555px\" \/><\/figure>\n\n\n\n<figure class=\"wp-block-image size-large\"><img loading=\"lazy\" decoding=\"async\" width=\"541\" height=\"800\" data-id=\"9868\" src=\"https:\/\/urzadzeni.com\/wp-content\/uploads\/urzadzeni_realizacje_uba_10-541x800.jpg\" alt=\"\" class=\"wp-image-9868\" srcset=\"https:\/\/urzadzeni.com\/wp-content\/uploads\/urzadzeni_realizacje_uba_10-541x800.jpg 541w, https:\/\/urzadzeni.com\/wp-content\/uploads\/urzadzeni_realizacje_uba_10-203x300.jpg 203w, https:\/\/urzadzeni.com\/wp-content\/uploads\/urzadzeni_realizacje_uba_10-768x1135.jpg 768w, https:\/\/urzadzeni.com\/wp-content\/uploads\/urzadzeni_realizacje_uba_10-1039x1536.jpg 1039w, https:\/\/urzadzeni.com\/wp-content\/uploads\/urzadzeni_realizacje_uba_10-430x635.jpg 430w, https:\/\/urzadzeni.com\/wp-content\/uploads\/urzadzeni_realizacje_uba_10-700x1034.jpg 700w, https:\/\/urzadzeni.com\/wp-content\/uploads\/urzadzeni_realizacje_uba_10-180x266.jpg 180w, https:\/\/urzadzeni.com\/wp-content\/uploads\/urzadzeni_realizacje_uba_10.jpg 1218w\" sizes=\"auto, (max-width: 541px) 100vw, 541px\" \/><\/figure>\n\n\n\n<figure class=\"wp-block-image size-large\"><img loading=\"lazy\" decoding=\"async\" width=\"1208\" height=\"800\" data-id=\"9873\" src=\"https:\/\/urzadzeni.com\/wp-content\/uploads\/urzadzeni_realizacje_uba_11-1208x800.jpg\" alt=\"\" class=\"wp-image-9873\" srcset=\"https:\/\/urzadzeni.com\/wp-content\/uploads\/urzadzeni_realizacje_uba_11-1208x800.jpg 1208w, https:\/\/urzadzeni.com\/wp-content\/uploads\/urzadzeni_realizacje_uba_11-400x265.jpg 400w, https:\/\/urzadzeni.com\/wp-content\/uploads\/urzadzeni_realizacje_uba_11-768x509.jpg 768w, https:\/\/urzadzeni.com\/wp-content\/uploads\/urzadzeni_realizacje_uba_11-1536x1017.jpg 1536w, https:\/\/urzadzeni.com\/wp-content\/uploads\/urzadzeni_realizacje_uba_11-430x285.jpg 430w, https:\/\/urzadzeni.com\/wp-content\/uploads\/urzadzeni_realizacje_uba_11-700x464.jpg 700w, https:\/\/urzadzeni.com\/wp-content\/uploads\/urzadzeni_realizacje_uba_11-180x119.jpg 180w, https:\/\/urzadzeni.com\/wp-content\/uploads\/urzadzeni_realizacje_uba_11.jpg 1800w\" sizes=\"auto, (max-width: 1208px) 100vw, 1208px\" \/><\/figure>\n\n\n\n<figure class=\"wp-block-image size-large\"><img loading=\"lazy\" decoding=\"async\" width=\"1229\" height=\"800\" data-id=\"9869\" src=\"https:\/\/urzadzeni.com\/wp-content\/uploads\/urzadzeni_realizacje_uba_12-1229x800.jpg\" alt=\"\" class=\"wp-image-9869\" srcset=\"https:\/\/urzadzeni.com\/wp-content\/uploads\/urzadzeni_realizacje_uba_12-1229x800.jpg 1229w, https:\/\/urzadzeni.com\/wp-content\/uploads\/urzadzeni_realizacje_uba_12-400x260.jpg 400w, https:\/\/urzadzeni.com\/wp-content\/uploads\/urzadzeni_realizacje_uba_12-768x500.jpg 768w, https:\/\/urzadzeni.com\/wp-content\/uploads\/urzadzeni_realizacje_uba_12-1536x1000.jpg 1536w, https:\/\/urzadzeni.com\/wp-content\/uploads\/urzadzeni_realizacje_uba_12-430x280.jpg 430w, https:\/\/urzadzeni.com\/wp-content\/uploads\/urzadzeni_realizacje_uba_12-700x456.jpg 700w, https:\/\/urzadzeni.com\/wp-content\/uploads\/urzadzeni_realizacje_uba_12-180x117.jpg 180w, https:\/\/urzadzeni.com\/wp-content\/uploads\/urzadzeni_realizacje_uba_12.jpg 1800w\" sizes=\"auto, (max-width: 1229px) 100vw, 1229px\" \/><\/figure>\n\n\n\n<figure class=\"wp-block-image size-large\"><img loading=\"lazy\" decoding=\"async\" width=\"539\" height=\"800\" data-id=\"9867\" src=\"https:\/\/urzadzeni.com\/wp-content\/uploads\/urzadzeni_realizacje_uba_13-539x800.jpg\" alt=\"\" class=\"wp-image-9867\" srcset=\"https:\/\/urzadzeni.com\/wp-content\/uploads\/urzadzeni_realizacje_uba_13-539x800.jpg 539w, https:\/\/urzadzeni.com\/wp-content\/uploads\/urzadzeni_realizacje_uba_13-202x300.jpg 202w, https:\/\/urzadzeni.com\/wp-content\/uploads\/urzadzeni_realizacje_uba_13-768x1140.jpg 768w, https:\/\/urzadzeni.com\/wp-content\/uploads\/urzadzeni_realizacje_uba_13-1035x1536.jpg 1035w, https:\/\/urzadzeni.com\/wp-content\/uploads\/urzadzeni_realizacje_uba_13-430x638.jpg 430w, https:\/\/urzadzeni.com\/wp-content\/uploads\/urzadzeni_realizacje_uba_13-700x1039.jpg 700w, https:\/\/urzadzeni.com\/wp-content\/uploads\/urzadzeni_realizacje_uba_13-180x267.jpg 180w, https:\/\/urzadzeni.com\/wp-content\/uploads\/urzadzeni_realizacje_uba_13.jpg 1213w\" sizes=\"auto, (max-width: 539px) 100vw, 539px\" \/><\/figure>\n\n\n\n<figure class=\"wp-block-image size-large\"><img loading=\"lazy\" decoding=\"async\" width=\"529\" height=\"800\" data-id=\"9874\" src=\"https:\/\/urzadzeni.com\/wp-content\/uploads\/urzadzeni_realizacje_uba_14-529x800.jpg\" alt=\"\" class=\"wp-image-9874\" srcset=\"https:\/\/urzadzeni.com\/wp-content\/uploads\/urzadzeni_realizacje_uba_14-529x800.jpg 529w, https:\/\/urzadzeni.com\/wp-content\/uploads\/urzadzeni_realizacje_uba_14-198x300.jpg 198w, https:\/\/urzadzeni.com\/wp-content\/uploads\/urzadzeni_realizacje_uba_14-768x1162.jpg 768w, https:\/\/urzadzeni.com\/wp-content\/uploads\/urzadzeni_realizacje_uba_14-1015x1536.jpg 1015w, https:\/\/urzadzeni.com\/wp-content\/uploads\/urzadzeni_realizacje_uba_14-430x650.jpg 430w, https:\/\/urzadzeni.com\/wp-content\/uploads\/urzadzeni_realizacje_uba_14-700x1059.jpg 700w, https:\/\/urzadzeni.com\/wp-content\/uploads\/urzadzeni_realizacje_uba_14-180x272.jpg 180w, https:\/\/urzadzeni.com\/wp-content\/uploads\/urzadzeni_realizacje_uba_14.jpg 1190w\" sizes=\"auto, (max-width: 529px) 100vw, 529px\" \/><\/figure>\n\n\n\n<figure class=\"wp-block-image size-large\"><img loading=\"lazy\" decoding=\"async\" width=\"526\" height=\"800\" data-id=\"9878\" src=\"https:\/\/urzadzeni.com\/wp-content\/uploads\/urzadzeni_realizacje_uba_15-526x800.jpg\" alt=\"\" class=\"wp-image-9878\" srcset=\"https:\/\/urzadzeni.com\/wp-content\/uploads\/urzadzeni_realizacje_uba_15-526x800.jpg 526w, https:\/\/urzadzeni.com\/wp-content\/uploads\/urzadzeni_realizacje_uba_15-197x300.jpg 197w, https:\/\/urzadzeni.com\/wp-content\/uploads\/urzadzeni_realizacje_uba_15-768x1169.jpg 768w, https:\/\/urzadzeni.com\/wp-content\/uploads\/urzadzeni_realizacje_uba_15-1009x1536.jpg 1009w, https:\/\/urzadzeni.com\/wp-content\/uploads\/urzadzeni_realizacje_uba_15-430x654.jpg 430w, https:\/\/urzadzeni.com\/wp-content\/uploads\/urzadzeni_realizacje_uba_15-700x1065.jpg 700w, https:\/\/urzadzeni.com\/wp-content\/uploads\/urzadzeni_realizacje_uba_15-180x274.jpg 180w, https:\/\/urzadzeni.com\/wp-content\/uploads\/urzadzeni_realizacje_uba_15.jpg 1183w\" sizes=\"auto, (max-width: 526px) 100vw, 526px\" \/><\/figure>\n\n\n\n<figure class=\"wp-block-image size-large\"><img loading=\"lazy\" decoding=\"async\" width=\"566\" height=\"800\" data-id=\"9870\" src=\"https:\/\/urzadzeni.com\/wp-content\/uploads\/urzadzeni_realizacje_uba_16-566x800.jpg\" alt=\"\" class=\"wp-image-9870\" srcset=\"https:\/\/urzadzeni.com\/wp-content\/uploads\/urzadzeni_realizacje_uba_16-566x800.jpg 566w, https:\/\/urzadzeni.com\/wp-content\/uploads\/urzadzeni_realizacje_uba_16-212x300.jpg 212w, https:\/\/urzadzeni.com\/wp-content\/uploads\/urzadzeni_realizacje_uba_16-768x1086.jpg 768w, https:\/\/urzadzeni.com\/wp-content\/uploads\/urzadzeni_realizacje_uba_16-1086x1536.jpg 1086w, https:\/\/urzadzeni.com\/wp-content\/uploads\/urzadzeni_realizacje_uba_16-430x608.jpg 430w, https:\/\/urzadzeni.com\/wp-content\/uploads\/urzadzeni_realizacje_uba_16-700x990.jpg 700w, https:\/\/urzadzeni.com\/wp-content\/uploads\/urzadzeni_realizacje_uba_16-180x255.jpg 180w, https:\/\/urzadzeni.com\/wp-content\/uploads\/urzadzeni_realizacje_uba_16.jpg 1273w\" sizes=\"auto, (max-width: 566px) 100vw, 566px\" \/><\/figure>\n<\/figure>\n\n\n\n<p><\/p>\n","protected":false},"excerpt":{"rendered":"","protected":false},"featured_media":10815,"menu_order":0,"comment_status":"closed","ping_status":"closed","template":"","project-cat":[49],"class_list":["post-10813","portfolio","type-portfolio","status-publish","has-post-thumbnail","hentry","project-cat-houses-flats"],"yoast_head":"<!-- This site is optimized with the Yoast SEO plugin v26.6 - https:\/\/yoast.com\/wordpress\/plugins\/seo\/ -->\n<title>Elegant interior with wooden accents - Wyko\u0144czenie Dom\u00f3w i Ka\u017cdego Wn\u0119trza w Poznaniu | Urz\u0105dzeni<\/title>\n<meta name=\"description\" content=\"Elegancja i naturalne drewno w projekcie z Poznania. Zobacz realizacj\u0119, kt\u00f3ra \u0142\u0105czy ponadczasowy styl z komfortem.\" \/>\n<meta name=\"robots\" content=\"index, follow, max-snippet:-1, max-image-preview:large, max-video-preview:-1\" \/>\n<link rel=\"canonical\" href=\"https:\/\/urzadzeni.com\/projects\/eleganckie-wnetrze-z-drewnianym-akcentem\/\" \/>\n<meta property=\"og:locale\" content=\"en_US\" \/>\n<meta property=\"og:type\" content=\"article\" \/>\n<meta property=\"og:title\" content=\"Elegant interior with wooden accents - Wyko\u0144czenie Dom\u00f3w i Ka\u017cdego Wn\u0119trza w Poznaniu | Urz\u0105dzeni\" \/>\n<meta property=\"og:description\" content=\"Elegancja i naturalne drewno w projekcie z Poznania. Zobacz realizacj\u0119, kt\u00f3ra \u0142\u0105czy ponadczasowy styl z komfortem.\" \/>\n<meta property=\"og:url\" content=\"https:\/\/urzadzeni.com\/projects\/eleganckie-wnetrze-z-drewnianym-akcentem\/\" \/>\n<meta property=\"og:site_name\" content=\"Wyko\u0144czenie Dom\u00f3w i Ka\u017cdego Wn\u0119trza w Poznaniu | Urz\u0105dzeni\" \/>\n<meta property=\"article:modified_time\" content=\"2025-12-25T14:34:12+00:00\" \/>\n<meta property=\"og:image\" content=\"https:\/\/urzadzeni.com\/wp-content\/uploads\/urzadzeni-realizacje-domy-mieszkania-uba-thumbnail.jpg\" \/>\n\t<meta property=\"og:image:width\" content=\"1209\" \/>\n\t<meta property=\"og:image:height\" content=\"886\" \/>\n\t<meta property=\"og:image:type\" content=\"image\/jpeg\" \/>\n<meta name=\"twitter:card\" content=\"summary_large_image\" \/>\n<script type=\"application\/ld+json\" class=\"yoast-schema-graph\">{\"@context\":\"https:\/\/schema.org\",\"@graph\":[{\"@type\":\"WebPage\",\"@id\":\"https:\/\/urzadzeni.com\/projects\/eleganckie-wnetrze-z-drewnianym-akcentem\/\",\"url\":\"https:\/\/urzadzeni.com\/projects\/eleganckie-wnetrze-z-drewnianym-akcentem\/\",\"name\":\"Elegant interior with wooden accents - Wyko\u0144czenie Dom\u00f3w i Ka\u017cdego Wn\u0119trza w Poznaniu | Urz\u0105dzeni\",\"isPartOf\":{\"@id\":\"https:\/\/urzadzeni.com\/#website\"},\"primaryImageOfPage\":{\"@id\":\"https:\/\/urzadzeni.com\/projects\/eleganckie-wnetrze-z-drewnianym-akcentem\/#primaryimage\"},\"image\":{\"@id\":\"https:\/\/urzadzeni.com\/projects\/eleganckie-wnetrze-z-drewnianym-akcentem\/#primaryimage\"},\"thumbnailUrl\":\"https:\/\/urzadzeni.com\/wp-content\/uploads\/urzadzeni-realizacje-domy-mieszkania-uba-thumbnail.jpg\",\"datePublished\":\"2025-10-27T18:28:04+00:00\",\"dateModified\":\"2025-12-25T14:34:12+00:00\",\"description\":\"Elegancja i naturalne drewno w projekcie z Poznania. Zobacz realizacj\u0119, kt\u00f3ra \u0142\u0105czy ponadczasowy styl z komfortem.\",\"breadcrumb\":{\"@id\":\"https:\/\/urzadzeni.com\/projects\/eleganckie-wnetrze-z-drewnianym-akcentem\/#breadcrumb\"},\"inLanguage\":\"en-US\",\"potentialAction\":[{\"@type\":\"ReadAction\",\"target\":[\"https:\/\/urzadzeni.com\/projects\/eleganckie-wnetrze-z-drewnianym-akcentem\/\"]}]},{\"@type\":\"ImageObject\",\"inLanguage\":\"en-US\",\"@id\":\"https:\/\/urzadzeni.com\/projects\/eleganckie-wnetrze-z-drewnianym-akcentem\/#primaryimage\",\"url\":\"https:\/\/urzadzeni.com\/wp-content\/uploads\/urzadzeni-realizacje-domy-mieszkania-uba-thumbnail.jpg\",\"contentUrl\":\"https:\/\/urzadzeni.com\/wp-content\/uploads\/urzadzeni-realizacje-domy-mieszkania-uba-thumbnail.jpg\",\"width\":1209,\"height\":886},{\"@type\":\"BreadcrumbList\",\"@id\":\"https:\/\/urzadzeni.com\/projects\/eleganckie-wnetrze-z-drewnianym-akcentem\/#breadcrumb\",\"itemListElement\":[{\"@type\":\"ListItem\",\"position\":1,\"name\":\"Strona g\u0142\u00f3wna\",\"item\":\"https:\/\/urzadzeni.com\/\"},{\"@type\":\"ListItem\",\"position\":2,\"name\":\"Portfolio\",\"item\":\"https:\/\/urzadzeni.com\/realizacje-was\/\"},{\"@type\":\"ListItem\",\"position\":3,\"name\":\"Elegant interior with wooden accents\"}]},{\"@type\":\"WebSite\",\"@id\":\"https:\/\/urzadzeni.com\/#website\",\"url\":\"https:\/\/urzadzeni.com\/\",\"name\":\"Wyko\u0144czenie Dom\u00f3w i Ka\u017cdego Wn\u0119trza w Poznaniu | Urz\u0105dzeni\",\"description\":\"Urz\u0105dzeni\",\"potentialAction\":[{\"@type\":\"SearchAction\",\"target\":{\"@type\":\"EntryPoint\",\"urlTemplate\":\"https:\/\/urzadzeni.com\/?s={search_term_string}\"},\"query-input\":{\"@type\":\"PropertyValueSpecification\",\"valueRequired\":true,\"valueName\":\"search_term_string\"}}],\"inLanguage\":\"en-US\"}]}<\/script>\n<!-- \/ Yoast SEO plugin. -->","yoast_head_json":{"title":"Elegant interior with wooden accents - Wyko\u0144czenie Dom\u00f3w i Ka\u017cdego Wn\u0119trza w Poznaniu | Urz\u0105dzeni","description":"Elegancja i naturalne drewno w projekcie z Poznania. Zobacz realizacj\u0119, kt\u00f3ra \u0142\u0105czy ponadczasowy styl z komfortem.","robots":{"index":"index","follow":"follow","max-snippet":"max-snippet:-1","max-image-preview":"max-image-preview:large","max-video-preview":"max-video-preview:-1"},"canonical":"https:\/\/urzadzeni.com\/projects\/eleganckie-wnetrze-z-drewnianym-akcentem\/","og_locale":"en_US","og_type":"article","og_title":"Elegant interior with wooden accents - Wyko\u0144czenie Dom\u00f3w i Ka\u017cdego Wn\u0119trza w Poznaniu | Urz\u0105dzeni","og_description":"Elegancja i naturalne drewno w projekcie z Poznania. Zobacz realizacj\u0119, kt\u00f3ra \u0142\u0105czy ponadczasowy styl z komfortem.","og_url":"https:\/\/urzadzeni.com\/projects\/eleganckie-wnetrze-z-drewnianym-akcentem\/","og_site_name":"Wyko\u0144czenie Dom\u00f3w i Ka\u017cdego Wn\u0119trza w Poznaniu | Urz\u0105dzeni","article_modified_time":"2025-12-25T14:34:12+00:00","og_image":[{"width":1209,"height":886,"url":"https:\/\/urzadzeni.com\/wp-content\/uploads\/urzadzeni-realizacje-domy-mieszkania-uba-thumbnail.jpg","type":"image\/jpeg"}],"twitter_card":"summary_large_image","schema":{"@context":"https:\/\/schema.org","@graph":[{"@type":"WebPage","@id":"https:\/\/urzadzeni.com\/projects\/eleganckie-wnetrze-z-drewnianym-akcentem\/","url":"https:\/\/urzadzeni.com\/projects\/eleganckie-wnetrze-z-drewnianym-akcentem\/","name":"Elegant interior with wooden accents - Wyko\u0144czenie Dom\u00f3w i Ka\u017cdego Wn\u0119trza w Poznaniu | Urz\u0105dzeni","isPartOf":{"@id":"https:\/\/urzadzeni.com\/#website"},"primaryImageOfPage":{"@id":"https:\/\/urzadzeni.com\/projects\/eleganckie-wnetrze-z-drewnianym-akcentem\/#primaryimage"},"image":{"@id":"https:\/\/urzadzeni.com\/projects\/eleganckie-wnetrze-z-drewnianym-akcentem\/#primaryimage"},"thumbnailUrl":"https:\/\/urzadzeni.com\/wp-content\/uploads\/urzadzeni-realizacje-domy-mieszkania-uba-thumbnail.jpg","datePublished":"2025-10-27T18:28:04+00:00","dateModified":"2025-12-25T14:34:12+00:00","description":"Elegancja i naturalne drewno w projekcie z Poznania. Zobacz realizacj\u0119, kt\u00f3ra \u0142\u0105czy ponadczasowy styl z komfortem.","breadcrumb":{"@id":"https:\/\/urzadzeni.com\/projects\/eleganckie-wnetrze-z-drewnianym-akcentem\/#breadcrumb"},"inLanguage":"en-US","potentialAction":[{"@type":"ReadAction","target":["https:\/\/urzadzeni.com\/projects\/eleganckie-wnetrze-z-drewnianym-akcentem\/"]}]},{"@type":"ImageObject","inLanguage":"en-US","@id":"https:\/\/urzadzeni.com\/projects\/eleganckie-wnetrze-z-drewnianym-akcentem\/#primaryimage","url":"https:\/\/urzadzeni.com\/wp-content\/uploads\/urzadzeni-realizacje-domy-mieszkania-uba-thumbnail.jpg","contentUrl":"https:\/\/urzadzeni.com\/wp-content\/uploads\/urzadzeni-realizacje-domy-mieszkania-uba-thumbnail.jpg","width":1209,"height":886},{"@type":"BreadcrumbList","@id":"https:\/\/urzadzeni.com\/projects\/eleganckie-wnetrze-z-drewnianym-akcentem\/#breadcrumb","itemListElement":[{"@type":"ListItem","position":1,"name":"Strona g\u0142\u00f3wna","item":"https:\/\/urzadzeni.com\/"},{"@type":"ListItem","position":2,"name":"Portfolio","item":"https:\/\/urzadzeni.com\/realizacje-was\/"},{"@type":"ListItem","position":3,"name":"Elegant interior with wooden accents"}]},{"@type":"WebSite","@id":"https:\/\/urzadzeni.com\/#website","url":"https:\/\/urzadzeni.com\/","name":"Wyko\u0144czenie Dom\u00f3w i Ka\u017cdego Wn\u0119trza w Poznaniu | Urz\u0105dzeni","description":"Urz\u0105dzeni","potentialAction":[{"@type":"SearchAction","target":{"@type":"EntryPoint","urlTemplate":"https:\/\/urzadzeni.com\/?s={search_term_string}"},"query-input":{"@type":"PropertyValueSpecification","valueRequired":true,"valueName":"search_term_string"}}],"inLanguage":"en-US"}]}},"_links":{"self":[{"href":"https:\/\/urzadzeni.com\/en\/wp-json\/wp\/v2\/portfolio\/10813","targetHints":{"allow":["GET"]}}],"collection":[{"href":"https:\/\/urzadzeni.com\/en\/wp-json\/wp\/v2\/portfolio"}],"about":[{"href":"https:\/\/urzadzeni.com\/en\/wp-json\/wp\/v2\/types\/portfolio"}],"replies":[{"embeddable":true,"href":"https:\/\/urzadzeni.com\/en\/wp-json\/wp\/v2\/comments?post=10813"}],"version-history":[{"count":1,"href":"https:\/\/urzadzeni.com\/en\/wp-json\/wp\/v2\/portfolio\/10813\/revisions"}],"predecessor-version":[{"id":10834,"href":"https:\/\/urzadzeni.com\/en\/wp-json\/wp\/v2\/portfolio\/10813\/revisions\/10834"}],"wp:featuredmedia":[{"embeddable":true,"href":"https:\/\/urzadzeni.com\/en\/wp-json\/wp\/v2\/media\/10815"}],"wp:attachment":[{"href":"https:\/\/urzadzeni.com\/en\/wp-json\/wp\/v2\/media?parent=10813"}],"wp:term":[{"taxonomy":"project-cat","embeddable":true,"href":"https:\/\/urzadzeni.com\/en\/wp-json\/wp\/v2\/project-cat?post=10813"}],"curies":[{"name":"wp","href":"https:\/\/api.w.org\/{rel}","templated":true}]}}