{"id":10805,"date":"2025-10-27T19:35:33","date_gmt":"2025-10-27T18:35:33","guid":{"rendered":"https:\/\/urzadzeni.com\/portfolio\/czyste-linie-i-przestrzen-nowoczesny-minimalizm\/"},"modified":"2025-12-25T15:35:59","modified_gmt":"2025-12-25T14:35:59","slug":"clean-lines-and-space-modern-minimalism","status":"publish","type":"portfolio","link":"https:\/\/urzadzeni.com\/en\/projects\/clean-lines-and-space-modern-minimalism\/","title":{"rendered":"Clean lines and space &#8211; Modern minimalism"},"content":{"rendered":"\n<figure class=\"wp-block-gallery has-nested-images columns-default is-cropped wp-block-gallery-1 is-layout-flex wp-block-gallery-is-layout-flex\"><\/figure>\n\n\n\n<figure class=\"wp-block-gallery has-nested-images columns-default is-cropped wp-block-gallery-2 is-layout-flex wp-block-gallery-is-layout-flex\">\n<figure class=\"wp-block-image size-large\"><img loading=\"lazy\" decoding=\"async\" width=\"1231\" height=\"800\" data-id=\"9902\" src=\"https:\/\/urzadzeni.com\/wp-content\/uploads\/urzadzeni_realizacje_wieszczeszynski_1-1231x800.jpg\" alt=\"\" class=\"wp-image-9902\" srcset=\"https:\/\/urzadzeni.com\/wp-content\/uploads\/urzadzeni_realizacje_wieszczeszynski_1-1231x800.jpg 1231w, https:\/\/urzadzeni.com\/wp-content\/uploads\/urzadzeni_realizacje_wieszczeszynski_1-400x260.jpg 400w, https:\/\/urzadzeni.com\/wp-content\/uploads\/urzadzeni_realizacje_wieszczeszynski_1-768x499.jpg 768w, https:\/\/urzadzeni.com\/wp-content\/uploads\/urzadzeni_realizacje_wieszczeszynski_1-1536x998.jpg 1536w, https:\/\/urzadzeni.com\/wp-content\/uploads\/urzadzeni_realizacje_wieszczeszynski_1-430x279.jpg 430w, https:\/\/urzadzeni.com\/wp-content\/uploads\/urzadzeni_realizacje_wieszczeszynski_1-700x455.jpg 700w, https:\/\/urzadzeni.com\/wp-content\/uploads\/urzadzeni_realizacje_wieszczeszynski_1-180x117.jpg 180w, https:\/\/urzadzeni.com\/wp-content\/uploads\/urzadzeni_realizacje_wieszczeszynski_1.jpg 1590w\" sizes=\"auto, (max-width: 1231px) 100vw, 1231px\" \/><\/figure>\n\n\n\n<figure class=\"wp-block-image size-large\"><img loading=\"lazy\" decoding=\"async\" width=\"579\" height=\"800\" data-id=\"9906\" src=\"https:\/\/urzadzeni.com\/wp-content\/uploads\/urzadzeni_realizacje_wieszczeszynski_2-579x800.jpg\" alt=\"\" class=\"wp-image-9906\" srcset=\"https:\/\/urzadzeni.com\/wp-content\/uploads\/urzadzeni_realizacje_wieszczeszynski_2-579x800.jpg 579w, https:\/\/urzadzeni.com\/wp-content\/uploads\/urzadzeni_realizacje_wieszczeszynski_2-217x300.jpg 217w, https:\/\/urzadzeni.com\/wp-content\/uploads\/urzadzeni_realizacje_wieszczeszynski_2-768x1062.jpg 768w, https:\/\/urzadzeni.com\/wp-content\/uploads\/urzadzeni_realizacje_wieszczeszynski_2-1111x1536.jpg 1111w, https:\/\/urzadzeni.com\/wp-content\/uploads\/urzadzeni_realizacje_wieszczeszynski_2-430x595.jpg 430w, https:\/\/urzadzeni.com\/wp-content\/uploads\/urzadzeni_realizacje_wieszczeszynski_2-700x968.jpg 700w, https:\/\/urzadzeni.com\/wp-content\/uploads\/urzadzeni_realizacje_wieszczeszynski_2-180x249.jpg 180w, https:\/\/urzadzeni.com\/wp-content\/uploads\/urzadzeni_realizacje_wieszczeszynski_2.jpg 1150w\" sizes=\"auto, (max-width: 579px) 100vw, 579px\" \/><\/figure>\n\n\n\n<figure class=\"wp-block-image size-large\"><img loading=\"lazy\" decoding=\"async\" width=\"552\" height=\"800\" data-id=\"9901\" src=\"https:\/\/urzadzeni.com\/wp-content\/uploads\/urzadzeni_realizacje_wieszczeszynski_3-552x800.jpg\" alt=\"\" class=\"wp-image-9901\" srcset=\"https:\/\/urzadzeni.com\/wp-content\/uploads\/urzadzeni_realizacje_wieszczeszynski_3-552x800.jpg 552w, https:\/\/urzadzeni.com\/wp-content\/uploads\/urzadzeni_realizacje_wieszczeszynski_3-207x300.jpg 207w, https:\/\/urzadzeni.com\/wp-content\/uploads\/urzadzeni_realizacje_wieszczeszynski_3-768x1112.jpg 768w, https:\/\/urzadzeni.com\/wp-content\/uploads\/urzadzeni_realizacje_wieszczeszynski_3-1061x1536.jpg 1061w, https:\/\/urzadzeni.com\/wp-content\/uploads\/urzadzeni_realizacje_wieszczeszynski_3-430x623.jpg 430w, https:\/\/urzadzeni.com\/wp-content\/uploads\/urzadzeni_realizacje_wieszczeszynski_3-700x1014.jpg 700w, https:\/\/urzadzeni.com\/wp-content\/uploads\/urzadzeni_realizacje_wieszczeszynski_3-180x261.jpg 180w, https:\/\/urzadzeni.com\/wp-content\/uploads\/urzadzeni_realizacje_wieszczeszynski_3.jpg 1098w\" sizes=\"auto, (max-width: 552px) 100vw, 552px\" \/><\/figure>\n\n\n\n<figure class=\"wp-block-image size-large\"><img loading=\"lazy\" decoding=\"async\" width=\"542\" height=\"800\" data-id=\"9905\" src=\"https:\/\/urzadzeni.com\/wp-content\/uploads\/urzadzeni_realizacje_wieszczeszynski_4-542x800.jpg\" alt=\"\" class=\"wp-image-9905\" srcset=\"https:\/\/urzadzeni.com\/wp-content\/uploads\/urzadzeni_realizacje_wieszczeszynski_4-542x800.jpg 542w, https:\/\/urzadzeni.com\/wp-content\/uploads\/urzadzeni_realizacje_wieszczeszynski_4-203x300.jpg 203w, https:\/\/urzadzeni.com\/wp-content\/uploads\/urzadzeni_realizacje_wieszczeszynski_4-768x1134.jpg 768w, https:\/\/urzadzeni.com\/wp-content\/uploads\/urzadzeni_realizacje_wieszczeszynski_4-1040x1536.jpg 1040w, https:\/\/urzadzeni.com\/wp-content\/uploads\/urzadzeni_realizacje_wieszczeszynski_4-430x635.jpg 430w, https:\/\/urzadzeni.com\/wp-content\/uploads\/urzadzeni_realizacje_wieszczeszynski_4-700x1033.jpg 700w, https:\/\/urzadzeni.com\/wp-content\/uploads\/urzadzeni_realizacje_wieszczeszynski_4-180x266.jpg 180w, https:\/\/urzadzeni.com\/wp-content\/uploads\/urzadzeni_realizacje_wieszczeszynski_4.jpg 1077w\" sizes=\"auto, (max-width: 542px) 100vw, 542px\" \/><\/figure>\n\n\n\n<figure class=\"wp-block-image size-large\"><img loading=\"lazy\" decoding=\"async\" width=\"1234\" height=\"800\" data-id=\"9912\" src=\"https:\/\/urzadzeni.com\/wp-content\/uploads\/urzadzeni_realizacje_wieszczeszynski_5-1234x800.jpg\" alt=\"\" class=\"wp-image-9912\" srcset=\"https:\/\/urzadzeni.com\/wp-content\/uploads\/urzadzeni_realizacje_wieszczeszynski_5-1234x800.jpg 1234w, https:\/\/urzadzeni.com\/wp-content\/uploads\/urzadzeni_realizacje_wieszczeszynski_5-400x259.jpg 400w, https:\/\/urzadzeni.com\/wp-content\/uploads\/urzadzeni_realizacje_wieszczeszynski_5-768x498.jpg 768w, https:\/\/urzadzeni.com\/wp-content\/uploads\/urzadzeni_realizacje_wieszczeszynski_5-1536x996.jpg 1536w, https:\/\/urzadzeni.com\/wp-content\/uploads\/urzadzeni_realizacje_wieszczeszynski_5-430x279.jpg 430w, https:\/\/urzadzeni.com\/wp-content\/uploads\/urzadzeni_realizacje_wieszczeszynski_5-700x454.jpg 700w, https:\/\/urzadzeni.com\/wp-content\/uploads\/urzadzeni_realizacje_wieszczeszynski_5-180x117.jpg 180w, https:\/\/urzadzeni.com\/wp-content\/uploads\/urzadzeni_realizacje_wieszczeszynski_5.jpg 1590w\" sizes=\"auto, (max-width: 1234px) 100vw, 1234px\" \/><\/figure>\n\n\n\n<figure class=\"wp-block-image size-large\"><img loading=\"lazy\" decoding=\"async\" width=\"547\" height=\"800\" data-id=\"9900\" src=\"https:\/\/urzadzeni.com\/wp-content\/uploads\/urzadzeni_realizacje_wieszczeszynski_6-547x800.jpg\" alt=\"\" class=\"wp-image-9900\" srcset=\"https:\/\/urzadzeni.com\/wp-content\/uploads\/urzadzeni_realizacje_wieszczeszynski_6-547x800.jpg 547w, https:\/\/urzadzeni.com\/wp-content\/uploads\/urzadzeni_realizacje_wieszczeszynski_6-205x300.jpg 205w, https:\/\/urzadzeni.com\/wp-content\/uploads\/urzadzeni_realizacje_wieszczeszynski_6-768x1122.jpg 768w, https:\/\/urzadzeni.com\/wp-content\/uploads\/urzadzeni_realizacje_wieszczeszynski_6-1051x1536.jpg 1051w, https:\/\/urzadzeni.com\/wp-content\/uploads\/urzadzeni_realizacje_wieszczeszynski_6-430x628.jpg 430w, https:\/\/urzadzeni.com\/wp-content\/uploads\/urzadzeni_realizacje_wieszczeszynski_6-700x1023.jpg 700w, https:\/\/urzadzeni.com\/wp-content\/uploads\/urzadzeni_realizacje_wieszczeszynski_6-180x263.jpg 180w, https:\/\/urzadzeni.com\/wp-content\/uploads\/urzadzeni_realizacje_wieszczeszynski_6.jpg 1088w\" sizes=\"auto, (max-width: 547px) 100vw, 547px\" \/><\/figure>\n\n\n\n<figure class=\"wp-block-image size-large\"><img loading=\"lazy\" decoding=\"async\" width=\"535\" height=\"800\" data-id=\"9908\" src=\"https:\/\/urzadzeni.com\/wp-content\/uploads\/urzadzeni_realizacje_wieszczeszynski_7-535x800.jpg\" alt=\"\" class=\"wp-image-9908\" srcset=\"https:\/\/urzadzeni.com\/wp-content\/uploads\/urzadzeni_realizacje_wieszczeszynski_7-535x800.jpg 535w, https:\/\/urzadzeni.com\/wp-content\/uploads\/urzadzeni_realizacje_wieszczeszynski_7-201x300.jpg 201w, https:\/\/urzadzeni.com\/wp-content\/uploads\/urzadzeni_realizacje_wieszczeszynski_7-768x1149.jpg 768w, https:\/\/urzadzeni.com\/wp-content\/uploads\/urzadzeni_realizacje_wieszczeszynski_7-1027x1536.jpg 1027w, https:\/\/urzadzeni.com\/wp-content\/uploads\/urzadzeni_realizacje_wieszczeszynski_7-430x643.jpg 430w, https:\/\/urzadzeni.com\/wp-content\/uploads\/urzadzeni_realizacje_wieszczeszynski_7-700x1047.jpg 700w, https:\/\/urzadzeni.com\/wp-content\/uploads\/urzadzeni_realizacje_wieszczeszynski_7-180x269.jpg 180w, https:\/\/urzadzeni.com\/wp-content\/uploads\/urzadzeni_realizacje_wieszczeszynski_7.jpg 1063w\" sizes=\"auto, (max-width: 535px) 100vw, 535px\" \/><\/figure>\n\n\n\n<figure class=\"wp-block-image size-large\"><img loading=\"lazy\" decoding=\"async\" width=\"1201\" height=\"800\" data-id=\"9904\" src=\"https:\/\/urzadzeni.com\/wp-content\/uploads\/urzadzeni_realizacje_wieszczeszynski_8-1201x800.jpg\" alt=\"\" class=\"wp-image-9904\" srcset=\"https:\/\/urzadzeni.com\/wp-content\/uploads\/urzadzeni_realizacje_wieszczeszynski_8-1201x800.jpg 1201w, https:\/\/urzadzeni.com\/wp-content\/uploads\/urzadzeni_realizacje_wieszczeszynski_8-400x266.jpg 400w, https:\/\/urzadzeni.com\/wp-content\/uploads\/urzadzeni_realizacje_wieszczeszynski_8-768x512.jpg 768w, https:\/\/urzadzeni.com\/wp-content\/uploads\/urzadzeni_realizacje_wieszczeszynski_8-1536x1023.jpg 1536w, https:\/\/urzadzeni.com\/wp-content\/uploads\/urzadzeni_realizacje_wieszczeszynski_8-430x286.jpg 430w, https:\/\/urzadzeni.com\/wp-content\/uploads\/urzadzeni_realizacje_wieszczeszynski_8-700x466.jpg 700w, https:\/\/urzadzeni.com\/wp-content\/uploads\/urzadzeni_realizacje_wieszczeszynski_8-180x120.jpg 180w, https:\/\/urzadzeni.com\/wp-content\/uploads\/urzadzeni_realizacje_wieszczeszynski_8.jpg 1590w\" sizes=\"auto, (max-width: 1201px) 100vw, 1201px\" \/><\/figure>\n\n\n\n<figure class=\"wp-block-image size-large\"><img loading=\"lazy\" decoding=\"async\" width=\"1201\" height=\"800\" data-id=\"9903\" src=\"https:\/\/urzadzeni.com\/wp-content\/uploads\/urzadzeni_realizacje_wieszczeszynski_9-1201x800.jpg\" alt=\"\" class=\"wp-image-9903\" srcset=\"https:\/\/urzadzeni.com\/wp-content\/uploads\/urzadzeni_realizacje_wieszczeszynski_9-1201x800.jpg 1201w, https:\/\/urzadzeni.com\/wp-content\/uploads\/urzadzeni_realizacje_wieszczeszynski_9-400x266.jpg 400w, https:\/\/urzadzeni.com\/wp-content\/uploads\/urzadzeni_realizacje_wieszczeszynski_9-768x512.jpg 768w, https:\/\/urzadzeni.com\/wp-content\/uploads\/urzadzeni_realizacje_wieszczeszynski_9-1536x1023.jpg 1536w, https:\/\/urzadzeni.com\/wp-content\/uploads\/urzadzeni_realizacje_wieszczeszynski_9-430x286.jpg 430w, https:\/\/urzadzeni.com\/wp-content\/uploads\/urzadzeni_realizacje_wieszczeszynski_9-700x466.jpg 700w, https:\/\/urzadzeni.com\/wp-content\/uploads\/urzadzeni_realizacje_wieszczeszynski_9-180x120.jpg 180w, https:\/\/urzadzeni.com\/wp-content\/uploads\/urzadzeni_realizacje_wieszczeszynski_9.jpg 1590w\" sizes=\"auto, (max-width: 1201px) 100vw, 1201px\" \/><\/figure>\n\n\n\n<figure class=\"wp-block-image size-large\"><img loading=\"lazy\" decoding=\"async\" width=\"1213\" height=\"800\" data-id=\"9913\" src=\"https:\/\/urzadzeni.com\/wp-content\/uploads\/urzadzeni_realizacje_wieszczeszynski_10-1213x800.jpg\" alt=\"\" class=\"wp-image-9913\" srcset=\"https:\/\/urzadzeni.com\/wp-content\/uploads\/urzadzeni_realizacje_wieszczeszynski_10-1213x800.jpg 1213w, https:\/\/urzadzeni.com\/wp-content\/uploads\/urzadzeni_realizacje_wieszczeszynski_10-400x264.jpg 400w, https:\/\/urzadzeni.com\/wp-content\/uploads\/urzadzeni_realizacje_wieszczeszynski_10-768x507.jpg 768w, https:\/\/urzadzeni.com\/wp-content\/uploads\/urzadzeni_realizacje_wieszczeszynski_10-1536x1013.jpg 1536w, https:\/\/urzadzeni.com\/wp-content\/uploads\/urzadzeni_realizacje_wieszczeszynski_10-430x284.jpg 430w, https:\/\/urzadzeni.com\/wp-content\/uploads\/urzadzeni_realizacje_wieszczeszynski_10-700x462.jpg 700w, https:\/\/urzadzeni.com\/wp-content\/uploads\/urzadzeni_realizacje_wieszczeszynski_10-180x119.jpg 180w, https:\/\/urzadzeni.com\/wp-content\/uploads\/urzadzeni_realizacje_wieszczeszynski_10.jpg 1590w\" sizes=\"auto, (max-width: 1213px) 100vw, 1213px\" \/><\/figure>\n\n\n\n<figure class=\"wp-block-image size-large\"><img loading=\"lazy\" decoding=\"async\" width=\"1208\" height=\"800\" data-id=\"9914\" src=\"https:\/\/urzadzeni.com\/wp-content\/uploads\/urzadzeni_realizacje_wieszczeszynski_11-1208x800.jpg\" alt=\"\" class=\"wp-image-9914\" srcset=\"https:\/\/urzadzeni.com\/wp-content\/uploads\/urzadzeni_realizacje_wieszczeszynski_11-1208x800.jpg 1208w, https:\/\/urzadzeni.com\/wp-content\/uploads\/urzadzeni_realizacje_wieszczeszynski_11-400x265.jpg 400w, https:\/\/urzadzeni.com\/wp-content\/uploads\/urzadzeni_realizacje_wieszczeszynski_11-768x509.jpg 768w, https:\/\/urzadzeni.com\/wp-content\/uploads\/urzadzeni_realizacje_wieszczeszynski_11-1536x1017.jpg 1536w, https:\/\/urzadzeni.com\/wp-content\/uploads\/urzadzeni_realizacje_wieszczeszynski_11-430x285.jpg 430w, https:\/\/urzadzeni.com\/wp-content\/uploads\/urzadzeni_realizacje_wieszczeszynski_11-700x464.jpg 700w, https:\/\/urzadzeni.com\/wp-content\/uploads\/urzadzeni_realizacje_wieszczeszynski_11-180x119.jpg 180w, https:\/\/urzadzeni.com\/wp-content\/uploads\/urzadzeni_realizacje_wieszczeszynski_11.jpg 1590w\" sizes=\"auto, (max-width: 1208px) 100vw, 1208px\" \/><\/figure>\n\n\n\n<figure class=\"wp-block-image size-large\"><img loading=\"lazy\" decoding=\"async\" width=\"1222\" height=\"800\" data-id=\"9907\" src=\"https:\/\/urzadzeni.com\/wp-content\/uploads\/urzadzeni_realizacje_wieszczeszynski_12-1222x800.jpg\" alt=\"\" class=\"wp-image-9907\" srcset=\"https:\/\/urzadzeni.com\/wp-content\/uploads\/urzadzeni_realizacje_wieszczeszynski_12-1222x800.jpg 1222w, https:\/\/urzadzeni.com\/wp-content\/uploads\/urzadzeni_realizacje_wieszczeszynski_12-400x262.jpg 400w, https:\/\/urzadzeni.com\/wp-content\/uploads\/urzadzeni_realizacje_wieszczeszynski_12-768x503.jpg 768w, https:\/\/urzadzeni.com\/wp-content\/uploads\/urzadzeni_realizacje_wieszczeszynski_12-1536x1006.jpg 1536w, https:\/\/urzadzeni.com\/wp-content\/uploads\/urzadzeni_realizacje_wieszczeszynski_12-430x282.jpg 430w, https:\/\/urzadzeni.com\/wp-content\/uploads\/urzadzeni_realizacje_wieszczeszynski_12-700x458.jpg 700w, https:\/\/urzadzeni.com\/wp-content\/uploads\/urzadzeni_realizacje_wieszczeszynski_12-180x118.jpg 180w, https:\/\/urzadzeni.com\/wp-content\/uploads\/urzadzeni_realizacje_wieszczeszynski_12.jpg 1590w\" sizes=\"auto, (max-width: 1222px) 100vw, 1222px\" \/><\/figure>\n\n\n\n<figure class=\"wp-block-image size-large\"><img loading=\"lazy\" decoding=\"async\" width=\"539\" height=\"800\" data-id=\"9911\" src=\"https:\/\/urzadzeni.com\/wp-content\/uploads\/urzadzeni_realizacje_wieszczeszynski_13-539x800.jpg\" alt=\"\" class=\"wp-image-9911\" srcset=\"https:\/\/urzadzeni.com\/wp-content\/uploads\/urzadzeni_realizacje_wieszczeszynski_13-539x800.jpg 539w, https:\/\/urzadzeni.com\/wp-content\/uploads\/urzadzeni_realizacje_wieszczeszynski_13-202x300.jpg 202w, https:\/\/urzadzeni.com\/wp-content\/uploads\/urzadzeni_realizacje_wieszczeszynski_13-768x1140.jpg 768w, https:\/\/urzadzeni.com\/wp-content\/uploads\/urzadzeni_realizacje_wieszczeszynski_13-1035x1536.jpg 1035w, https:\/\/urzadzeni.com\/wp-content\/uploads\/urzadzeni_realizacje_wieszczeszynski_13-430x638.jpg 430w, https:\/\/urzadzeni.com\/wp-content\/uploads\/urzadzeni_realizacje_wieszczeszynski_13-700x1039.jpg 700w, https:\/\/urzadzeni.com\/wp-content\/uploads\/urzadzeni_realizacje_wieszczeszynski_13-180x267.jpg 180w, https:\/\/urzadzeni.com\/wp-content\/uploads\/urzadzeni_realizacje_wieszczeszynski_13.jpg 1071w\" sizes=\"auto, (max-width: 539px) 100vw, 539px\" \/><\/figure>\n\n\n\n<figure class=\"wp-block-image size-large\"><img loading=\"lazy\" decoding=\"async\" width=\"526\" height=\"800\" data-id=\"9909\" src=\"https:\/\/urzadzeni.com\/wp-content\/uploads\/urzadzeni_realizacje_wieszczeszynski_14-526x800.jpg\" alt=\"\" class=\"wp-image-9909\" srcset=\"https:\/\/urzadzeni.com\/wp-content\/uploads\/urzadzeni_realizacje_wieszczeszynski_14-526x800.jpg 526w, https:\/\/urzadzeni.com\/wp-content\/uploads\/urzadzeni_realizacje_wieszczeszynski_14-197x300.jpg 197w, https:\/\/urzadzeni.com\/wp-content\/uploads\/urzadzeni_realizacje_wieszczeszynski_14-768x1167.jpg 768w, https:\/\/urzadzeni.com\/wp-content\/uploads\/urzadzeni_realizacje_wieszczeszynski_14-1010x1536.jpg 1010w, https:\/\/urzadzeni.com\/wp-content\/uploads\/urzadzeni_realizacje_wieszczeszynski_14-430x654.jpg 430w, https:\/\/urzadzeni.com\/wp-content\/uploads\/urzadzeni_realizacje_wieszczeszynski_14-700x1064.jpg 700w, https:\/\/urzadzeni.com\/wp-content\/uploads\/urzadzeni_realizacje_wieszczeszynski_14-180x274.jpg 180w, https:\/\/urzadzeni.com\/wp-content\/uploads\/urzadzeni_realizacje_wieszczeszynski_14.jpg 1046w\" sizes=\"auto, (max-width: 526px) 100vw, 526px\" \/><\/figure>\n\n\n\n<figure class=\"wp-block-image size-large\"><img loading=\"lazy\" decoding=\"async\" width=\"527\" height=\"800\" data-id=\"9910\" src=\"https:\/\/urzadzeni.com\/wp-content\/uploads\/urzadzeni_realizacje_wieszczeszynski_15-527x800.jpg\" alt=\"\" class=\"wp-image-9910\" srcset=\"https:\/\/urzadzeni.com\/wp-content\/uploads\/urzadzeni_realizacje_wieszczeszynski_15-527x800.jpg 527w, https:\/\/urzadzeni.com\/wp-content\/uploads\/urzadzeni_realizacje_wieszczeszynski_15-198x300.jpg 198w, https:\/\/urzadzeni.com\/wp-content\/uploads\/urzadzeni_realizacje_wieszczeszynski_15-768x1165.jpg 768w, https:\/\/urzadzeni.com\/wp-content\/uploads\/urzadzeni_realizacje_wieszczeszynski_15-1012x1536.jpg 1012w, https:\/\/urzadzeni.com\/wp-content\/uploads\/urzadzeni_realizacje_wieszczeszynski_15-430x652.jpg 430w, https:\/\/urzadzeni.com\/wp-content\/uploads\/urzadzeni_realizacje_wieszczeszynski_15-700x1062.jpg 700w, https:\/\/urzadzeni.com\/wp-content\/uploads\/urzadzeni_realizacje_wieszczeszynski_15-180x273.jpg 180w, https:\/\/urzadzeni.com\/wp-content\/uploads\/urzadzeni_realizacje_wieszczeszynski_15.jpg 1048w\" sizes=\"auto, (max-width: 527px) 100vw, 527px\" \/><\/figure>\n<\/figure>\n","protected":false},"excerpt":{"rendered":"","protected":false},"featured_media":9915,"menu_order":0,"comment_status":"closed","ping_status":"closed","template":"","project-cat":[49],"class_list":["post-10805","portfolio","type-portfolio","status-publish","has-post-thumbnail","hentry","project-cat-houses-flats"],"yoast_head":"<!-- This site is optimized with the Yoast SEO plugin v26.6 - https:\/\/yoast.com\/wordpress\/plugins\/seo\/ -->\n<title>Clean lines and space - Modern minimalism - Wyko\u0144czenie Dom\u00f3w i Ka\u017cdego Wn\u0119trza w Poznaniu | Urz\u0105dzeni<\/title>\n<meta name=\"description\" content=\"Nowoczesny minimalizm i czyste formy - projekt wn\u0119trza z Poznania. Odkryj eleganck\u0105 prostot\u0119 i funkcjonalno\u015b\u0107.\" \/>\n<meta name=\"robots\" content=\"index, follow, max-snippet:-1, max-image-preview:large, max-video-preview:-1\" \/>\n<link rel=\"canonical\" href=\"https:\/\/urzadzeni.com\/projects\/czyste-linie-i-przestrzen-nowoczesny-minimalizm\/\" \/>\n<meta property=\"og:locale\" content=\"en_US\" \/>\n<meta property=\"og:type\" content=\"article\" \/>\n<meta property=\"og:title\" content=\"Clean lines and space - Modern minimalism - Wyko\u0144czenie Dom\u00f3w i Ka\u017cdego Wn\u0119trza w Poznaniu | Urz\u0105dzeni\" \/>\n<meta property=\"og:description\" content=\"Nowoczesny minimalizm i czyste formy - projekt wn\u0119trza z Poznania. Odkryj eleganck\u0105 prostot\u0119 i funkcjonalno\u015b\u0107.\" \/>\n<meta property=\"og:url\" content=\"https:\/\/urzadzeni.com\/projects\/czyste-linie-i-przestrzen-nowoczesny-minimalizm\/\" \/>\n<meta property=\"og:site_name\" content=\"Wyko\u0144czenie Dom\u00f3w i Ka\u017cdego Wn\u0119trza w Poznaniu | Urz\u0105dzeni\" \/>\n<meta property=\"article:modified_time\" content=\"2025-12-25T14:35:59+00:00\" \/>\n<meta property=\"og:image\" content=\"https:\/\/urzadzeni.com\/wp-content\/uploads\/urzadzeni-realizacje-domy-mieszkania-wieszczeszynski-thumbnail.jpg\" \/>\n\t<meta property=\"og:image:width\" content=\"1209\" \/>\n\t<meta property=\"og:image:height\" content=\"886\" \/>\n\t<meta property=\"og:image:type\" content=\"image\/jpeg\" \/>\n<meta name=\"twitter:card\" content=\"summary_large_image\" \/>\n<script type=\"application\/ld+json\" class=\"yoast-schema-graph\">{\"@context\":\"https:\/\/schema.org\",\"@graph\":[{\"@type\":\"WebPage\",\"@id\":\"https:\/\/urzadzeni.com\/projects\/czyste-linie-i-przestrzen-nowoczesny-minimalizm\/\",\"url\":\"https:\/\/urzadzeni.com\/projects\/czyste-linie-i-przestrzen-nowoczesny-minimalizm\/\",\"name\":\"Clean lines and space - Modern minimalism - Wyko\u0144czenie Dom\u00f3w i Ka\u017cdego Wn\u0119trza w Poznaniu | Urz\u0105dzeni\",\"isPartOf\":{\"@id\":\"https:\/\/urzadzeni.com\/#website\"},\"primaryImageOfPage\":{\"@id\":\"https:\/\/urzadzeni.com\/projects\/czyste-linie-i-przestrzen-nowoczesny-minimalizm\/#primaryimage\"},\"image\":{\"@id\":\"https:\/\/urzadzeni.com\/projects\/czyste-linie-i-przestrzen-nowoczesny-minimalizm\/#primaryimage\"},\"thumbnailUrl\":\"https:\/\/urzadzeni.com\/wp-content\/uploads\/urzadzeni-realizacje-domy-mieszkania-wieszczeszynski-thumbnail.jpg\",\"datePublished\":\"2025-10-27T18:35:33+00:00\",\"dateModified\":\"2025-12-25T14:35:59+00:00\",\"description\":\"Nowoczesny minimalizm i czyste formy - projekt wn\u0119trza z Poznania. Odkryj eleganck\u0105 prostot\u0119 i funkcjonalno\u015b\u0107.\",\"breadcrumb\":{\"@id\":\"https:\/\/urzadzeni.com\/projects\/czyste-linie-i-przestrzen-nowoczesny-minimalizm\/#breadcrumb\"},\"inLanguage\":\"en-US\",\"potentialAction\":[{\"@type\":\"ReadAction\",\"target\":[\"https:\/\/urzadzeni.com\/projects\/czyste-linie-i-przestrzen-nowoczesny-minimalizm\/\"]}]},{\"@type\":\"ImageObject\",\"inLanguage\":\"en-US\",\"@id\":\"https:\/\/urzadzeni.com\/projects\/czyste-linie-i-przestrzen-nowoczesny-minimalizm\/#primaryimage\",\"url\":\"https:\/\/urzadzeni.com\/wp-content\/uploads\/urzadzeni-realizacje-domy-mieszkania-wieszczeszynski-thumbnail.jpg\",\"contentUrl\":\"https:\/\/urzadzeni.com\/wp-content\/uploads\/urzadzeni-realizacje-domy-mieszkania-wieszczeszynski-thumbnail.jpg\",\"width\":1209,\"height\":886},{\"@type\":\"BreadcrumbList\",\"@id\":\"https:\/\/urzadzeni.com\/projects\/czyste-linie-i-przestrzen-nowoczesny-minimalizm\/#breadcrumb\",\"itemListElement\":[{\"@type\":\"ListItem\",\"position\":1,\"name\":\"Strona g\u0142\u00f3wna\",\"item\":\"https:\/\/urzadzeni.com\/\"},{\"@type\":\"ListItem\",\"position\":2,\"name\":\"Portfolio\",\"item\":\"https:\/\/urzadzeni.com\/realizacje-was\/\"},{\"@type\":\"ListItem\",\"position\":3,\"name\":\"Clean lines and space &#8211; Modern minimalism\"}]},{\"@type\":\"WebSite\",\"@id\":\"https:\/\/urzadzeni.com\/#website\",\"url\":\"https:\/\/urzadzeni.com\/\",\"name\":\"Wyko\u0144czenie Dom\u00f3w i Ka\u017cdego Wn\u0119trza w Poznaniu | Urz\u0105dzeni\",\"description\":\"Urz\u0105dzeni\",\"potentialAction\":[{\"@type\":\"SearchAction\",\"target\":{\"@type\":\"EntryPoint\",\"urlTemplate\":\"https:\/\/urzadzeni.com\/?s={search_term_string}\"},\"query-input\":{\"@type\":\"PropertyValueSpecification\",\"valueRequired\":true,\"valueName\":\"search_term_string\"}}],\"inLanguage\":\"en-US\"}]}<\/script>\n<!-- \/ Yoast SEO plugin. -->","yoast_head_json":{"title":"Clean lines and space - Modern minimalism - Wyko\u0144czenie Dom\u00f3w i Ka\u017cdego Wn\u0119trza w Poznaniu | Urz\u0105dzeni","description":"Nowoczesny minimalizm i czyste formy - projekt wn\u0119trza z Poznania. Odkryj eleganck\u0105 prostot\u0119 i funkcjonalno\u015b\u0107.","robots":{"index":"index","follow":"follow","max-snippet":"max-snippet:-1","max-image-preview":"max-image-preview:large","max-video-preview":"max-video-preview:-1"},"canonical":"https:\/\/urzadzeni.com\/projects\/czyste-linie-i-przestrzen-nowoczesny-minimalizm\/","og_locale":"en_US","og_type":"article","og_title":"Clean lines and space - Modern minimalism - Wyko\u0144czenie Dom\u00f3w i Ka\u017cdego Wn\u0119trza w Poznaniu | Urz\u0105dzeni","og_description":"Nowoczesny minimalizm i czyste formy - projekt wn\u0119trza z Poznania. Odkryj eleganck\u0105 prostot\u0119 i funkcjonalno\u015b\u0107.","og_url":"https:\/\/urzadzeni.com\/projects\/czyste-linie-i-przestrzen-nowoczesny-minimalizm\/","og_site_name":"Wyko\u0144czenie Dom\u00f3w i Ka\u017cdego Wn\u0119trza w Poznaniu | Urz\u0105dzeni","article_modified_time":"2025-12-25T14:35:59+00:00","og_image":[{"width":1209,"height":886,"url":"https:\/\/urzadzeni.com\/wp-content\/uploads\/urzadzeni-realizacje-domy-mieszkania-wieszczeszynski-thumbnail.jpg","type":"image\/jpeg"}],"twitter_card":"summary_large_image","schema":{"@context":"https:\/\/schema.org","@graph":[{"@type":"WebPage","@id":"https:\/\/urzadzeni.com\/projects\/czyste-linie-i-przestrzen-nowoczesny-minimalizm\/","url":"https:\/\/urzadzeni.com\/projects\/czyste-linie-i-przestrzen-nowoczesny-minimalizm\/","name":"Clean lines and space - Modern minimalism - Wyko\u0144czenie Dom\u00f3w i Ka\u017cdego Wn\u0119trza w Poznaniu | Urz\u0105dzeni","isPartOf":{"@id":"https:\/\/urzadzeni.com\/#website"},"primaryImageOfPage":{"@id":"https:\/\/urzadzeni.com\/projects\/czyste-linie-i-przestrzen-nowoczesny-minimalizm\/#primaryimage"},"image":{"@id":"https:\/\/urzadzeni.com\/projects\/czyste-linie-i-przestrzen-nowoczesny-minimalizm\/#primaryimage"},"thumbnailUrl":"https:\/\/urzadzeni.com\/wp-content\/uploads\/urzadzeni-realizacje-domy-mieszkania-wieszczeszynski-thumbnail.jpg","datePublished":"2025-10-27T18:35:33+00:00","dateModified":"2025-12-25T14:35:59+00:00","description":"Nowoczesny minimalizm i czyste formy - projekt wn\u0119trza z Poznania. Odkryj eleganck\u0105 prostot\u0119 i funkcjonalno\u015b\u0107.","breadcrumb":{"@id":"https:\/\/urzadzeni.com\/projects\/czyste-linie-i-przestrzen-nowoczesny-minimalizm\/#breadcrumb"},"inLanguage":"en-US","potentialAction":[{"@type":"ReadAction","target":["https:\/\/urzadzeni.com\/projects\/czyste-linie-i-przestrzen-nowoczesny-minimalizm\/"]}]},{"@type":"ImageObject","inLanguage":"en-US","@id":"https:\/\/urzadzeni.com\/projects\/czyste-linie-i-przestrzen-nowoczesny-minimalizm\/#primaryimage","url":"https:\/\/urzadzeni.com\/wp-content\/uploads\/urzadzeni-realizacje-domy-mieszkania-wieszczeszynski-thumbnail.jpg","contentUrl":"https:\/\/urzadzeni.com\/wp-content\/uploads\/urzadzeni-realizacje-domy-mieszkania-wieszczeszynski-thumbnail.jpg","width":1209,"height":886},{"@type":"BreadcrumbList","@id":"https:\/\/urzadzeni.com\/projects\/czyste-linie-i-przestrzen-nowoczesny-minimalizm\/#breadcrumb","itemListElement":[{"@type":"ListItem","position":1,"name":"Strona g\u0142\u00f3wna","item":"https:\/\/urzadzeni.com\/"},{"@type":"ListItem","position":2,"name":"Portfolio","item":"https:\/\/urzadzeni.com\/realizacje-was\/"},{"@type":"ListItem","position":3,"name":"Clean lines and space &#8211; Modern minimalism"}]},{"@type":"WebSite","@id":"https:\/\/urzadzeni.com\/#website","url":"https:\/\/urzadzeni.com\/","name":"Wyko\u0144czenie Dom\u00f3w i Ka\u017cdego Wn\u0119trza w Poznaniu | Urz\u0105dzeni","description":"Urz\u0105dzeni","potentialAction":[{"@type":"SearchAction","target":{"@type":"EntryPoint","urlTemplate":"https:\/\/urzadzeni.com\/?s={search_term_string}"},"query-input":{"@type":"PropertyValueSpecification","valueRequired":true,"valueName":"search_term_string"}}],"inLanguage":"en-US"}]}},"_links":{"self":[{"href":"https:\/\/urzadzeni.com\/en\/wp-json\/wp\/v2\/portfolio\/10805","targetHints":{"allow":["GET"]}}],"collection":[{"href":"https:\/\/urzadzeni.com\/en\/wp-json\/wp\/v2\/portfolio"}],"about":[{"href":"https:\/\/urzadzeni.com\/en\/wp-json\/wp\/v2\/types\/portfolio"}],"replies":[{"embeddable":true,"href":"https:\/\/urzadzeni.com\/en\/wp-json\/wp\/v2\/comments?post=10805"}],"version-history":[{"count":2,"href":"https:\/\/urzadzeni.com\/en\/wp-json\/wp\/v2\/portfolio\/10805\/revisions"}],"predecessor-version":[{"id":10866,"href":"https:\/\/urzadzeni.com\/en\/wp-json\/wp\/v2\/portfolio\/10805\/revisions\/10866"}],"wp:featuredmedia":[{"embeddable":true,"href":"https:\/\/urzadzeni.com\/en\/wp-json\/wp\/v2\/media\/9915"}],"wp:attachment":[{"href":"https:\/\/urzadzeni.com\/en\/wp-json\/wp\/v2\/media?parent=10805"}],"wp:term":[{"taxonomy":"project-cat","embeddable":true,"href":"https:\/\/urzadzeni.com\/en\/wp-json\/wp\/v2\/project-cat?post=10805"}],"curies":[{"name":"wp","href":"https:\/\/api.w.org\/{rel}","templated":true}]}}