{"id":10802,"date":"2025-10-27T19:37:59","date_gmt":"2025-10-27T18:37:59","guid":{"rendered":"https:\/\/urzadzeni.com\/portfolio\/loft-2-apartment\/"},"modified":"2025-12-23T11:50:52","modified_gmt":"2025-12-23T10:50:52","slug":"loft-2-apartment","status":"publish","type":"portfolio","link":"https:\/\/urzadzeni.com\/en\/projects\/loft-2-apartment\/","title":{"rendered":"Loft 2 Apartment"},"content":{"rendered":"\n<figure class=\"wp-block-gallery has-nested-images columns-default is-cropped wp-block-gallery-1 is-layout-flex wp-block-gallery-is-layout-flex\"><\/figure>\n\n\n\n<figure class=\"wp-block-gallery has-nested-images columns-default is-cropped wp-block-gallery-2 is-layout-flex wp-block-gallery-is-layout-flex\">\n<figure class=\"wp-block-image size-large\"><img loading=\"lazy\" decoding=\"async\" width=\"1199\" height=\"800\" data-id=\"9924\" src=\"https:\/\/urzadzeni.com\/wp-content\/uploads\/urzadzeni_realizacje_dopiewo_1-1199x800.jpg\" alt=\"\" class=\"wp-image-9924\" srcset=\"https:\/\/urzadzeni.com\/wp-content\/uploads\/urzadzeni_realizacje_dopiewo_1-1199x800.jpg 1199w, https:\/\/urzadzeni.com\/wp-content\/uploads\/urzadzeni_realizacje_dopiewo_1-400x267.jpg 400w, https:\/\/urzadzeni.com\/wp-content\/uploads\/urzadzeni_realizacje_dopiewo_1-768x512.jpg 768w, https:\/\/urzadzeni.com\/wp-content\/uploads\/urzadzeni_realizacje_dopiewo_1-430x287.jpg 430w, https:\/\/urzadzeni.com\/wp-content\/uploads\/urzadzeni_realizacje_dopiewo_1-700x467.jpg 700w, https:\/\/urzadzeni.com\/wp-content\/uploads\/urzadzeni_realizacje_dopiewo_1-180x120.jpg 180w, https:\/\/urzadzeni.com\/wp-content\/uploads\/urzadzeni_realizacje_dopiewo_1.jpg 1484w\" sizes=\"auto, (max-width: 1199px) 100vw, 1199px\" \/><\/figure>\n\n\n\n<figure class=\"wp-block-image size-large\"><img loading=\"lazy\" decoding=\"async\" width=\"534\" height=\"800\" data-id=\"9925\" src=\"https:\/\/urzadzeni.com\/wp-content\/uploads\/urzadzeni_realizacje_dopiewo_2-534x800.jpg\" alt=\"\" class=\"wp-image-9925\" srcset=\"https:\/\/urzadzeni.com\/wp-content\/uploads\/urzadzeni_realizacje_dopiewo_2-534x800.jpg 534w, https:\/\/urzadzeni.com\/wp-content\/uploads\/urzadzeni_realizacje_dopiewo_2-200x300.jpg 200w, https:\/\/urzadzeni.com\/wp-content\/uploads\/urzadzeni_realizacje_dopiewo_2-768x1151.jpg 768w, https:\/\/urzadzeni.com\/wp-content\/uploads\/urzadzeni_realizacje_dopiewo_2-430x645.jpg 430w, https:\/\/urzadzeni.com\/wp-content\/uploads\/urzadzeni_realizacje_dopiewo_2-700x1049.jpg 700w, https:\/\/urzadzeni.com\/wp-content\/uploads\/urzadzeni_realizacje_dopiewo_2-180x270.jpg 180w, https:\/\/urzadzeni.com\/wp-content\/uploads\/urzadzeni_realizacje_dopiewo_2.jpg 990w\" sizes=\"auto, (max-width: 534px) 100vw, 534px\" \/><\/figure>\n\n\n\n<figure class=\"wp-block-image size-large\"><img loading=\"lazy\" decoding=\"async\" width=\"1199\" height=\"800\" data-id=\"9922\" src=\"https:\/\/urzadzeni.com\/wp-content\/uploads\/urzadzeni_realizacje_dopiewo_3-1199x800.jpg\" alt=\"\" class=\"wp-image-9922\" srcset=\"https:\/\/urzadzeni.com\/wp-content\/uploads\/urzadzeni_realizacje_dopiewo_3-1199x800.jpg 1199w, https:\/\/urzadzeni.com\/wp-content\/uploads\/urzadzeni_realizacje_dopiewo_3-400x267.jpg 400w, https:\/\/urzadzeni.com\/wp-content\/uploads\/urzadzeni_realizacje_dopiewo_3-768x512.jpg 768w, https:\/\/urzadzeni.com\/wp-content\/uploads\/urzadzeni_realizacje_dopiewo_3-430x287.jpg 430w, https:\/\/urzadzeni.com\/wp-content\/uploads\/urzadzeni_realizacje_dopiewo_3-700x467.jpg 700w, https:\/\/urzadzeni.com\/wp-content\/uploads\/urzadzeni_realizacje_dopiewo_3-180x120.jpg 180w, https:\/\/urzadzeni.com\/wp-content\/uploads\/urzadzeni_realizacje_dopiewo_3.jpg 1484w\" sizes=\"auto, (max-width: 1199px) 100vw, 1199px\" \/><\/figure>\n\n\n\n<figure class=\"wp-block-image size-large\"><img loading=\"lazy\" decoding=\"async\" width=\"534\" height=\"800\" data-id=\"9918\" src=\"https:\/\/urzadzeni.com\/wp-content\/uploads\/urzadzeni_realizacje_dopiewo_4-534x800.jpg\" alt=\"\" class=\"wp-image-9918\" srcset=\"https:\/\/urzadzeni.com\/wp-content\/uploads\/urzadzeni_realizacje_dopiewo_4-534x800.jpg 534w, https:\/\/urzadzeni.com\/wp-content\/uploads\/urzadzeni_realizacje_dopiewo_4-200x300.jpg 200w, https:\/\/urzadzeni.com\/wp-content\/uploads\/urzadzeni_realizacje_dopiewo_4-768x1151.jpg 768w, https:\/\/urzadzeni.com\/wp-content\/uploads\/urzadzeni_realizacje_dopiewo_4-430x645.jpg 430w, https:\/\/urzadzeni.com\/wp-content\/uploads\/urzadzeni_realizacje_dopiewo_4-700x1049.jpg 700w, https:\/\/urzadzeni.com\/wp-content\/uploads\/urzadzeni_realizacje_dopiewo_4-180x270.jpg 180w, https:\/\/urzadzeni.com\/wp-content\/uploads\/urzadzeni_realizacje_dopiewo_4.jpg 990w\" sizes=\"auto, (max-width: 534px) 100vw, 534px\" \/><\/figure>\n\n\n\n<figure class=\"wp-block-image size-large\"><img loading=\"lazy\" decoding=\"async\" width=\"534\" height=\"800\" data-id=\"9919\" src=\"https:\/\/urzadzeni.com\/wp-content\/uploads\/urzadzeni_realizacje_dopiewo_5-534x800.jpg\" alt=\"\" class=\"wp-image-9919\" srcset=\"https:\/\/urzadzeni.com\/wp-content\/uploads\/urzadzeni_realizacje_dopiewo_5-534x800.jpg 534w, https:\/\/urzadzeni.com\/wp-content\/uploads\/urzadzeni_realizacje_dopiewo_5-200x300.jpg 200w, https:\/\/urzadzeni.com\/wp-content\/uploads\/urzadzeni_realizacje_dopiewo_5-768x1151.jpg 768w, https:\/\/urzadzeni.com\/wp-content\/uploads\/urzadzeni_realizacje_dopiewo_5-430x645.jpg 430w, https:\/\/urzadzeni.com\/wp-content\/uploads\/urzadzeni_realizacje_dopiewo_5-700x1049.jpg 700w, https:\/\/urzadzeni.com\/wp-content\/uploads\/urzadzeni_realizacje_dopiewo_5-180x270.jpg 180w, https:\/\/urzadzeni.com\/wp-content\/uploads\/urzadzeni_realizacje_dopiewo_5.jpg 990w\" sizes=\"auto, (max-width: 534px) 100vw, 534px\" \/><\/figure>\n\n\n\n<figure class=\"wp-block-image size-large\"><img loading=\"lazy\" decoding=\"async\" width=\"534\" height=\"800\" data-id=\"9920\" src=\"https:\/\/urzadzeni.com\/wp-content\/uploads\/urzadzeni_realizacje_dopiewo_6-534x800.jpg\" alt=\"\" class=\"wp-image-9920\" srcset=\"https:\/\/urzadzeni.com\/wp-content\/uploads\/urzadzeni_realizacje_dopiewo_6-534x800.jpg 534w, https:\/\/urzadzeni.com\/wp-content\/uploads\/urzadzeni_realizacje_dopiewo_6-200x300.jpg 200w, https:\/\/urzadzeni.com\/wp-content\/uploads\/urzadzeni_realizacje_dopiewo_6-768x1151.jpg 768w, https:\/\/urzadzeni.com\/wp-content\/uploads\/urzadzeni_realizacje_dopiewo_6-430x645.jpg 430w, https:\/\/urzadzeni.com\/wp-content\/uploads\/urzadzeni_realizacje_dopiewo_6-700x1049.jpg 700w, https:\/\/urzadzeni.com\/wp-content\/uploads\/urzadzeni_realizacje_dopiewo_6-180x270.jpg 180w, https:\/\/urzadzeni.com\/wp-content\/uploads\/urzadzeni_realizacje_dopiewo_6.jpg 990w\" sizes=\"auto, (max-width: 534px) 100vw, 534px\" \/><\/figure>\n\n\n\n<figure class=\"wp-block-image size-large\"><img loading=\"lazy\" decoding=\"async\" width=\"534\" height=\"800\" data-id=\"9921\" src=\"https:\/\/urzadzeni.com\/wp-content\/uploads\/urzadzeni_realizacje_dopiewo_7-534x800.jpg\" alt=\"\" class=\"wp-image-9921\" srcset=\"https:\/\/urzadzeni.com\/wp-content\/uploads\/urzadzeni_realizacje_dopiewo_7-534x800.jpg 534w, https:\/\/urzadzeni.com\/wp-content\/uploads\/urzadzeni_realizacje_dopiewo_7-200x300.jpg 200w, https:\/\/urzadzeni.com\/wp-content\/uploads\/urzadzeni_realizacje_dopiewo_7-768x1151.jpg 768w, https:\/\/urzadzeni.com\/wp-content\/uploads\/urzadzeni_realizacje_dopiewo_7-430x645.jpg 430w, https:\/\/urzadzeni.com\/wp-content\/uploads\/urzadzeni_realizacje_dopiewo_7-700x1049.jpg 700w, https:\/\/urzadzeni.com\/wp-content\/uploads\/urzadzeni_realizacje_dopiewo_7-180x270.jpg 180w, https:\/\/urzadzeni.com\/wp-content\/uploads\/urzadzeni_realizacje_dopiewo_7.jpg 990w\" sizes=\"auto, (max-width: 534px) 100vw, 534px\" \/><\/figure>\n\n\n\n<figure class=\"wp-block-image size-large\"><img loading=\"lazy\" decoding=\"async\" width=\"534\" height=\"800\" data-id=\"9923\" src=\"https:\/\/urzadzeni.com\/wp-content\/uploads\/urzadzeni_realizacje_dopiewo_8-534x800.jpg\" alt=\"\" class=\"wp-image-9923\" srcset=\"https:\/\/urzadzeni.com\/wp-content\/uploads\/urzadzeni_realizacje_dopiewo_8-534x800.jpg 534w, https:\/\/urzadzeni.com\/wp-content\/uploads\/urzadzeni_realizacje_dopiewo_8-200x300.jpg 200w, https:\/\/urzadzeni.com\/wp-content\/uploads\/urzadzeni_realizacje_dopiewo_8-768x1151.jpg 768w, https:\/\/urzadzeni.com\/wp-content\/uploads\/urzadzeni_realizacje_dopiewo_8-430x645.jpg 430w, https:\/\/urzadzeni.com\/wp-content\/uploads\/urzadzeni_realizacje_dopiewo_8-700x1049.jpg 700w, https:\/\/urzadzeni.com\/wp-content\/uploads\/urzadzeni_realizacje_dopiewo_8-180x270.jpg 180w, https:\/\/urzadzeni.com\/wp-content\/uploads\/urzadzeni_realizacje_dopiewo_8.jpg 990w\" sizes=\"auto, (max-width: 534px) 100vw, 534px\" \/><\/figure>\n\n\n\n<figure class=\"wp-block-image size-large\"><img loading=\"lazy\" decoding=\"async\" width=\"534\" height=\"800\" data-id=\"9926\" src=\"https:\/\/urzadzeni.com\/wp-content\/uploads\/urzadzeni_realizacje_dopiewo_9-534x800.jpg\" alt=\"\" class=\"wp-image-9926\" srcset=\"https:\/\/urzadzeni.com\/wp-content\/uploads\/urzadzeni_realizacje_dopiewo_9-534x800.jpg 534w, https:\/\/urzadzeni.com\/wp-content\/uploads\/urzadzeni_realizacje_dopiewo_9-200x300.jpg 200w, https:\/\/urzadzeni.com\/wp-content\/uploads\/urzadzeni_realizacje_dopiewo_9-768x1151.jpg 768w, https:\/\/urzadzeni.com\/wp-content\/uploads\/urzadzeni_realizacje_dopiewo_9-430x645.jpg 430w, https:\/\/urzadzeni.com\/wp-content\/uploads\/urzadzeni_realizacje_dopiewo_9-700x1049.jpg 700w, https:\/\/urzadzeni.com\/wp-content\/uploads\/urzadzeni_realizacje_dopiewo_9-180x270.jpg 180w, https:\/\/urzadzeni.com\/wp-content\/uploads\/urzadzeni_realizacje_dopiewo_9.jpg 990w\" sizes=\"auto, (max-width: 534px) 100vw, 534px\" \/><\/figure>\n<\/figure>\n\n\n\n<p><\/p>\n","protected":false},"excerpt":{"rendered":"","protected":false},"featured_media":9927,"menu_order":0,"comment_status":"closed","ping_status":"closed","template":"","project-cat":[49],"class_list":["post-10802","portfolio","type-portfolio","status-publish","has-post-thumbnail","hentry","project-cat-houses-flats"],"yoast_head":"<!-- This site is optimized with the Yoast SEO plugin v26.6 - https:\/\/yoast.com\/wordpress\/plugins\/seo\/ -->\n<title>Loft 2 Apartment - Wyko\u0144czenie Dom\u00f3w i Ka\u017cdego Wn\u0119trza w Poznaniu | Urz\u0105dzeni<\/title>\n<meta name=\"description\" content=\"A modern loft with an industrial character \u2013 a project from Pozna\u0144. Discover stylish, functional solutions for your flat.\" \/>\n<meta name=\"robots\" content=\"index, follow, max-snippet:-1, max-image-preview:large, max-video-preview:-1\" \/>\n<link rel=\"canonical\" href=\"https:\/\/urzadzeni.com\/en\/projects\/loft-2-apartment\/\" \/>\n<meta property=\"og:locale\" content=\"en_US\" \/>\n<meta property=\"og:type\" content=\"article\" \/>\n<meta property=\"og:title\" content=\"Loft 2 Apartment - Wyko\u0144czenie Dom\u00f3w i Ka\u017cdego Wn\u0119trza w Poznaniu | Urz\u0105dzeni\" \/>\n<meta property=\"og:description\" content=\"A modern loft with an industrial character \u2013 a project from Pozna\u0144. Discover stylish, functional solutions for your flat.\" \/>\n<meta property=\"og:url\" content=\"https:\/\/urzadzeni.com\/en\/projects\/loft-2-apartment\/\" \/>\n<meta property=\"og:site_name\" content=\"Wyko\u0144czenie Dom\u00f3w i Ka\u017cdego Wn\u0119trza w Poznaniu | Urz\u0105dzeni\" \/>\n<meta property=\"article:modified_time\" content=\"2025-12-23T10:50:52+00:00\" \/>\n<meta property=\"og:image\" content=\"https:\/\/urzadzeni.com\/wp-content\/uploads\/urzadzeni-realizacje-domy-mieszkania-dopiewo-thumbnail.jpg\" \/>\n\t<meta property=\"og:image:width\" content=\"1209\" \/>\n\t<meta property=\"og:image:height\" content=\"886\" \/>\n\t<meta property=\"og:image:type\" content=\"image\/jpeg\" \/>\n<meta name=\"twitter:card\" content=\"summary_large_image\" \/>\n<script type=\"application\/ld+json\" class=\"yoast-schema-graph\">{\"@context\":\"https:\/\/schema.org\",\"@graph\":[{\"@type\":\"WebPage\",\"@id\":\"https:\/\/urzadzeni.com\/en\/projects\/loft-2-apartment\/\",\"url\":\"https:\/\/urzadzeni.com\/en\/projects\/loft-2-apartment\/\",\"name\":\"Loft 2 Apartment - Wyko\u0144czenie Dom\u00f3w i Ka\u017cdego Wn\u0119trza w Poznaniu | Urz\u0105dzeni\",\"isPartOf\":{\"@id\":\"https:\/\/urzadzeni.com\/#website\"},\"primaryImageOfPage\":{\"@id\":\"https:\/\/urzadzeni.com\/en\/projects\/loft-2-apartment\/#primaryimage\"},\"image\":{\"@id\":\"https:\/\/urzadzeni.com\/en\/projects\/loft-2-apartment\/#primaryimage\"},\"thumbnailUrl\":\"https:\/\/urzadzeni.com\/wp-content\/uploads\/urzadzeni-realizacje-domy-mieszkania-dopiewo-thumbnail.jpg\",\"datePublished\":\"2025-10-27T18:37:59+00:00\",\"dateModified\":\"2025-12-23T10:50:52+00:00\",\"description\":\"A modern loft with an industrial character \u2013 a project from Pozna\u0144. Discover stylish, functional solutions for your flat.\",\"breadcrumb\":{\"@id\":\"https:\/\/urzadzeni.com\/en\/projects\/loft-2-apartment\/#breadcrumb\"},\"inLanguage\":\"en-US\",\"potentialAction\":[{\"@type\":\"ReadAction\",\"target\":[\"https:\/\/urzadzeni.com\/en\/projects\/loft-2-apartment\/\"]}]},{\"@type\":\"ImageObject\",\"inLanguage\":\"en-US\",\"@id\":\"https:\/\/urzadzeni.com\/en\/projects\/loft-2-apartment\/#primaryimage\",\"url\":\"https:\/\/urzadzeni.com\/wp-content\/uploads\/urzadzeni-realizacje-domy-mieszkania-dopiewo-thumbnail.jpg\",\"contentUrl\":\"https:\/\/urzadzeni.com\/wp-content\/uploads\/urzadzeni-realizacje-domy-mieszkania-dopiewo-thumbnail.jpg\",\"width\":1209,\"height\":886},{\"@type\":\"BreadcrumbList\",\"@id\":\"https:\/\/urzadzeni.com\/en\/projects\/loft-2-apartment\/#breadcrumb\",\"itemListElement\":[{\"@type\":\"ListItem\",\"position\":1,\"name\":\"Strona g\u0142\u00f3wna\",\"item\":\"https:\/\/urzadzeni.com\/\"},{\"@type\":\"ListItem\",\"position\":2,\"name\":\"Portfolio\",\"item\":\"https:\/\/urzadzeni.com\/realizacje-was\/\"},{\"@type\":\"ListItem\",\"position\":3,\"name\":\"Loft 2 Apartment\"}]},{\"@type\":\"WebSite\",\"@id\":\"https:\/\/urzadzeni.com\/#website\",\"url\":\"https:\/\/urzadzeni.com\/\",\"name\":\"Wyko\u0144czenie Dom\u00f3w i Ka\u017cdego Wn\u0119trza w Poznaniu | Urz\u0105dzeni\",\"description\":\"Urz\u0105dzeni\",\"potentialAction\":[{\"@type\":\"SearchAction\",\"target\":{\"@type\":\"EntryPoint\",\"urlTemplate\":\"https:\/\/urzadzeni.com\/?s={search_term_string}\"},\"query-input\":{\"@type\":\"PropertyValueSpecification\",\"valueRequired\":true,\"valueName\":\"search_term_string\"}}],\"inLanguage\":\"en-US\"}]}<\/script>\n<!-- \/ Yoast SEO plugin. -->","yoast_head_json":{"title":"Loft 2 Apartment - Wyko\u0144czenie Dom\u00f3w i Ka\u017cdego Wn\u0119trza w Poznaniu | Urz\u0105dzeni","description":"A modern loft with an industrial character \u2013 a project from Pozna\u0144. Discover stylish, functional solutions for your flat.","robots":{"index":"index","follow":"follow","max-snippet":"max-snippet:-1","max-image-preview":"max-image-preview:large","max-video-preview":"max-video-preview:-1"},"canonical":"https:\/\/urzadzeni.com\/en\/projects\/loft-2-apartment\/","og_locale":"en_US","og_type":"article","og_title":"Loft 2 Apartment - Wyko\u0144czenie Dom\u00f3w i Ka\u017cdego Wn\u0119trza w Poznaniu | Urz\u0105dzeni","og_description":"A modern loft with an industrial character \u2013 a project from Pozna\u0144. Discover stylish, functional solutions for your flat.","og_url":"https:\/\/urzadzeni.com\/en\/projects\/loft-2-apartment\/","og_site_name":"Wyko\u0144czenie Dom\u00f3w i Ka\u017cdego Wn\u0119trza w Poznaniu | Urz\u0105dzeni","article_modified_time":"2025-12-23T10:50:52+00:00","og_image":[{"width":1209,"height":886,"url":"https:\/\/urzadzeni.com\/wp-content\/uploads\/urzadzeni-realizacje-domy-mieszkania-dopiewo-thumbnail.jpg","type":"image\/jpeg"}],"twitter_card":"summary_large_image","schema":{"@context":"https:\/\/schema.org","@graph":[{"@type":"WebPage","@id":"https:\/\/urzadzeni.com\/en\/projects\/loft-2-apartment\/","url":"https:\/\/urzadzeni.com\/en\/projects\/loft-2-apartment\/","name":"Loft 2 Apartment - Wyko\u0144czenie Dom\u00f3w i Ka\u017cdego Wn\u0119trza w Poznaniu | Urz\u0105dzeni","isPartOf":{"@id":"https:\/\/urzadzeni.com\/#website"},"primaryImageOfPage":{"@id":"https:\/\/urzadzeni.com\/en\/projects\/loft-2-apartment\/#primaryimage"},"image":{"@id":"https:\/\/urzadzeni.com\/en\/projects\/loft-2-apartment\/#primaryimage"},"thumbnailUrl":"https:\/\/urzadzeni.com\/wp-content\/uploads\/urzadzeni-realizacje-domy-mieszkania-dopiewo-thumbnail.jpg","datePublished":"2025-10-27T18:37:59+00:00","dateModified":"2025-12-23T10:50:52+00:00","description":"A modern loft with an industrial character \u2013 a project from Pozna\u0144. Discover stylish, functional solutions for your flat.","breadcrumb":{"@id":"https:\/\/urzadzeni.com\/en\/projects\/loft-2-apartment\/#breadcrumb"},"inLanguage":"en-US","potentialAction":[{"@type":"ReadAction","target":["https:\/\/urzadzeni.com\/en\/projects\/loft-2-apartment\/"]}]},{"@type":"ImageObject","inLanguage":"en-US","@id":"https:\/\/urzadzeni.com\/en\/projects\/loft-2-apartment\/#primaryimage","url":"https:\/\/urzadzeni.com\/wp-content\/uploads\/urzadzeni-realizacje-domy-mieszkania-dopiewo-thumbnail.jpg","contentUrl":"https:\/\/urzadzeni.com\/wp-content\/uploads\/urzadzeni-realizacje-domy-mieszkania-dopiewo-thumbnail.jpg","width":1209,"height":886},{"@type":"BreadcrumbList","@id":"https:\/\/urzadzeni.com\/en\/projects\/loft-2-apartment\/#breadcrumb","itemListElement":[{"@type":"ListItem","position":1,"name":"Strona g\u0142\u00f3wna","item":"https:\/\/urzadzeni.com\/"},{"@type":"ListItem","position":2,"name":"Portfolio","item":"https:\/\/urzadzeni.com\/realizacje-was\/"},{"@type":"ListItem","position":3,"name":"Loft 2 Apartment"}]},{"@type":"WebSite","@id":"https:\/\/urzadzeni.com\/#website","url":"https:\/\/urzadzeni.com\/","name":"Wyko\u0144czenie Dom\u00f3w i Ka\u017cdego Wn\u0119trza w Poznaniu | Urz\u0105dzeni","description":"Urz\u0105dzeni","potentialAction":[{"@type":"SearchAction","target":{"@type":"EntryPoint","urlTemplate":"https:\/\/urzadzeni.com\/?s={search_term_string}"},"query-input":{"@type":"PropertyValueSpecification","valueRequired":true,"valueName":"search_term_string"}}],"inLanguage":"en-US"}]}},"_links":{"self":[{"href":"https:\/\/urzadzeni.com\/en\/wp-json\/wp\/v2\/portfolio\/10802","targetHints":{"allow":["GET"]}}],"collection":[{"href":"https:\/\/urzadzeni.com\/en\/wp-json\/wp\/v2\/portfolio"}],"about":[{"href":"https:\/\/urzadzeni.com\/en\/wp-json\/wp\/v2\/types\/portfolio"}],"replies":[{"embeddable":true,"href":"https:\/\/urzadzeni.com\/en\/wp-json\/wp\/v2\/comments?post=10802"}],"version-history":[{"count":1,"href":"https:\/\/urzadzeni.com\/en\/wp-json\/wp\/v2\/portfolio\/10802\/revisions"}],"predecessor-version":[{"id":10804,"href":"https:\/\/urzadzeni.com\/en\/wp-json\/wp\/v2\/portfolio\/10802\/revisions\/10804"}],"wp:featuredmedia":[{"embeddable":true,"href":"https:\/\/urzadzeni.com\/en\/wp-json\/wp\/v2\/media\/9927"}],"wp:attachment":[{"href":"https:\/\/urzadzeni.com\/en\/wp-json\/wp\/v2\/media?parent=10802"}],"wp:term":[{"taxonomy":"project-cat","embeddable":true,"href":"https:\/\/urzadzeni.com\/en\/wp-json\/wp\/v2\/project-cat?post=10802"}],"curies":[{"name":"wp","href":"https:\/\/api.w.org\/{rel}","templated":true}]}}